{"articles":[{"classes":["outercol"],"isFavourite":false,"isExternalUrl":{"articleLink":false},"articleListButtonsData":{"buttonsList":[{"label":"Les mer","url":"\/attraksjoner\/nasjonal-turistveg-andoya-arctic-north-adventures","type":"readmore"},{"label":"Booking","url":"https:\/\/booking.visitvesteralen.com\/nb\/bestill\/se-gjore\/2736860\/utforsk-nasjonal-turistveg-and%C3%B8ya-med-arctic-north-adventure\/showdetails","type":"booking"}],"mode":"default"},"favouriteType":null,"mnu":null,"section":null,"displayId":true,"docId":5971,"identifier":"5971Article","docType":"Article","customDate":false,"teaserData":{"teaserText":"Nasjonal turistveg","mode":"default"},"content":{"teaser":"Nasjonal turistveg","intro":"Utforsk Nasjonal turistveg And\u00f8ya, en av Norges mest fantastiske kystruter, p\u00e5 en privat guidet tur fra Sortland. Opplev dyrelivet, dramatisk natur, hvite sandstrender og det ikoniske Andenes Fyr."},"titles":{"main":"Utforsk Nasjonal turistveg And\u00f8ya - Arctic North Adventures","readMoreButton":"Les mer"},"urls":{"readMore":"\/attraksjoner\/nasjonal-turistveg-andoya-arctic-north-adventures","booking":"https:\/\/booking.visitvesteralen.com\/nb\/bestill\/se-gjore\/2736860\/utforsk-nasjonal-turistveg-and%C3%B8ya-med-arctic-north-adventure\/showdetails"},"created":{"date":"03.06.2025","time":"09:51","timestamp":1748937060},"introAllowHtml":false,"hasTicket":false,"extra":{"cbis-activity-product-id":"","cbis-show-in-slideshow":null},"hasReadMore":true,"media":{"imageData":{"path":"\/sites\/v\/visitvesteralen.com\/files\/2025\/06\/andenes_ligthhouse_alex_robins-1.jpg","width":3000,"height":2000,"aspectRatio":1.5},"previewImageUrl":"\/sites\/v\/visitvesteralen.com\/files\/2025\/06\/andenes_ligthhouse_alex_robins-1.jpg?cropToFit=100x77&quality=50","imageVariants":[{"path":"\/sites\/v\/visitvesteralen.com\/files\/2025\/06\/andenes_ligthhouse_alex_robins-1.jpg?cropToFit=100x77&quality=75","width":100,"height":77,"aspectRatio":1.2987012987012987},{"path":"\/sites\/v\/visitvesteralen.com\/files\/2025\/06\/andenes_ligthhouse_alex_robins-1.jpg?cropToFit=200x154&quality=75","width":200,"height":154,"aspectRatio":1.2987012987012987},{"path":"\/sites\/v\/visitvesteralen.com\/files\/2025\/06\/andenes_ligthhouse_alex_robins-1.jpg?cropToFit=400x308&quality=75","width":400,"height":308,"aspectRatio":1.2987012987012987},{"path":"\/sites\/v\/visitvesteralen.com\/files\/2025\/06\/andenes_ligthhouse_alex_robins-1.jpg?cropToFit=600x462&quality=75","width":600,"height":462,"aspectRatio":1.2987012987012987},{"path":"\/sites\/v\/visitvesteralen.com\/files\/2025\/06\/andenes_ligthhouse_alex_robins-1.jpg?cropToFit=800x615&quality=75","width":800,"height":615,"aspectRatio":1.3008130081300813},{"path":"\/sites\/v\/visitvesteralen.com\/files\/2025\/06\/andenes_ligthhouse_alex_robins-1.jpg?cropToFit=1000x769&quality=75","width":1000,"height":769,"aspectRatio":1.3003901170351104},{"path":"\/sites\/v\/visitvesteralen.com\/files\/2025\/06\/andenes_ligthhouse_alex_robins-1.jpg?cropToFit=1200x923&quality=75","width":1200,"height":923,"aspectRatio":1.3001083423618636}],"image":"\/sites\/v\/visitvesteralen.com\/files\/2025\/06\/andenes_ligthhouse_alex_robins-1.jpg","aspect":1.2987012987012987,"type":"image","description":"Andenes Fyr"},"additionalData":[]},{"classes":["outercol"],"isFavourite":false,"isExternalUrl":{"articleLink":false},"articleListButtonsData":{"buttonsList":[{"label":"Les mer","url":"\/attraksjoner\/hurtigrutemuseet","type":"readmore"},{"label":"Booking","url":"https:\/\/booking.visitvesteralen.com\/nb\/bestill\/se-gjore\/2503347\/hurtigrutemuseet-inngangsbilletter\/showdetails","type":"booking"}],"mode":"default"},"favouriteType":null,"mnu":null,"section":null,"displayId":true,"docId":951,"identifier":"951Article","docType":"Article","customDate":false,"teaserData":{"teaserText":"Museum","mode":"default"},"content":{"teaser":"Museum","intro":"Besetningen p\u00e5 Hurtigrutemuseet gleder seg til \u00e5 ta imot sine egne reisende. Store opplevelser for voksne og barn, og gamle og nye venner av hurtigruta. Sett av god tid og bli med p\u00e5 en reise gjennom hurtigrutas historie p\u00e5 nytenkende og spennende m\u00e5ter."},"titles":{"main":"Hurtigrutemuseet - Museum Nord","readMoreButton":"Les mer"},"urls":{"readMore":"\/attraksjoner\/hurtigrutemuseet","booking":"https:\/\/booking.visitvesteralen.com\/nb\/bestill\/se-gjore\/2503347\/hurtigrutemuseet-inngangsbilletter\/showdetails"},"created":{"date":"18.12.2020","time":"13:53","timestamp":1608295980},"introAllowHtml":false,"hasTicket":false,"extra":{"cbis-activity-product-id":"","cbis-show-in-slideshow":null},"hasReadMore":true,"media":{"imageData":{"path":"\/sites\/v\/visitvesteralen.com\/files\/overbygg-og-skulpturlandskap_eirik_linder_aspelund.jpg","width":1500,"height":1000,"aspectRatio":1.5},"previewImageUrl":"\/sites\/v\/visitvesteralen.com\/files\/overbygg-og-skulpturlandskap_eirik_linder_aspelund.jpg?cropToFit=100x77&quality=50","imageVariants":[{"path":"\/sites\/v\/visitvesteralen.com\/files\/overbygg-og-skulpturlandskap_eirik_linder_aspelund.jpg?cropToFit=100x77&quality=75","width":100,"height":77,"aspectRatio":1.2987012987012987},{"path":"\/sites\/v\/visitvesteralen.com\/files\/overbygg-og-skulpturlandskap_eirik_linder_aspelund.jpg?cropToFit=200x154&quality=75","width":200,"height":154,"aspectRatio":1.2987012987012987},{"path":"\/sites\/v\/visitvesteralen.com\/files\/overbygg-og-skulpturlandskap_eirik_linder_aspelund.jpg?cropToFit=400x308&quality=75","width":400,"height":308,"aspectRatio":1.2987012987012987},{"path":"\/sites\/v\/visitvesteralen.com\/files\/overbygg-og-skulpturlandskap_eirik_linder_aspelund.jpg?cropToFit=600x462&quality=75","width":600,"height":462,"aspectRatio":1.2987012987012987},{"path":"\/sites\/v\/visitvesteralen.com\/files\/overbygg-og-skulpturlandskap_eirik_linder_aspelund.jpg?cropToFit=800x615&quality=75","width":800,"height":615,"aspectRatio":1.3008130081300813},{"path":"\/sites\/v\/visitvesteralen.com\/files\/overbygg-og-skulpturlandskap_eirik_linder_aspelund.jpg?cropToFit=1000x769&quality=75","width":1000,"height":769,"aspectRatio":1.3003901170351104},{"path":"\/sites\/v\/visitvesteralen.com\/files\/overbygg-og-skulpturlandskap_eirik_linder_aspelund.jpg?cropToFit=1200x923&quality=75","width":1200,"height":923,"aspectRatio":1.3001083423618636}],"image":"\/sites\/v\/visitvesteralen.com\/files\/overbygg-og-skulpturlandskap_eirik_linder_aspelund.jpg","aspect":1.2987012987012987,"type":"image","description":null},"additionalData":[]},{"classes":["outercol"],"isFavourite":false,"isExternalUrl":{"articleLink":false},"articleListButtonsData":{"buttonsList":[{"label":"Les mer","url":"\/attraksjoner\/atelier-noss","type":"readmore"}],"mode":"default"},"favouriteType":null,"mnu":null,"section":null,"displayId":true,"docId":3708,"identifier":"3708Article","docType":"Article","customDate":false,"teaserData":{"teaserText":"Kunstgalleri","mode":"default"},"content":{"teaser":"Kunstgalleri","intro":"Atelier N\u00f8ss er et kunstnerdrevet galleri og ateli\u00e9, som ligger i bygda N\u00f8ss, lang nasjonal turistvei, p\u00e5 vestsida av And\u00f8ya.  "},"titles":{"main":"Atelier N\u00f8ss - Kunstgalleri","readMoreButton":"Les mer"},"urls":{"readMore":"\/attraksjoner\/atelier-noss","booking":null},"created":{"date":"19.12.2023","time":"14:35","timestamp":1702992900},"introAllowHtml":false,"hasTicket":false,"extra":{"cbis-activity-product-id":"","cbis-show-in-slideshow":null},"hasReadMore":true,"media":{"imageData":{"path":"\/sites\/v\/visitvesteralen.com\/files\/2023\/12\/atelier-noss_b9a4687.jpg","width":3124,"height":2362,"aspectRatio":1.3226079593564775},"previewImageUrl":"\/sites\/v\/visitvesteralen.com\/files\/2023\/12\/atelier-noss_b9a4687.jpg?cropToFit=100x77&quality=50","imageVariants":[{"path":"\/sites\/v\/visitvesteralen.com\/files\/2023\/12\/atelier-noss_b9a4687.jpg?cropToFit=100x77&quality=75","width":100,"height":77,"aspectRatio":1.2987012987012987},{"path":"\/sites\/v\/visitvesteralen.com\/files\/2023\/12\/atelier-noss_b9a4687.jpg?cropToFit=200x154&quality=75","width":200,"height":154,"aspectRatio":1.2987012987012987},{"path":"\/sites\/v\/visitvesteralen.com\/files\/2023\/12\/atelier-noss_b9a4687.jpg?cropToFit=400x308&quality=75","width":400,"height":308,"aspectRatio":1.2987012987012987},{"path":"\/sites\/v\/visitvesteralen.com\/files\/2023\/12\/atelier-noss_b9a4687.jpg?cropToFit=600x462&quality=75","width":600,"height":462,"aspectRatio":1.2987012987012987},{"path":"\/sites\/v\/visitvesteralen.com\/files\/2023\/12\/atelier-noss_b9a4687.jpg?cropToFit=800x615&quality=75","width":800,"height":615,"aspectRatio":1.3008130081300813},{"path":"\/sites\/v\/visitvesteralen.com\/files\/2023\/12\/atelier-noss_b9a4687.jpg?cropToFit=1000x769&quality=75","width":1000,"height":769,"aspectRatio":1.3003901170351104},{"path":"\/sites\/v\/visitvesteralen.com\/files\/2023\/12\/atelier-noss_b9a4687.jpg?cropToFit=1200x923&quality=75","width":1200,"height":923,"aspectRatio":1.3001083423618636}],"image":"\/sites\/v\/visitvesteralen.com\/files\/2023\/12\/atelier-noss_b9a4687.jpg","aspect":1.2987012987012987,"type":"image","description":"Atelier N\u00f8ss kunst"},"additionalData":[]},{"classes":["outercol"],"isFavourite":false,"isExternalUrl":{"articleLink":false},"articleListButtonsData":{"buttonsList":[{"label":"Les mer","url":"\/attraksjoner\/hvalsenteret","type":"readmore"}],"mode":"default"},"favouriteType":null,"mnu":null,"section":null,"displayId":true,"docId":225,"identifier":"225Article","docType":"Article","customDate":false,"teaserData":{"teaserText":"Bes\u00f8kssenter","mode":"default"},"content":{"teaser":"Bes\u00f8kssenter","intro":"I Hvalsenteret \u00f8nsker vi hval-entusiaster fra hele verden velkommen til \u00e5 delta p\u00e5 v\u00e5re safariturer."},"titles":{"main":"Hvalsenteret","readMoreButton":"Les mer"},"urls":{"readMore":"\/attraksjoner\/hvalsenteret","booking":null},"created":{"date":"24.02.2017","time":"14:06","timestamp":1487941560},"introAllowHtml":false,"hasTicket":false,"extra":{"cbis-activity-product-id":"","cbis-sync-id":"cbis:723519","cbis-show-in-slideshow":null},"hasReadMore":true,"media":{"imageData":{"path":"\/sites\/v\/visitvesteralen.com\/files\/2024\/06\/enlightmentroom.jpg","width":945,"height":661,"aspectRatio":1.4296520423600605},"previewImageUrl":"\/sites\/v\/visitvesteralen.com\/files\/2024\/06\/enlightmentroom.jpg?cropToFit=100x77&quality=50","imageVariants":[{"path":"\/sites\/v\/visitvesteralen.com\/files\/2024\/06\/enlightmentroom.jpg?cropToFit=100x77&quality=75","width":100,"height":77,"aspectRatio":1.2987012987012987},{"path":"\/sites\/v\/visitvesteralen.com\/files\/2024\/06\/enlightmentroom.jpg?cropToFit=200x154&quality=75","width":200,"height":154,"aspectRatio":1.2987012987012987},{"path":"\/sites\/v\/visitvesteralen.com\/files\/2024\/06\/enlightmentroom.jpg?cropToFit=400x308&quality=75","width":400,"height":308,"aspectRatio":1.2987012987012987},{"path":"\/sites\/v\/visitvesteralen.com\/files\/2024\/06\/enlightmentroom.jpg?cropToFit=600x462&quality=75","width":600,"height":462,"aspectRatio":1.2987012987012987},{"path":"\/sites\/v\/visitvesteralen.com\/files\/2024\/06\/enlightmentroom.jpg?cropToFit=800x615&quality=75","width":800,"height":615,"aspectRatio":1.3008130081300813},{"path":"\/sites\/v\/visitvesteralen.com\/files\/2024\/06\/enlightmentroom.jpg?cropToFit=1000x769&quality=75","width":860,"height":661,"aspectRatio":1.3010590015128594},{"path":"\/sites\/v\/visitvesteralen.com\/files\/2024\/06\/enlightmentroom.jpg?cropToFit=1200x923&quality=75","width":859,"height":661,"aspectRatio":1.2995461422087746}],"image":"\/sites\/v\/visitvesteralen.com\/files\/2024\/06\/enlightmentroom.jpg","aspect":1.2987012987012987,"type":"image","description":"Hvalsenteret p\u00e5 Andenes"},"additionalData":[]},{"classes":["outercol"],"isFavourite":false,"isExternalUrl":{"articleLink":false},"articleListButtonsData":{"buttonsList":[{"label":"Les mer","url":"\/attraksjoner\/andoya-space-besokssenter","type":"readmore"}],"mode":"default"},"favouriteType":null,"mnu":null,"section":null,"displayId":true,"docId":213,"identifier":"213Article","docType":"Article","customDate":false,"teaserData":{"teaserText":"Bes\u00f8kssenter","mode":"default"},"content":{"teaser":"Bes\u00f8kssenter","intro":"And\u00f8ya Space er det eneste operative romsenteret i Norge, og har siden 1962 hjulpet forskere fra hele verden med \u00e5 studere atmosf\u00e6ren, nordlyset og verdensrommet. I bes\u00f8kssenteret kan du utforske nordlyset og l\u00e6re mer om norsk romhistorie. Her finner du opplevelser for rom-entusiaster i alle aldre."},"titles":{"main":"And\u00f8ya Space Bes\u00f8kssenter","readMoreButton":"Les mer"},"urls":{"readMore":"\/attraksjoner\/andoya-space-besokssenter","booking":null},"created":{"date":"23.02.2017","time":"13:01","timestamp":1487851260},"introAllowHtml":false,"hasTicket":false,"extra":{"cbis-activity-product-id":"","cbis-sync-id":"cbis:717753","cbis-show-in-slideshow":null},"hasReadMore":true,"media":{"imageData":{"path":"\/sites\/v\/visitvesteralen.com\/files\/spaceshipcockpitvirtuellreise.jpg","width":1200,"height":800,"aspectRatio":1.5},"previewImageUrl":"\/sites\/v\/visitvesteralen.com\/files\/spaceshipcockpitvirtuellreise.jpg?cropToFit=100x77&quality=50","imageVariants":[{"path":"\/sites\/v\/visitvesteralen.com\/files\/spaceshipcockpitvirtuellreise.jpg?cropToFit=100x77&quality=75","width":100,"height":77,"aspectRatio":1.2987012987012987},{"path":"\/sites\/v\/visitvesteralen.com\/files\/spaceshipcockpitvirtuellreise.jpg?cropToFit=200x154&quality=75","width":200,"height":154,"aspectRatio":1.2987012987012987},{"path":"\/sites\/v\/visitvesteralen.com\/files\/spaceshipcockpitvirtuellreise.jpg?cropToFit=400x308&quality=75","width":400,"height":308,"aspectRatio":1.2987012987012987},{"path":"\/sites\/v\/visitvesteralen.com\/files\/spaceshipcockpitvirtuellreise.jpg?cropToFit=600x462&quality=75","width":600,"height":462,"aspectRatio":1.2987012987012987},{"path":"\/sites\/v\/visitvesteralen.com\/files\/spaceshipcockpitvirtuellreise.jpg?cropToFit=800x615&quality=75","width":800,"height":615,"aspectRatio":1.3008130081300813},{"path":"\/sites\/v\/visitvesteralen.com\/files\/spaceshipcockpitvirtuellreise.jpg?cropToFit=1000x769&quality=75","width":1000,"height":769,"aspectRatio":1.3003901170351104},{"path":"\/sites\/v\/visitvesteralen.com\/files\/spaceshipcockpitvirtuellreise.jpg?cropToFit=1200x923&quality=75","width":1040,"height":800,"aspectRatio":1.3}],"image":"\/sites\/v\/visitvesteralen.com\/files\/spaceshipcockpitvirtuellreise.jpg","aspect":1.2987012987012987,"type":"image","description":null},"additionalData":[]},{"classes":["outercol"],"isFavourite":false,"isExternalUrl":{"articleLink":false},"articleListButtonsData":{"buttonsList":[{"label":"Les mer","url":"\/?id=1791506970","type":"readmore"}],"mode":"default"},"favouriteType":null,"mnu":null,"section":null,"displayId":true,"docId":1130,"identifier":"1130Article","docType":"Article","customDate":false,"teaserData":{"teaserText":"En reise i kystkulturens historie","mode":"default"},"content":{"teaser":"En reise i kystkulturens historie","intro":""},"titles":{"main":"Fem fiskev\u00e6r","readMoreButton":"Les mer"},"urls":{"readMore":"\/?id=1791506970","booking":null},"created":{"date":"03.06.2022","time":"13:20","timestamp":1654255200},"introAllowHtml":false,"hasTicket":false,"extra":{"cbis-activity-product-id":"","cbis-show-in-slideshow":null},"hasReadMore":true,"media":{"imageData":{"path":"\/sites\/v\/visitvesteralen.com\/files\/c.ilmoni_st_____38_.jpg","width":3872,"height":2592,"aspectRatio":1.4938271604938271},"previewImageUrl":"\/sites\/v\/visitvesteralen.com\/files\/c.ilmoni_st_____38_.jpg?cropToFit=100x77&quality=50","imageVariants":[{"path":"\/sites\/v\/visitvesteralen.com\/files\/c.ilmoni_st_____38_.jpg?cropToFit=100x77&quality=75","width":100,"height":77,"aspectRatio":1.2987012987012987},{"path":"\/sites\/v\/visitvesteralen.com\/files\/c.ilmoni_st_____38_.jpg?cropToFit=200x154&quality=75","width":200,"height":154,"aspectRatio":1.2987012987012987},{"path":"\/sites\/v\/visitvesteralen.com\/files\/c.ilmoni_st_____38_.jpg?cropToFit=400x308&quality=75","width":400,"height":308,"aspectRatio":1.2987012987012987},{"path":"\/sites\/v\/visitvesteralen.com\/files\/c.ilmoni_st_____38_.jpg?cropToFit=600x462&quality=75","width":600,"height":462,"aspectRatio":1.2987012987012987},{"path":"\/sites\/v\/visitvesteralen.com\/files\/c.ilmoni_st_____38_.jpg?cropToFit=800x615&quality=75","width":800,"height":615,"aspectRatio":1.3008130081300813},{"path":"\/sites\/v\/visitvesteralen.com\/files\/c.ilmoni_st_____38_.jpg?cropToFit=1000x769&quality=75","width":1000,"height":769,"aspectRatio":1.3003901170351104},{"path":"\/sites\/v\/visitvesteralen.com\/files\/c.ilmoni_st_____38_.jpg?cropToFit=1200x923&quality=75","width":1200,"height":923,"aspectRatio":1.3001083423618636}],"image":"\/sites\/v\/visitvesteralen.com\/files\/c.ilmoni_st_____38_.jpg","aspect":1.2987012987012987,"type":"image","description":null},"additionalData":[]},{"classes":["outercol"],"isFavourite":false,"isExternalUrl":{"articleLink":false},"articleListButtonsData":{"buttonsList":[{"label":"Les mer","url":"\/attraksjoner\/inga-sami-siida","type":"readmore"}],"mode":"default"},"favouriteType":null,"mnu":null,"section":null,"displayId":true,"docId":290,"identifier":"290Article","docType":"Article","customDate":false,"teaserData":{"teaserText":"Unik Samisk Opplevelse","mode":"default"},"content":{"teaser":"Unik Samisk Opplevelse","intro":"Samisk opplevelsesbedrift. Vi tilbyr v\u00e5re gjester en unik opplevelse med rein og ekte, lokal samekultur. Delta p\u00e5 v\u00e5rt arbeid med reinen og bli kjent med et unikt dyr. "},"titles":{"main":"Samisk opplevelse - Inga Sami Siida","readMoreButton":"Les mer"},"urls":{"readMore":"\/attraksjoner\/inga-sami-siida","booking":null},"created":{"date":"27.02.2017","time":"21:06","timestamp":1488225960},"introAllowHtml":false,"hasTicket":false,"extra":{"cbis-sync-id":"cbis:686243","cbis-activity-product-id":"","cbis-show-in-slideshow":null},"hasReadMore":true,"media":{"imageData":{"path":"\/sites\/v\/visitvesteralen.com\/files\/007760_magnus_strm_www.nordnorge.com_sortland.jpg","width":2500,"height":1667,"aspectRatio":1.4997000599880024},"previewImageUrl":"\/sites\/v\/visitvesteralen.com\/files\/007760_magnus_strm_www.nordnorge.com_sortland.jpg?cropToFit=100x77&quality=50","imageVariants":[{"path":"\/sites\/v\/visitvesteralen.com\/files\/007760_magnus_strm_www.nordnorge.com_sortland.jpg?cropToFit=100x77&quality=75","width":100,"height":77,"aspectRatio":1.2987012987012987},{"path":"\/sites\/v\/visitvesteralen.com\/files\/007760_magnus_strm_www.nordnorge.com_sortland.jpg?cropToFit=200x154&quality=75","width":200,"height":154,"aspectRatio":1.2987012987012987},{"path":"\/sites\/v\/visitvesteralen.com\/files\/007760_magnus_strm_www.nordnorge.com_sortland.jpg?cropToFit=400x308&quality=75","width":400,"height":308,"aspectRatio":1.2987012987012987},{"path":"\/sites\/v\/visitvesteralen.com\/files\/007760_magnus_strm_www.nordnorge.com_sortland.jpg?cropToFit=600x462&quality=75","width":600,"height":462,"aspectRatio":1.2987012987012987},{"path":"\/sites\/v\/visitvesteralen.com\/files\/007760_magnus_strm_www.nordnorge.com_sortland.jpg?cropToFit=800x615&quality=75","width":800,"height":615,"aspectRatio":1.3008130081300813},{"path":"\/sites\/v\/visitvesteralen.com\/files\/007760_magnus_strm_www.nordnorge.com_sortland.jpg?cropToFit=1000x769&quality=75","width":1000,"height":769,"aspectRatio":1.3003901170351104},{"path":"\/sites\/v\/visitvesteralen.com\/files\/007760_magnus_strm_www.nordnorge.com_sortland.jpg?cropToFit=1200x923&quality=75","width":1200,"height":923,"aspectRatio":1.3001083423618636}],"image":"\/sites\/v\/visitvesteralen.com\/files\/007760_magnus_strm_www.nordnorge.com_sortland.jpg","aspect":1.2987012987012987,"type":"image","description":"Inga Sami Siida og reinflokken"},"additionalData":[]},{"classes":["outercol"],"isFavourite":false,"isExternalUrl":{"articleLink":false},"articleListButtonsData":{"buttonsList":[{"label":"Les mer","url":"\/attraksjoner\/akvakultur-vesteralen-oppdrettsanlegg","type":"readmore"},{"label":"Booking","url":"https:\/\/booking.visitvesteralen.com\/nb\/bestill\/se-gjore\/2151221\/bes%C3%B8k-et-oppdrettsanlegg\/showdetails","type":"booking"}],"mode":"default"},"favouriteType":null,"mnu":null,"section":null,"displayId":true,"docId":587,"identifier":"587Article","docType":"Article","customDate":false,"teaserData":{"teaserText":"Bes\u00f8kssenter","mode":"default"},"content":{"teaser":"Bes\u00f8kssenter","intro":"Er du nysgjerrig p\u00e5 norsk matproduksjon? Har du lyst \u00e5 l\u00e6re mer om lokal kystkultur og utviklingen av en av verdens mest moderne n\u00e6ringer?"},"titles":{"main":"Bes\u00f8k et oppdrettsanlegg - Akvakultur i Vester\u00e5len","readMoreButton":"Les mer"},"urls":{"readMore":"\/attraksjoner\/akvakultur-vesteralen-oppdrettsanlegg","booking":"https:\/\/booking.visitvesteralen.com\/nb\/bestill\/se-gjore\/2151221\/bes%C3%B8k-et-oppdrettsanlegg\/showdetails"},"created":{"date":"16.01.2019","time":"10:11","timestamp":1547629860},"introAllowHtml":false,"hasTicket":false,"extra":{"cbis-sync-id":"cbis:1724087","cbis-activity-product-id":"","cbis-show-in-slideshow":null},"hasReadMore":true,"media":{"imageData":{"path":"\/sites\/v\/visitvesteralen.com\/files\/2024\/09\/av_miljobilder_full-12.jpg","width":3840,"height":2160,"aspectRatio":1.7777777777777777},"previewImageUrl":"\/sites\/v\/visitvesteralen.com\/files\/2024\/09\/av_miljobilder_full-12.jpg?cropToFit=100x77&quality=50","imageVariants":[{"path":"\/sites\/v\/visitvesteralen.com\/files\/2024\/09\/av_miljobilder_full-12.jpg?cropToFit=100x77&quality=75","width":100,"height":77,"aspectRatio":1.2987012987012987},{"path":"\/sites\/v\/visitvesteralen.com\/files\/2024\/09\/av_miljobilder_full-12.jpg?cropToFit=200x154&quality=75","width":200,"height":154,"aspectRatio":1.2987012987012987},{"path":"\/sites\/v\/visitvesteralen.com\/files\/2024\/09\/av_miljobilder_full-12.jpg?cropToFit=400x308&quality=75","width":400,"height":308,"aspectRatio":1.2987012987012987},{"path":"\/sites\/v\/visitvesteralen.com\/files\/2024\/09\/av_miljobilder_full-12.jpg?cropToFit=600x462&quality=75","width":600,"height":462,"aspectRatio":1.2987012987012987},{"path":"\/sites\/v\/visitvesteralen.com\/files\/2024\/09\/av_miljobilder_full-12.jpg?cropToFit=800x615&quality=75","width":800,"height":615,"aspectRatio":1.3008130081300813},{"path":"\/sites\/v\/visitvesteralen.com\/files\/2024\/09\/av_miljobilder_full-12.jpg?cropToFit=1000x769&quality=75","width":1000,"height":769,"aspectRatio":1.3003901170351104},{"path":"\/sites\/v\/visitvesteralen.com\/files\/2024\/09\/av_miljobilder_full-12.jpg?cropToFit=1200x923&quality=75","width":1200,"height":923,"aspectRatio":1.3001083423618636}],"image":"\/sites\/v\/visitvesteralen.com\/files\/2024\/09\/av_miljobilder_full-12.jpg","aspect":1.2987012987012987,"type":"image","description":null},"additionalData":[]},{"classes":["outercol"],"isFavourite":false,"isExternalUrl":{"articleLink":false},"articleListButtonsData":{"buttonsList":[{"label":"Les mer","url":"\/attraksjoner\/tinden-handelssted","type":"readmore"}],"mode":"default"},"favouriteType":null,"mnu":null,"section":null,"displayId":true,"docId":855,"identifier":"855Article","docType":"Article","customDate":false,"teaserData":{"teaserText":"Rorbu","mode":"default"},"content":{"teaser":"Rorbu","intro":"Et fiskev\u00e6r med historie langt tilbake i tid, senere handelssted. Stedet som ble fredet av Riksantikvaren i 1994, er rehabilitert i perioden 2005 - 2020 etter antikvariske prinsipper og vil gi bes\u00f8kende en spennende kulturell opplevelse."},"titles":{"main":"Tinden Handelssted","readMoreButton":"Les mer"},"urls":{"readMore":"\/attraksjoner\/tinden-handelssted","booking":null},"created":{"date":"04.06.2020","time":"12:38","timestamp":1591267080},"introAllowHtml":false,"hasTicket":false,"extra":{"cbis-activity-product-id":"","cbis-show-in-slideshow":null},"hasReadMore":true,"media":{"imageData":{"path":"\/sites\/v\/visitvesteralen.com\/files\/tindenhandelsstedtoppbilde.jpg","width":2473,"height":1800,"aspectRatio":1.373888888888889},"previewImageUrl":"\/sites\/v\/visitvesteralen.com\/files\/tindenhandelsstedtoppbilde.jpg?cropToFit=100x77&quality=50","imageVariants":[{"path":"\/sites\/v\/visitvesteralen.com\/files\/tindenhandelsstedtoppbilde.jpg?cropToFit=100x77&quality=75","width":100,"height":77,"aspectRatio":1.2987012987012987},{"path":"\/sites\/v\/visitvesteralen.com\/files\/tindenhandelsstedtoppbilde.jpg?cropToFit=200x154&quality=75","width":200,"height":154,"aspectRatio":1.2987012987012987},{"path":"\/sites\/v\/visitvesteralen.com\/files\/tindenhandelsstedtoppbilde.jpg?cropToFit=400x308&quality=75","width":400,"height":308,"aspectRatio":1.2987012987012987},{"path":"\/sites\/v\/visitvesteralen.com\/files\/tindenhandelsstedtoppbilde.jpg?cropToFit=600x462&quality=75","width":600,"height":462,"aspectRatio":1.2987012987012987},{"path":"\/sites\/v\/visitvesteralen.com\/files\/tindenhandelsstedtoppbilde.jpg?cropToFit=800x615&quality=75","width":800,"height":615,"aspectRatio":1.3008130081300813},{"path":"\/sites\/v\/visitvesteralen.com\/files\/tindenhandelsstedtoppbilde.jpg?cropToFit=1000x769&quality=75","width":1000,"height":769,"aspectRatio":1.3003901170351104},{"path":"\/sites\/v\/visitvesteralen.com\/files\/tindenhandelsstedtoppbilde.jpg?cropToFit=1200x923&quality=75","width":1200,"height":923,"aspectRatio":1.3001083423618636}],"image":"\/sites\/v\/visitvesteralen.com\/files\/tindenhandelsstedtoppbilde.jpg","aspect":1.2987012987012987,"type":"image","description":"Tinden Handelssted"},"additionalData":[]},{"classes":["outercol"],"isFavourite":false,"isExternalUrl":{"articleLink":false},"articleListButtonsData":{"buttonsList":[{"label":"Les mer","url":"\/attraksjoner\/neptun-sildoljefabrikk","type":"readmore"}],"mode":"default"},"favouriteType":null,"mnu":null,"section":null,"displayId":true,"docId":259,"identifier":"259Article","docType":"Article","customDate":false,"teaserData":{"teaserText":"Museum","mode":"default"},"content":{"teaser":"Museum","intro":"P\u00e5 Neptun Sildoljefabrikk ble det produsert sildolje i over 70 \u00e5r. Nessekongen og industripioneren Christian Frederiksen sto i spissen for en utvikling som hadde gjort Melbu til et industrisentrum i Nord-Norge."},"titles":{"main":"Neptun Sildoljefabrikk - Museum Nord","readMoreButton":"Les mer"},"urls":{"readMore":"\/attraksjoner\/neptun-sildoljefabrikk","booking":null},"created":{"date":"27.02.2017","time":"18:06","timestamp":1488215160},"introAllowHtml":false,"hasTicket":false,"extra":{"cbis-sync-id":"cbis:688508","cbis-activity-product-id":"","cbis-show-in-slideshow":null},"hasReadMore":true,"media":{"imageData":{"path":"\/sites\/v\/visitvesteralen.com\/files\/neptunsildoljefabrikkkjellovestorvik.jpg","width":2100,"height":1296,"aspectRatio":1.6203703703703705},"previewImageUrl":"\/sites\/v\/visitvesteralen.com\/files\/neptunsildoljefabrikkkjellovestorvik.jpg?cropToFit=100x77&quality=50","imageVariants":[{"path":"\/sites\/v\/visitvesteralen.com\/files\/neptunsildoljefabrikkkjellovestorvik.jpg?cropToFit=100x77&quality=75","width":100,"height":77,"aspectRatio":1.2987012987012987},{"path":"\/sites\/v\/visitvesteralen.com\/files\/neptunsildoljefabrikkkjellovestorvik.jpg?cropToFit=200x154&quality=75","width":200,"height":154,"aspectRatio":1.2987012987012987},{"path":"\/sites\/v\/visitvesteralen.com\/files\/neptunsildoljefabrikkkjellovestorvik.jpg?cropToFit=400x308&quality=75","width":400,"height":308,"aspectRatio":1.2987012987012987},{"path":"\/sites\/v\/visitvesteralen.com\/files\/neptunsildoljefabrikkkjellovestorvik.jpg?cropToFit=600x462&quality=75","width":600,"height":462,"aspectRatio":1.2987012987012987},{"path":"\/sites\/v\/visitvesteralen.com\/files\/neptunsildoljefabrikkkjellovestorvik.jpg?cropToFit=800x615&quality=75","width":800,"height":615,"aspectRatio":1.3008130081300813},{"path":"\/sites\/v\/visitvesteralen.com\/files\/neptunsildoljefabrikkkjellovestorvik.jpg?cropToFit=1000x769&quality=75","width":1000,"height":769,"aspectRatio":1.3003901170351104},{"path":"\/sites\/v\/visitvesteralen.com\/files\/neptunsildoljefabrikkkjellovestorvik.jpg?cropToFit=1200x923&quality=75","width":1200,"height":923,"aspectRatio":1.3001083423618636}],"image":"\/sites\/v\/visitvesteralen.com\/files\/neptunsildoljefabrikkkjellovestorvik.jpg","aspect":1.2987012987012987,"type":"image","description":"Neptun Sildoljefabrikk"},"additionalData":[]},{"classes":["outercol"],"isFavourite":false,"isExternalUrl":{"articleLink":false},"articleListButtonsData":{"buttonsList":[{"label":"Les mer","url":"\/attraksjoner\/fyrt\u00e5rn","type":"readmore"}],"mode":"default"},"favouriteType":null,"mnu":null,"section":null,"displayId":true,"docId":17,"identifier":"17Article","docType":"Article","customDate":false,"teaserData":{"teaserText":"Vakre fyr","mode":"default"},"content":{"teaser":"Vakre fyr","intro":"I Vester\u00e5len har vi tre fyr. To av dem kan du bes\u00f8ke, Litl\u00f8y Fyr p\u00e5 Litl\u00f8ya i B\u00f8 kommune og Andenes fyr i And\u00f8y kommune. Det tredje ligger p\u00e5 \u00f8ya Anda, der er det ikke lov \u00e5 g\u00e5 i land, men du kan f\u00e5 en guidet tur til fyret og se p\u00e5 det yrende fuglelivet der."},"titles":{"main":"Fyropplevelse i Vester\u00e5len","readMoreButton":"Les mer"},"urls":{"readMore":"\/attraksjoner\/fyrt\u00e5rn","booking":null},"created":{"date":"20.06.2014","time":"13:25","timestamp":1403263500},"introAllowHtml":false,"hasTicket":false,"extra":{"cbis-activity-product-id":"","cbis-show-in-slideshow":null},"hasReadMore":true,"media":{"imageData":{"path":"\/sites\/v\/visitvesteralen.com\/files\/2024\/06\/01_lil_tower.jpg","width":8000,"height":3172,"aspectRatio":2.5220680958385877},"previewImageUrl":"\/sites\/v\/visitvesteralen.com\/files\/2024\/06\/01_lil_tower.jpg?cropToFit=100x77&quality=50","imageVariants":[{"path":"\/sites\/v\/visitvesteralen.com\/files\/2024\/06\/01_lil_tower.jpg?cropToFit=100x77&quality=75","width":100,"height":77,"aspectRatio":1.2987012987012987},{"path":"\/sites\/v\/visitvesteralen.com\/files\/2024\/06\/01_lil_tower.jpg?cropToFit=200x154&quality=75","width":200,"height":154,"aspectRatio":1.2987012987012987},{"path":"\/sites\/v\/visitvesteralen.com\/files\/2024\/06\/01_lil_tower.jpg?cropToFit=400x308&quality=75","width":400,"height":308,"aspectRatio":1.2987012987012987},{"path":"\/sites\/v\/visitvesteralen.com\/files\/2024\/06\/01_lil_tower.jpg?cropToFit=600x462&quality=75","width":600,"height":462,"aspectRatio":1.2987012987012987},{"path":"\/sites\/v\/visitvesteralen.com\/files\/2024\/06\/01_lil_tower.jpg?cropToFit=800x615&quality=75","width":800,"height":615,"aspectRatio":1.3008130081300813},{"path":"\/sites\/v\/visitvesteralen.com\/files\/2024\/06\/01_lil_tower.jpg?cropToFit=1000x769&quality=75","width":1000,"height":769,"aspectRatio":1.3003901170351104},{"path":"\/sites\/v\/visitvesteralen.com\/files\/2024\/06\/01_lil_tower.jpg?cropToFit=1200x923&quality=75","width":1200,"height":923,"aspectRatio":1.3001083423618636}],"image":"\/sites\/v\/visitvesteralen.com\/files\/2024\/06\/01_lil_tower.jpg","aspect":1.2987012987012987,"type":"image","description":null},"additionalData":[]},{"classes":["outercol"],"isFavourite":false,"isExternalUrl":{"articleLink":false},"articleListButtonsData":{"buttonsList":[{"label":"Les mer","url":"\/attraksjoner\/andenes-fyr","type":"readmore"}],"mode":"default"},"favouriteType":null,"mnu":null,"section":null,"displayId":true,"docId":1022,"identifier":"1022Article","docType":"Article","customDate":false,"teaserData":{"teaserText":"Utsiktspunkt og museum","mode":"default"},"content":{"teaser":"Utsiktspunkt og museum","intro":"Andenes fyr er 160 \u00e5r gammelt og et av Norges h\u00f8yeste fyrt\u00e5rn. Her f\u00e5r du den beste utsikten i Andenes. P\u00e5 vei opp l\u00e6rer du mer om Andenes fyr og andre norske."},"titles":{"main":"Andenes Fyr - Museum Nord","readMoreButton":"Les mer"},"urls":{"readMore":"\/attraksjoner\/andenes-fyr","booking":null},"created":{"date":"02.09.2021","time":"17:23","timestamp":1630596180},"introAllowHtml":false,"hasTicket":false,"extra":{"cbis-activity-product-id":"","cbis-show-in-slideshow":null},"hasReadMore":true,"media":{"imageData":{"path":"\/sites\/v\/visitvesteralen.com\/files\/andenesfyrhovedbilde.jpg","width":2300,"height":864,"aspectRatio":2.662037037037037},"previewImageUrl":"\/sites\/v\/visitvesteralen.com\/files\/andenesfyrhovedbilde.jpg?cropToFit=100x77&quality=50","imageVariants":[{"path":"\/sites\/v\/visitvesteralen.com\/files\/andenesfyrhovedbilde.jpg?cropToFit=100x77&quality=75","width":100,"height":77,"aspectRatio":1.2987012987012987},{"path":"\/sites\/v\/visitvesteralen.com\/files\/andenesfyrhovedbilde.jpg?cropToFit=200x154&quality=75","width":200,"height":154,"aspectRatio":1.2987012987012987},{"path":"\/sites\/v\/visitvesteralen.com\/files\/andenesfyrhovedbilde.jpg?cropToFit=400x308&quality=75","width":400,"height":308,"aspectRatio":1.2987012987012987},{"path":"\/sites\/v\/visitvesteralen.com\/files\/andenesfyrhovedbilde.jpg?cropToFit=600x462&quality=75","width":600,"height":462,"aspectRatio":1.2987012987012987},{"path":"\/sites\/v\/visitvesteralen.com\/files\/andenesfyrhovedbilde.jpg?cropToFit=800x615&quality=75","width":800,"height":615,"aspectRatio":1.3008130081300813},{"path":"\/sites\/v\/visitvesteralen.com\/files\/andenesfyrhovedbilde.jpg?cropToFit=1000x769&quality=75","width":1000,"height":769,"aspectRatio":1.3003901170351104},{"path":"\/sites\/v\/visitvesteralen.com\/files\/andenesfyrhovedbilde.jpg?cropToFit=1200x923&quality=75","width":1123,"height":864,"aspectRatio":1.2997685185185186}],"image":"\/sites\/v\/visitvesteralen.com\/files\/andenesfyrhovedbilde.jpg","aspect":1.2987012987012987,"type":"image","description":"Andenes Fyr p\u00e5 avstand med regnbue over."},"additionalData":[]},{"classes":["outercol"],"isFavourite":false,"isExternalUrl":{"articleLink":false},"articleListButtonsData":{"buttonsList":[{"label":"Les mer","url":"\/attraksjoner\/andoymuseet","type":"readmore"}],"mode":"default"},"favouriteType":null,"mnu":null,"section":null,"displayId":true,"docId":295,"identifier":"295Article","docType":"Article","customDate":false,"teaserData":{"teaserText":"Museum","mode":"default"},"content":{"teaser":"Museum","intro":"And\u00f8ymuseet ligger ytterst mot havet p\u00e5 Andenes, like ved Andenes fyr. Andenes fyr sto ferdig i 1859, og det var starten p\u00e5 ei stor utbygging i Andenes havn. Ved fyret fortelles historien om fiskev\u00e6ret og folkene som har bebodd dette stedet i 1500 \u00e5r. Men best av alt er utsikten, den er helt fantastisk!"},"titles":{"main":"And\u00f8ymuseet - Museum Nord","readMoreButton":"Les mer"},"urls":{"readMore":"\/attraksjoner\/andoymuseet","booking":null},"created":{"date":"27.02.2017","time":"22:06","timestamp":1488229560},"introAllowHtml":false,"hasTicket":false,"extra":{"cbis-sync-id":"cbis:688408","cbis-activity-product-id":"","cbis-show-in-slideshow":null},"hasReadMore":true,"media":{"imageData":{"path":"\/sites\/v\/visitvesteralen.com\/files\/andoymuseum_foto_kjell_ove_storvik.jpg","width":1920,"height":873,"aspectRatio":2.1993127147766325},"previewImageUrl":"\/sites\/v\/visitvesteralen.com\/files\/andoymuseum_foto_kjell_ove_storvik.jpg?cropToFit=100x77&quality=50","imageVariants":[{"path":"\/sites\/v\/visitvesteralen.com\/files\/andoymuseum_foto_kjell_ove_storvik.jpg?cropToFit=100x77&quality=75","width":100,"height":77,"aspectRatio":1.2987012987012987},{"path":"\/sites\/v\/visitvesteralen.com\/files\/andoymuseum_foto_kjell_ove_storvik.jpg?cropToFit=200x154&quality=75","width":200,"height":154,"aspectRatio":1.2987012987012987},{"path":"\/sites\/v\/visitvesteralen.com\/files\/andoymuseum_foto_kjell_ove_storvik.jpg?cropToFit=400x308&quality=75","width":400,"height":308,"aspectRatio":1.2987012987012987},{"path":"\/sites\/v\/visitvesteralen.com\/files\/andoymuseum_foto_kjell_ove_storvik.jpg?cropToFit=600x462&quality=75","width":600,"height":462,"aspectRatio":1.2987012987012987},{"path":"\/sites\/v\/visitvesteralen.com\/files\/andoymuseum_foto_kjell_ove_storvik.jpg?cropToFit=800x615&quality=75","width":800,"height":615,"aspectRatio":1.3008130081300813},{"path":"\/sites\/v\/visitvesteralen.com\/files\/andoymuseum_foto_kjell_ove_storvik.jpg?cropToFit=1000x769&quality=75","width":1000,"height":769,"aspectRatio":1.3003901170351104},{"path":"\/sites\/v\/visitvesteralen.com\/files\/andoymuseum_foto_kjell_ove_storvik.jpg?cropToFit=1200x923&quality=75","width":1135,"height":873,"aspectRatio":1.300114547537228}],"image":"\/sites\/v\/visitvesteralen.com\/files\/andoymuseum_foto_kjell_ove_storvik.jpg","aspect":1.2987012987012987,"type":"image","description":"And\u00f8ymuseet"},"additionalData":[]},{"classes":["outercol"],"isFavourite":false,"isExternalUrl":{"articleLink":false},"articleListButtonsData":{"buttonsList":[{"label":"Les mer","url":"\/attraksjoner\/festeralen","type":"readmore"},{"label":"Booking","url":"https:\/\/www.festeralen.no\/","type":"booking"}],"mode":"default"},"favouriteType":null,"mnu":null,"section":null,"displayId":true,"docId":4093,"identifier":"4093Article","docType":"Article","customDate":false,"teaserData":{"teaserText":"Musikk festival","mode":"default"},"content":{"teaser":"Musikk festival","intro":"F\u00e6ster\u00e5len er en musikkfestival som arrangeres i Vester\u00e5len, en av Norges mest naturskj\u00f8nne regioner. Festivalen er kjent for sin mangfoldige musikalske lineup og levende atmosf\u00e6re, har blitt omtalt som \u201cen av Norges mest fargerike festivaler\u201d, og har i f\u00f8lge Alphaville Nord-Europas beste publikum!"},"titles":{"main":"F\u00e6ster\u00e5len","readMoreButton":"Les mer"},"urls":{"readMore":"\/attraksjoner\/festeralen","booking":"https:\/\/www.festeralen.no\/"},"created":{"date":"26.04.2024","time":"15:00","timestamp":1714136400},"introAllowHtml":false,"hasTicket":false,"extra":{"cbis-activity-product-id":"","cbis-show-in-slideshow":null},"hasReadMore":true,"media":{"imageData":{"path":"\/sites\/v\/visitvesteralen.com\/files\/2024\/04\/festeralen_hovedbilde.jpg","width":2803,"height":1869,"aspectRatio":1.4997324772605671},"previewImageUrl":"\/sites\/v\/visitvesteralen.com\/files\/2024\/04\/festeralen_hovedbilde.jpg?cropToFit=100x77&quality=50","imageVariants":[{"path":"\/sites\/v\/visitvesteralen.com\/files\/2024\/04\/festeralen_hovedbilde.jpg?cropToFit=100x77&quality=75","width":100,"height":77,"aspectRatio":1.2987012987012987},{"path":"\/sites\/v\/visitvesteralen.com\/files\/2024\/04\/festeralen_hovedbilde.jpg?cropToFit=200x154&quality=75","width":200,"height":154,"aspectRatio":1.2987012987012987},{"path":"\/sites\/v\/visitvesteralen.com\/files\/2024\/04\/festeralen_hovedbilde.jpg?cropToFit=400x308&quality=75","width":400,"height":308,"aspectRatio":1.2987012987012987},{"path":"\/sites\/v\/visitvesteralen.com\/files\/2024\/04\/festeralen_hovedbilde.jpg?cropToFit=600x462&quality=75","width":600,"height":462,"aspectRatio":1.2987012987012987},{"path":"\/sites\/v\/visitvesteralen.com\/files\/2024\/04\/festeralen_hovedbilde.jpg?cropToFit=800x615&quality=75","width":800,"height":615,"aspectRatio":1.3008130081300813},{"path":"\/sites\/v\/visitvesteralen.com\/files\/2024\/04\/festeralen_hovedbilde.jpg?cropToFit=1000x769&quality=75","width":1000,"height":769,"aspectRatio":1.3003901170351104},{"path":"\/sites\/v\/visitvesteralen.com\/files\/2024\/04\/festeralen_hovedbilde.jpg?cropToFit=1200x923&quality=75","width":1200,"height":923,"aspectRatio":1.3001083423618636}],"image":"\/sites\/v\/visitvesteralen.com\/files\/2024\/04\/festeralen_hovedbilde.jpg","aspect":1.2987012987012987,"type":"image","description":null},"additionalData":[]},{"classes":["outercol"],"isFavourite":false,"isExternalUrl":{"articleLink":false},"articleListButtonsData":{"buttonsList":[{"label":"Les mer","url":"\/attraksjoner\/bo-museum","type":"readmore"}],"mode":"default"},"favouriteType":null,"mnu":null,"section":null,"displayId":true,"docId":296,"identifier":"296Article","docType":"Article","customDate":false,"teaserData":{"teaserText":"Museum","mode":"default"},"content":{"teaser":"Museum","intro":"B\u00f8 Museum ligger i naturskj\u00f8nne omgivelser ved Vinjesj\u00f8en. Bes\u00f8k den tidligere lensmannsg\u00e5rden Parkvoll med blant annet Regine Normann-utstilling, eventyrskog, rorbu og naust."},"titles":{"main":"B\u00f8 Museum - Museum Nord","readMoreButton":"Les mer"},"urls":{"readMore":"\/attraksjoner\/bo-museum","booking":null},"created":{"date":"27.02.2017","time":"22:06","timestamp":1488229560},"introAllowHtml":false,"hasTicket":false,"extra":{"cbis-sync-id":"cbis:688410","cbis-activity-product-id":"","cbis-show-in-slideshow":null},"hasReadMore":true,"media":{"imageData":{"path":"\/sites\/v\/visitvesteralen.com\/files\/bomuseum2020web.jpg","width":2560,"height":856,"aspectRatio":2.9906542056074765},"previewImageUrl":"\/sites\/v\/visitvesteralen.com\/files\/bomuseum2020web.jpg?cropToFit=100x77&quality=50","imageVariants":[{"path":"\/sites\/v\/visitvesteralen.com\/files\/bomuseum2020web.jpg?cropToFit=100x77&quality=75","width":100,"height":77,"aspectRatio":1.2987012987012987},{"path":"\/sites\/v\/visitvesteralen.com\/files\/bomuseum2020web.jpg?cropToFit=200x154&quality=75","width":200,"height":154,"aspectRatio":1.2987012987012987},{"path":"\/sites\/v\/visitvesteralen.com\/files\/bomuseum2020web.jpg?cropToFit=400x308&quality=75","width":400,"height":308,"aspectRatio":1.2987012987012987},{"path":"\/sites\/v\/visitvesteralen.com\/files\/bomuseum2020web.jpg?cropToFit=600x462&quality=75","width":600,"height":462,"aspectRatio":1.2987012987012987},{"path":"\/sites\/v\/visitvesteralen.com\/files\/bomuseum2020web.jpg?cropToFit=800x615&quality=75","width":800,"height":615,"aspectRatio":1.3008130081300813},{"path":"\/sites\/v\/visitvesteralen.com\/files\/bomuseum2020web.jpg?cropToFit=1000x769&quality=75","width":1000,"height":769,"aspectRatio":1.3003901170351104},{"path":"\/sites\/v\/visitvesteralen.com\/files\/bomuseum2020web.jpg?cropToFit=1200x923&quality=75","width":1113,"height":856,"aspectRatio":1.300233644859813}],"image":"\/sites\/v\/visitvesteralen.com\/files\/bomuseum2020web.jpg","aspect":1.2987012987012987,"type":"image","description":null},"additionalData":[]},{"classes":["outercol"],"isFavourite":false,"isExternalUrl":{"articleLink":false},"articleListButtonsData":{"buttonsList":[{"label":"Les mer","url":"\/attraksjoner\/melbo-hovedgard","type":"readmore"}],"mode":"default"},"favouriteType":null,"mnu":null,"section":null,"displayId":true,"docId":263,"identifier":"263Article","docType":"Article","customDate":false,"teaserData":{"teaserText":"Museum","mode":"default"},"content":{"teaser":"Museum","intro":"Melbo Hovedg\u00e5rd viser den \u00e6rverdige Melbo Hovedg\u00e5rd hvor gr\u00fcnder Christian Frederiksen og hans familie bodde. En guide vil ta med gjestene inn i huset og fortelle historien. Et 12 minutters billedspill gir en stemning og en oversikt over den aktiviteten som var p\u00e5 Melbu i begynnelsen av 1900 tallet."},"titles":{"main":"Melbo Hovedg\u00e5rd - Museum Nord","readMoreButton":"Les mer"},"urls":{"readMore":"\/attraksjoner\/melbo-hovedgard","booking":null},"created":{"date":"27.02.2017","time":"18:07","timestamp":1488215220},"introAllowHtml":false,"hasTicket":false,"extra":{"cbis-sync-id":"cbis:688843","cbis-activity-product-id":"","cbis-show-in-slideshow":null},"hasReadMore":true,"media":{"imageData":{"path":"\/sites\/v\/visitvesteralen.com\/files\/vesteraalsmuseetfotokjell20ove20storvik8176.jpg","width":1920,"height":1280,"aspectRatio":1.5},"previewImageUrl":"\/sites\/v\/visitvesteralen.com\/files\/vesteraalsmuseetfotokjell20ove20storvik8176.jpg?cropToFit=100x77&quality=50","imageVariants":[{"path":"\/sites\/v\/visitvesteralen.com\/files\/vesteraalsmuseetfotokjell20ove20storvik8176.jpg?cropToFit=100x77&quality=75","width":100,"height":77,"aspectRatio":1.2987012987012987},{"path":"\/sites\/v\/visitvesteralen.com\/files\/vesteraalsmuseetfotokjell20ove20storvik8176.jpg?cropToFit=200x154&quality=75","width":200,"height":154,"aspectRatio":1.2987012987012987},{"path":"\/sites\/v\/visitvesteralen.com\/files\/vesteraalsmuseetfotokjell20ove20storvik8176.jpg?cropToFit=400x308&quality=75","width":400,"height":308,"aspectRatio":1.2987012987012987},{"path":"\/sites\/v\/visitvesteralen.com\/files\/vesteraalsmuseetfotokjell20ove20storvik8176.jpg?cropToFit=600x462&quality=75","width":600,"height":462,"aspectRatio":1.2987012987012987},{"path":"\/sites\/v\/visitvesteralen.com\/files\/vesteraalsmuseetfotokjell20ove20storvik8176.jpg?cropToFit=800x615&quality=75","width":800,"height":615,"aspectRatio":1.3008130081300813},{"path":"\/sites\/v\/visitvesteralen.com\/files\/vesteraalsmuseetfotokjell20ove20storvik8176.jpg?cropToFit=1000x769&quality=75","width":1000,"height":769,"aspectRatio":1.3003901170351104},{"path":"\/sites\/v\/visitvesteralen.com\/files\/vesteraalsmuseetfotokjell20ove20storvik8176.jpg?cropToFit=1200x923&quality=75","width":1200,"height":923,"aspectRatio":1.3001083423618636}],"image":"\/sites\/v\/visitvesteralen.com\/files\/vesteraalsmuseetfotokjell20ove20storvik8176.jpg","aspect":1.2987012987012987,"type":"image","description":null},"additionalData":[]},{"classes":["outercol"],"isFavourite":false,"isExternalUrl":{"articleLink":false},"articleListButtonsData":{"buttonsList":[{"label":"Les mer","url":"\/attraksjoner\/jennestad-handelssted","type":"readmore"}],"mode":"default"},"favouriteType":null,"mnu":null,"section":null,"displayId":true,"docId":258,"identifier":"258Article","docType":"Article","customDate":false,"teaserData":{"teaserText":"Museum","mode":"default"},"content":{"teaser":"Museum","intro":"Sortland Museum har sommerdrift i den gamle butikken i brygga p\u00e5 Jennestad handelssted ca. 8 km nord for Sortland sentrum (skilt ved riksvei 820). Her har tida st\u00e5tt stille etter nedlegginga av butikken i 1982. Hyllene har autentiske varer av alle slag, og i brygga er ogs\u00e5 det gamle postkontoret og skipsekspedisjonen. Bes\u00f8kende kan kj\u00f8pe lokale husflidsvarer, kort, karameller og lokal historisk litteratur.\r\n"},"titles":{"main":"Jennestad handelssted - Museum Nord","readMoreButton":"Les mer"},"urls":{"readMore":"\/attraksjoner\/jennestad-handelssted","booking":null},"created":{"date":"27.02.2017","time":"17:07","timestamp":1488211620},"introAllowHtml":false,"hasTicket":false,"extra":{"cbis-sync-id":"cbis:688416","cbis-activity-product-id":"","cbis-show-in-slideshow":null},"hasReadMore":true,"media":{"imageData":{"path":"\/sites\/v\/visitvesteralen.com\/files\/jennestadhandelsstedbryggehovedbilde_fototrondgjohnsen.jpg","width":2400,"height":958,"aspectRatio":2.5052192066805845},"previewImageUrl":"\/sites\/v\/visitvesteralen.com\/files\/jennestadhandelsstedbryggehovedbilde_fototrondgjohnsen.jpg?cropToFit=100x77&quality=50","imageVariants":[{"path":"\/sites\/v\/visitvesteralen.com\/files\/jennestadhandelsstedbryggehovedbilde_fototrondgjohnsen.jpg?cropToFit=100x77&quality=75","width":100,"height":77,"aspectRatio":1.2987012987012987},{"path":"\/sites\/v\/visitvesteralen.com\/files\/jennestadhandelsstedbryggehovedbilde_fototrondgjohnsen.jpg?cropToFit=200x154&quality=75","width":200,"height":154,"aspectRatio":1.2987012987012987},{"path":"\/sites\/v\/visitvesteralen.com\/files\/jennestadhandelsstedbryggehovedbilde_fototrondgjohnsen.jpg?cropToFit=400x308&quality=75","width":400,"height":308,"aspectRatio":1.2987012987012987},{"path":"\/sites\/v\/visitvesteralen.com\/files\/jennestadhandelsstedbryggehovedbilde_fototrondgjohnsen.jpg?cropToFit=600x462&quality=75","width":600,"height":462,"aspectRatio":1.2987012987012987},{"path":"\/sites\/v\/visitvesteralen.com\/files\/jennestadhandelsstedbryggehovedbilde_fototrondgjohnsen.jpg?cropToFit=800x615&quality=75","width":800,"height":615,"aspectRatio":1.3008130081300813},{"path":"\/sites\/v\/visitvesteralen.com\/files\/jennestadhandelsstedbryggehovedbilde_fototrondgjohnsen.jpg?cropToFit=1000x769&quality=75","width":1000,"height":769,"aspectRatio":1.3003901170351104},{"path":"\/sites\/v\/visitvesteralen.com\/files\/jennestadhandelsstedbryggehovedbilde_fototrondgjohnsen.jpg?cropToFit=1200x923&quality=75","width":1200,"height":923,"aspectRatio":1.3001083423618636}],"image":"\/sites\/v\/visitvesteralen.com\/files\/jennestadhandelsstedbryggehovedbilde_fototrondgjohnsen.jpg","aspect":1.2987012987012987,"type":"image","description":"Jennestad handelssted"},"additionalData":[]},{"classes":["outercol"],"isFavourite":false,"isExternalUrl":{"articleLink":false},"articleListButtonsData":{"buttonsList":[{"label":"Les mer","url":"\/attraksjoner\/oksnes-museum","type":"readmore"}],"mode":"default"},"favouriteType":null,"mnu":null,"section":null,"displayId":true,"docId":264,"identifier":"264Article","docType":"Article","customDate":false,"teaserData":{"teaserText":"Museum","mode":"default"},"content":{"teaser":"Museum","intro":"Bes\u00f8k vakre Alsv\u00e5gg\u00e5rden, v\u00e5ningshuset med en 450 \u00e5r lang historie. Bli gjerne med p\u00e5 omvisning."},"titles":{"main":"\u00d8ksnes museum - Museum Nord","readMoreButton":"Les mer"},"urls":{"readMore":"\/attraksjoner\/oksnes-museum","booking":null},"created":{"date":"27.02.2017","time":"18:07","timestamp":1488215220},"introAllowHtml":false,"hasTicket":false,"extra":{"cbis-sync-id":"cbis:688864","cbis-activity-product-id":"","cbis-show-in-slideshow":null},"hasReadMore":true,"media":{"imageData":{"path":"\/sites\/v\/visitvesteralen.com\/files\/oksnesmuseumfotokjellovestorvik.jpg","width":1920,"height":1280,"aspectRatio":1.5},"previewImageUrl":"\/sites\/v\/visitvesteralen.com\/files\/oksnesmuseumfotokjellovestorvik.jpg?cropToFit=100x77&quality=50","imageVariants":[{"path":"\/sites\/v\/visitvesteralen.com\/files\/oksnesmuseumfotokjellovestorvik.jpg?cropToFit=100x77&quality=75","width":100,"height":77,"aspectRatio":1.2987012987012987},{"path":"\/sites\/v\/visitvesteralen.com\/files\/oksnesmuseumfotokjellovestorvik.jpg?cropToFit=200x154&quality=75","width":200,"height":154,"aspectRatio":1.2987012987012987},{"path":"\/sites\/v\/visitvesteralen.com\/files\/oksnesmuseumfotokjellovestorvik.jpg?cropToFit=400x308&quality=75","width":400,"height":308,"aspectRatio":1.2987012987012987},{"path":"\/sites\/v\/visitvesteralen.com\/files\/oksnesmuseumfotokjellovestorvik.jpg?cropToFit=600x462&quality=75","width":600,"height":462,"aspectRatio":1.2987012987012987},{"path":"\/sites\/v\/visitvesteralen.com\/files\/oksnesmuseumfotokjellovestorvik.jpg?cropToFit=800x615&quality=75","width":800,"height":615,"aspectRatio":1.3008130081300813},{"path":"\/sites\/v\/visitvesteralen.com\/files\/oksnesmuseumfotokjellovestorvik.jpg?cropToFit=1000x769&quality=75","width":1000,"height":769,"aspectRatio":1.3003901170351104},{"path":"\/sites\/v\/visitvesteralen.com\/files\/oksnesmuseumfotokjellovestorvik.jpg?cropToFit=1200x923&quality=75","width":1200,"height":923,"aspectRatio":1.3001083423618636}],"image":"\/sites\/v\/visitvesteralen.com\/files\/oksnesmuseumfotokjellovestorvik.jpg","aspect":1.2987012987012987,"type":"image","description":"\u00d8ksnes Museum"},"additionalData":[]},{"classes":["outercol"],"isFavourite":false,"isExternalUrl":{"articleLink":false},"articleListButtonsData":{"buttonsList":[{"label":"Les mer","url":"\/attraksjoner\/saabyesbibliotek","type":"readmore"}],"mode":"default"},"favouriteType":null,"mnu":null,"section":null,"displayId":true,"docId":268,"identifier":"268Article","docType":"Article","customDate":false,"teaserData":{"teaserText":"Historisk bibliotek","mode":"default"},"content":{"teaser":"Historisk bibliotek","intro":"Bes\u00f8k v\u00e5rt hyggelige bibliotek p\u00e5 Sortland Hotell.\r\nI Saabyes bibliotek finner du alle verk utgitt av Lars Saabye Christensen. Det v\u00e6re seg alle hans romaner, poesi, skuespill, film, musikk - inkludert oversettelser. Alt dette donert av Lars Saabye Christensen."},"titles":{"main":"Saabyes Bibliotek - Thon Partner Hotel Sortland","readMoreButton":"Les mer"},"urls":{"readMore":"\/attraksjoner\/saabyesbibliotek","booking":null},"created":{"date":"27.02.2017","time":"19:06","timestamp":1488218760},"introAllowHtml":false,"hasTicket":false,"extra":{"cbis-sync-id":"cbis:692700","cbis-activity-product-id":"","cbis-show-in-slideshow":null},"hasReadMore":true,"media":{"imageData":{"path":"\/sites\/v\/visitvesteralen.com\/files\/_dsc3598_tonemapped.jpg","width":2500,"height":1668,"aspectRatio":1.498800959232614},"previewImageUrl":"\/sites\/v\/visitvesteralen.com\/files\/_dsc3598_tonemapped.jpg?cropToFit=100x77&quality=50","imageVariants":[{"path":"\/sites\/v\/visitvesteralen.com\/files\/_dsc3598_tonemapped.jpg?cropToFit=100x77&quality=75","width":100,"height":77,"aspectRatio":1.2987012987012987},{"path":"\/sites\/v\/visitvesteralen.com\/files\/_dsc3598_tonemapped.jpg?cropToFit=200x154&quality=75","width":200,"height":154,"aspectRatio":1.2987012987012987},{"path":"\/sites\/v\/visitvesteralen.com\/files\/_dsc3598_tonemapped.jpg?cropToFit=400x308&quality=75","width":400,"height":308,"aspectRatio":1.2987012987012987},{"path":"\/sites\/v\/visitvesteralen.com\/files\/_dsc3598_tonemapped.jpg?cropToFit=600x462&quality=75","width":600,"height":462,"aspectRatio":1.2987012987012987},{"path":"\/sites\/v\/visitvesteralen.com\/files\/_dsc3598_tonemapped.jpg?cropToFit=800x615&quality=75","width":800,"height":615,"aspectRatio":1.3008130081300813},{"path":"\/sites\/v\/visitvesteralen.com\/files\/_dsc3598_tonemapped.jpg?cropToFit=1000x769&quality=75","width":1000,"height":769,"aspectRatio":1.3003901170351104},{"path":"\/sites\/v\/visitvesteralen.com\/files\/_dsc3598_tonemapped.jpg?cropToFit=1200x923&quality=75","width":1200,"height":923,"aspectRatio":1.3001083423618636}],"image":"\/sites\/v\/visitvesteralen.com\/files\/_dsc3598_tonemapped.jpg","aspect":1.2987012987012987,"type":"image","description":null},"additionalData":[]},{"classes":["outercol"],"isFavourite":false,"isExternalUrl":{"articleLink":false},"articleListButtonsData":{"buttonsList":[{"label":"Les mer","url":"\/attraksjoner\/alveland-butikk-cafe","type":"readmore"}],"mode":"default"},"favouriteType":null,"mnu":null,"section":null,"displayId":true,"docId":339,"identifier":"339Article","docType":"Article","customDate":false,"teaserData":{"teaserText":"H\u00e5ndlagde s\u00e5per & kaf\u00e9","mode":"default"},"content":{"teaser":"H\u00e5ndlagde s\u00e5per & kaf\u00e9","intro":"Alveland Butikk og Caf\u00e9 spesialiserer seg p\u00e5 naturprodukter, h\u00e5ndlagede s\u00e5per og og kortreist mat i g\u00e5rdskaf\u00e9en. "},"titles":{"main":"Alveland Butikk & Caf\u00e9","readMoreButton":"Les mer"},"urls":{"readMore":"\/attraksjoner\/alveland-butikk-cafe","booking":null},"created":{"date":"28.02.2017","time":"03:06","timestamp":1488247560},"introAllowHtml":false,"hasTicket":false,"extra":{"cbis-sync-id":"cbis:1282849","cbis-activity-product-id":"","cbis-show-in-slideshow":null},"hasReadMore":true,"media":{"imageData":{"path":"\/sites\/v\/visitvesteralen.com\/files\/img_5877.jpg","width":2500,"height":1667,"aspectRatio":1.4997000599880024},"previewImageUrl":"\/sites\/v\/visitvesteralen.com\/files\/img_5877.jpg?cropToFit=100x77&quality=50","imageVariants":[{"path":"\/sites\/v\/visitvesteralen.com\/files\/img_5877.jpg?cropToFit=100x77&quality=75","width":100,"height":77,"aspectRatio":1.2987012987012987},{"path":"\/sites\/v\/visitvesteralen.com\/files\/img_5877.jpg?cropToFit=200x154&quality=75","width":200,"height":154,"aspectRatio":1.2987012987012987},{"path":"\/sites\/v\/visitvesteralen.com\/files\/img_5877.jpg?cropToFit=400x308&quality=75","width":400,"height":308,"aspectRatio":1.2987012987012987},{"path":"\/sites\/v\/visitvesteralen.com\/files\/img_5877.jpg?cropToFit=600x462&quality=75","width":600,"height":462,"aspectRatio":1.2987012987012987},{"path":"\/sites\/v\/visitvesteralen.com\/files\/img_5877.jpg?cropToFit=800x615&quality=75","width":800,"height":615,"aspectRatio":1.3008130081300813},{"path":"\/sites\/v\/visitvesteralen.com\/files\/img_5877.jpg?cropToFit=1000x769&quality=75","width":1000,"height":769,"aspectRatio":1.3003901170351104},{"path":"\/sites\/v\/visitvesteralen.com\/files\/img_5877.jpg?cropToFit=1200x923&quality=75","width":1200,"height":923,"aspectRatio":1.3001083423618636}],"image":"\/sites\/v\/visitvesteralen.com\/files\/img_5877.jpg","aspect":1.2987012987012987,"type":"image","description":"Skilt som viser veien til Alveland."},"additionalData":[]},{"classes":["outercol"],"isFavourite":false,"isExternalUrl":{"articleLink":false},"articleListButtonsData":{"buttonsList":[{"label":"Les mer","url":"\/attraksjoner\/galleri-uver-kafe","type":"readmore"}],"mode":"default"},"favouriteType":null,"mnu":null,"section":null,"displayId":true,"docId":766,"identifier":"766Article","docType":"Article","customDate":false,"teaserData":{"teaserText":"Galleri & kaf\u00e9","mode":"default"},"content":{"teaser":"Galleri & kaf\u00e9","intro":"Galleri Uver holder til p\u00e5 yttersia av Hadsel\u00f8ya ved inngangen til idylliske Teigandalen. Kunstgalleri og kaf\u00e9 omgitt av turstier og fiskevann. Her holder glass- og billedkunstner Siv Johansen til. Betty's Tesalong serverer hjemmelagde kaker og andre fristelser i gallerikaf\u00e9en."},"titles":{"main":"Galleri Uver","readMoreButton":"Les mer"},"urls":{"readMore":"\/attraksjoner\/galleri-uver-kafe","booking":null},"created":{"date":"16.03.2020","time":"11:07","timestamp":1584353220},"introAllowHtml":false,"hasTicket":false,"extra":{"cbis-activity-product-id":"","cbis-show-in-slideshow":null},"hasReadMore":true,"media":{"imageData":{"path":"\/sites\/v\/visitvesteralen.com\/files\/kafegalleriuversitrondrysskake2.jpg","width":773,"height":976,"aspectRatio":0.7920081967213115},"previewImageUrl":"\/sites\/v\/visitvesteralen.com\/files\/kafegalleriuversitrondrysskake2.jpg?cropToFit=100x77&quality=50","imageVariants":[{"path":"\/sites\/v\/visitvesteralen.com\/files\/kafegalleriuversitrondrysskake2.jpg?cropToFit=100x77&quality=75","width":100,"height":77,"aspectRatio":1.2987012987012987},{"path":"\/sites\/v\/visitvesteralen.com\/files\/kafegalleriuversitrondrysskake2.jpg?cropToFit=200x154&quality=75","width":200,"height":154,"aspectRatio":1.2987012987012987},{"path":"\/sites\/v\/visitvesteralen.com\/files\/kafegalleriuversitrondrysskake2.jpg?cropToFit=400x308&quality=75","width":400,"height":308,"aspectRatio":1.2987012987012987},{"path":"\/sites\/v\/visitvesteralen.com\/files\/kafegalleriuversitrondrysskake2.jpg?cropToFit=600x462&quality=75","width":600,"height":462,"aspectRatio":1.2987012987012987},{"path":"\/sites\/v\/visitvesteralen.com\/files\/kafegalleriuversitrondrysskake2.jpg?cropToFit=800x615&quality=75","width":773,"height":594,"aspectRatio":1.3013468013468013},{"path":"\/sites\/v\/visitvesteralen.com\/files\/kafegalleriuversitrondrysskake2.jpg?cropToFit=1000x769&quality=75","width":773,"height":594,"aspectRatio":1.3013468013468013},{"path":"\/sites\/v\/visitvesteralen.com\/files\/kafegalleriuversitrondrysskake2.jpg?cropToFit=1200x923&quality=75","width":773,"height":595,"aspectRatio":1.2991596638655463}],"image":"\/sites\/v\/visitvesteralen.com\/files\/kafegalleriuversitrondrysskake2.jpg","aspect":1.2987012987012987,"type":"image","description":"Sitrondryss kake"},"additionalData":[]},{"classes":["outercol"],"isFavourite":false,"isExternalUrl":{"articleLink":false},"articleListButtonsData":{"buttonsList":[{"label":"Les mer","url":"\/attraksjoner\/keramikk-kafe-bla","type":"readmore"}],"mode":"default"},"favouriteType":null,"mnu":null,"section":null,"displayId":true,"docId":1047,"identifier":"1047Article","docType":"Article","customDate":false,"teaserData":{"teaserText":"Kaf\u00e9 og Butikk","mode":"default"},"content":{"teaser":"Kaf\u00e9 og Butikk","intro":"Unik liten keramikk galleri og hjemmekaf\u00e9 med fantastisk utsikt."},"titles":{"main":"Keramikk Kaf\u00e9 Bl\u00e5","readMoreButton":"Les mer"},"urls":{"readMore":"\/attraksjoner\/keramikk-kafe-bla","booking":null},"created":{"date":"29.12.2021","time":"17:34","timestamp":1640795640},"introAllowHtml":false,"hasTicket":false,"extra":{"cbis-activity-product-id":"","cbis-show-in-slideshow":null},"hasReadMore":true,"media":{"imageData":{"path":"\/sites\/v\/visitvesteralen.com\/files\/keramikk-kafe-bla-ute.jpg","width":3755,"height":2563,"aspectRatio":1.4650799843932891},"previewImageUrl":"\/sites\/v\/visitvesteralen.com\/files\/keramikk-kafe-bla-ute.jpg?cropToFit=100x77&quality=50","imageVariants":[{"path":"\/sites\/v\/visitvesteralen.com\/files\/keramikk-kafe-bla-ute.jpg?cropToFit=100x77&quality=75","width":100,"height":77,"aspectRatio":1.2987012987012987},{"path":"\/sites\/v\/visitvesteralen.com\/files\/keramikk-kafe-bla-ute.jpg?cropToFit=200x154&quality=75","width":200,"height":154,"aspectRatio":1.2987012987012987},{"path":"\/sites\/v\/visitvesteralen.com\/files\/keramikk-kafe-bla-ute.jpg?cropToFit=400x308&quality=75","width":400,"height":308,"aspectRatio":1.2987012987012987},{"path":"\/sites\/v\/visitvesteralen.com\/files\/keramikk-kafe-bla-ute.jpg?cropToFit=600x462&quality=75","width":600,"height":462,"aspectRatio":1.2987012987012987},{"path":"\/sites\/v\/visitvesteralen.com\/files\/keramikk-kafe-bla-ute.jpg?cropToFit=800x615&quality=75","width":800,"height":615,"aspectRatio":1.3008130081300813},{"path":"\/sites\/v\/visitvesteralen.com\/files\/keramikk-kafe-bla-ute.jpg?cropToFit=1000x769&quality=75","width":1000,"height":769,"aspectRatio":1.3003901170351104},{"path":"\/sites\/v\/visitvesteralen.com\/files\/keramikk-kafe-bla-ute.jpg?cropToFit=1200x923&quality=75","width":1200,"height":923,"aspectRatio":1.3001083423618636}],"image":"\/sites\/v\/visitvesteralen.com\/files\/keramikk-kafe-bla-ute.jpg","aspect":1.2987012987012987,"type":"image","description":"Keramikk Kaf\u00e9 Bl\u00e5 inngang"},"additionalData":[]},{"classes":["outercol"],"isFavourite":false,"isExternalUrl":{"articleLink":false},"articleListButtonsData":{"buttonsList":[{"label":"Les mer","url":"\/attraksjoner\/uvarshula-vesteralen","type":"readmore"}],"mode":"default"},"favouriteType":null,"mnu":null,"section":null,"displayId":true,"docId":466,"identifier":"466Article","docType":"Article","customDate":false,"teaserData":{"teaserText":"Uv\u00e6rshuler i Vester\u00e5len","mode":"default"},"content":{"teaser":"Uv\u00e6rshuler i Vester\u00e5len","intro":"S\u00f8r\u00f8st p\u00e5 Hadsel\u00f8ya, p\u00e5 folkemunne kalt p\u00e5 \u00abyttersia\u00bb av Hadsel\u00f8ya, finner man Teigan, et popul\u00e6rt utfartsm\u00e5l for b\u00e5de fastboende og bes\u00f8kende.  Ikke bare p\u00e5 grunn av den fine sandstranden, klatrefjellet og den landlige naturen i n\u00e6romr\u00e5det, men ogs\u00e5 p\u00e5 grunn av et lite byggverk som er godt skjermet mellom to bergknauser nede i fj\u00e6ra, kalt \u00abUv\u00e6rshula\u00bb. \r\nPopulariteten til denne uv\u00e6rshula gjorde at flere ble bygget p\u00e5 andre steder i Vester\u00e5len."},"titles":{"main":"Uv\u00e6rshula ","readMoreButton":"Les mer"},"urls":{"readMore":"\/attraksjoner\/uvarshula-vesteralen","booking":null},"created":{"date":"14.03.2018","time":"12:44","timestamp":1521027840},"introAllowHtml":false,"hasTicket":false,"extra":{"cbis-activity-product-id":"","cbis-show-in-slideshow":null},"hasReadMore":true,"media":{"imageData":{"path":"\/sites\/v\/visitvesteralen.com\/files\/img_0747.jpg","width":2500,"height":1667,"aspectRatio":1.4997000599880024},"previewImageUrl":"\/sites\/v\/visitvesteralen.com\/files\/img_0747.jpg?cropToFit=100x77&quality=50","imageVariants":[{"path":"\/sites\/v\/visitvesteralen.com\/files\/img_0747.jpg?cropToFit=100x77&quality=75","width":100,"height":77,"aspectRatio":1.2987012987012987},{"path":"\/sites\/v\/visitvesteralen.com\/files\/img_0747.jpg?cropToFit=200x154&quality=75","width":200,"height":154,"aspectRatio":1.2987012987012987},{"path":"\/sites\/v\/visitvesteralen.com\/files\/img_0747.jpg?cropToFit=400x308&quality=75","width":400,"height":308,"aspectRatio":1.2987012987012987},{"path":"\/sites\/v\/visitvesteralen.com\/files\/img_0747.jpg?cropToFit=600x462&quality=75","width":600,"height":462,"aspectRatio":1.2987012987012987},{"path":"\/sites\/v\/visitvesteralen.com\/files\/img_0747.jpg?cropToFit=800x615&quality=75","width":800,"height":615,"aspectRatio":1.3008130081300813},{"path":"\/sites\/v\/visitvesteralen.com\/files\/img_0747.jpg?cropToFit=1000x769&quality=75","width":1000,"height":769,"aspectRatio":1.3003901170351104},{"path":"\/sites\/v\/visitvesteralen.com\/files\/img_0747.jpg?cropToFit=1200x923&quality=75","width":1200,"height":923,"aspectRatio":1.3001083423618636}],"image":"\/sites\/v\/visitvesteralen.com\/files\/img_0747.jpg","aspect":1.2987012987012987,"type":"image","description":"Uv\u00e6rshula Teigan"},"additionalData":[]},{"classes":["outercol"],"isFavourite":false,"isExternalUrl":{"articleLink":false},"articleListButtonsData":{"buttonsList":[{"label":"Les mer","url":"\/attraksjoner\/kultur","type":"readmore"}],"mode":"default"},"favouriteType":null,"mnu":null,"section":null,"displayId":true,"docId":47,"identifier":"47Article","docType":"Article","customDate":false,"teaserData":{"teaserText":"Attraksjoner","mode":"default"},"content":{"teaser":"Attraksjoner","intro":"Vester\u00e5len har mange flotte attraksjoner og en eventyrlig natur, som er en opplevelse i seg selv. Mange fasinerende fjellrekker, dype fjorder, kritthvite sandstrender og fine skogsomr\u00e5der. Utenfor \u00f8yene i Vester\u00e5len ligger storhavet. "},"titles":{"main":"Kultur og attraksjoner over hele Vester\u00e5len","readMoreButton":"Les mer"},"urls":{"readMore":"\/attraksjoner\/kultur","booking":null},"created":{"date":"31.10.2014","time":"12:02","timestamp":1414753320},"introAllowHtml":false,"hasTicket":false,"extra":{"cbis-activity-product-id":"","cbis-show-in-slideshow":null},"hasReadMore":true,"media":{"imageData":{"path":"\/sites\/v\/visitvesteralen.com\/files\/003520_ystein_lunde_ingvaldsen_www.nordnorge.com_boe.jpg","width":1600,"height":1065,"aspectRatio":1.5023474178403755},"previewImageUrl":"\/sites\/v\/visitvesteralen.com\/files\/003520_ystein_lunde_ingvaldsen_www.nordnorge.com_boe.jpg?cropToFit=100x77&quality=50","imageVariants":[{"path":"\/sites\/v\/visitvesteralen.com\/files\/003520_ystein_lunde_ingvaldsen_www.nordnorge.com_boe.jpg?cropToFit=100x77&quality=75","width":100,"height":77,"aspectRatio":1.2987012987012987},{"path":"\/sites\/v\/visitvesteralen.com\/files\/003520_ystein_lunde_ingvaldsen_www.nordnorge.com_boe.jpg?cropToFit=200x154&quality=75","width":200,"height":154,"aspectRatio":1.2987012987012987},{"path":"\/sites\/v\/visitvesteralen.com\/files\/003520_ystein_lunde_ingvaldsen_www.nordnorge.com_boe.jpg?cropToFit=400x308&quality=75","width":400,"height":308,"aspectRatio":1.2987012987012987},{"path":"\/sites\/v\/visitvesteralen.com\/files\/003520_ystein_lunde_ingvaldsen_www.nordnorge.com_boe.jpg?cropToFit=600x462&quality=75","width":600,"height":462,"aspectRatio":1.2987012987012987},{"path":"\/sites\/v\/visitvesteralen.com\/files\/003520_ystein_lunde_ingvaldsen_www.nordnorge.com_boe.jpg?cropToFit=800x615&quality=75","width":800,"height":615,"aspectRatio":1.3008130081300813},{"path":"\/sites\/v\/visitvesteralen.com\/files\/003520_ystein_lunde_ingvaldsen_www.nordnorge.com_boe.jpg?cropToFit=1000x769&quality=75","width":1000,"height":769,"aspectRatio":1.3003901170351104},{"path":"\/sites\/v\/visitvesteralen.com\/files\/003520_ystein_lunde_ingvaldsen_www.nordnorge.com_boe.jpg?cropToFit=1200x923&quality=75","width":1200,"height":923,"aspectRatio":1.3001083423618636}],"image":"\/sites\/v\/visitvesteralen.com\/files\/003520_ystein_lunde_ingvaldsen_www.nordnorge.com_boe.jpg","aspect":1.2987012987012987,"type":"image","description":"\u00d8ystein Lunde Ingvaldsen"},"additionalData":[]}],"pages":[1],"currentPage":1,"sections":[]}