{"articles":[{"classes":["outercol"],"isFavourite":false,"isExternalUrl":{"articleLink":false},"articleListButtonsData":{"buttonsList":[{"label":"Read more","url":"\/en\/hotels\/quality-hotel-richard-with","type":"readmore"},{"label":"Booking","url":"https:\/\/booking.visitvesteralen.com\/en\/stays\/hotel\/2633944\/quality-hoteltm-richard?gc-0-adults=2","type":"booking"}],"mode":"default"},"favouriteType":null,"mnu":null,"section":null,"displayId":true,"docId":2639,"identifier":"2639Article","docType":"Article","customDate":false,"teaserData":{"teaserText":"Hotel","mode":"default"},"content":{"teaser":"Hotel","intro":"Use your time for what matters most. Bring your children, your girlfriend, your dog and the whole family to the Quality Hotel\u2122 Richard With."},"titles":{"main":"Quality Hotel Richard With","readMoreButton":"Read more"},"urls":{"readMore":"\/en\/hotels\/quality-hotel-richard-with","booking":"https:\/\/booking.visitvesteralen.com\/en\/stays\/hotel\/2633944\/quality-hoteltm-richard?gc-0-adults=2"},"created":{"date":"11\/04\/2023","time":"09:13","timestamp":1681197180},"introAllowHtml":false,"hasTicket":false,"extra":{"cbis-activity-product-id":"","cbis-show-in-slideshow":null},"hasReadMore":true,"media":{"imageData":{"path":"\/sites\/v\/visitvesteralen.com\/files\/outdoor-view-towards-hotel-from-bridge-quality-hotel-richard-with__2_.jpg","width":2400,"height":1797,"aspectRatio":1.335559265442404},"previewImageUrl":"\/sites\/v\/visitvesteralen.com\/files\/outdoor-view-towards-hotel-from-bridge-quality-hotel-richard-with__2_.jpg?cropToFit=100x59&quality=50","imageVariants":[{"path":"\/sites\/v\/visitvesteralen.com\/files\/outdoor-view-towards-hotel-from-bridge-quality-hotel-richard-with__2_.jpg?cropToFit=100x59&quality=75","width":100,"height":59,"aspectRatio":1.694915254237288},{"path":"\/sites\/v\/visitvesteralen.com\/files\/outdoor-view-towards-hotel-from-bridge-quality-hotel-richard-with__2_.jpg?cropToFit=200x118&quality=75","width":200,"height":118,"aspectRatio":1.694915254237288},{"path":"\/sites\/v\/visitvesteralen.com\/files\/outdoor-view-towards-hotel-from-bridge-quality-hotel-richard-with__2_.jpg?cropToFit=400x235&quality=75","width":400,"height":235,"aspectRatio":1.702127659574468},{"path":"\/sites\/v\/visitvesteralen.com\/files\/outdoor-view-towards-hotel-from-bridge-quality-hotel-richard-with__2_.jpg?cropToFit=600x353&quality=75","width":600,"height":353,"aspectRatio":1.6997167138810199},{"path":"\/sites\/v\/visitvesteralen.com\/files\/outdoor-view-towards-hotel-from-bridge-quality-hotel-richard-with__2_.jpg?cropToFit=800x471&quality=75","width":800,"height":471,"aspectRatio":1.6985138004246285},{"path":"\/sites\/v\/visitvesteralen.com\/files\/outdoor-view-towards-hotel-from-bridge-quality-hotel-richard-with__2_.jpg?cropToFit=1000x588&quality=75","width":1000,"height":588,"aspectRatio":1.7006802721088434},{"path":"\/sites\/v\/visitvesteralen.com\/files\/outdoor-view-towards-hotel-from-bridge-quality-hotel-richard-with__2_.jpg?cropToFit=1200x706&quality=75","width":1200,"height":706,"aspectRatio":1.6997167138810199}],"image":"\/sites\/v\/visitvesteralen.com\/files\/outdoor-view-towards-hotel-from-bridge-quality-hotel-richard-with__2_.jpg","aspect":1.694915254237288,"type":"image","description":"Quality Hotel Richard With Stokmarknes"},"additionalData":[]},{"classes":["outercol"],"isFavourite":false,"isExternalUrl":{"articleLink":false},"articleListButtonsData":{"buttonsList":[{"label":"Read more","url":"\/en\/hotels\/andenes-suite-hotel","type":"readmore"}],"mode":"default"},"favouriteType":null,"mnu":null,"section":null,"displayId":true,"docId":1112,"identifier":"1112Article","docType":"Article","customDate":false,"teaserData":{"teaserText":"Hotel","mode":"default"},"content":{"teaser":"Hotel","intro":"Our suite hotel is designed to give you the combination of spacious living and adventurous experiences in Northern Norwegian surroundings."},"titles":{"main":"Andenes Suite Hotel","readMoreButton":"Read more"},"urls":{"readMore":"\/en\/hotels\/andenes-suite-hotel","booking":null},"created":{"date":"06\/05\/2022","time":"12:47","timestamp":1651834020},"introAllowHtml":false,"hasTicket":false,"extra":{"cbis-activity-product-id":"","cbis-show-in-slideshow":null},"hasReadMore":true,"media":{"imageData":{"path":"\/sites\/v\/visitvesteralen.com\/files\/ash_suite-31.jpg","width":923,"height":779,"aspectRatio":1.1848523748395379},"previewImageUrl":"\/sites\/v\/visitvesteralen.com\/files\/ash_suite-31.jpg?cropToFit=100x59&quality=50","imageVariants":[{"path":"\/sites\/v\/visitvesteralen.com\/files\/ash_suite-31.jpg?cropToFit=100x59&quality=75","width":100,"height":59,"aspectRatio":1.694915254237288},{"path":"\/sites\/v\/visitvesteralen.com\/files\/ash_suite-31.jpg?cropToFit=200x118&quality=75","width":200,"height":118,"aspectRatio":1.694915254237288},{"path":"\/sites\/v\/visitvesteralen.com\/files\/ash_suite-31.jpg?cropToFit=400x235&quality=75","width":400,"height":235,"aspectRatio":1.702127659574468},{"path":"\/sites\/v\/visitvesteralen.com\/files\/ash_suite-31.jpg?cropToFit=600x353&quality=75","width":600,"height":353,"aspectRatio":1.6997167138810199},{"path":"\/sites\/v\/visitvesteralen.com\/files\/ash_suite-31.jpg?cropToFit=800x471&quality=75","width":800,"height":471,"aspectRatio":1.6985138004246285},{"path":"\/sites\/v\/visitvesteralen.com\/files\/ash_suite-31.jpg?cropToFit=1000x588&quality=75","width":923,"height":543,"aspectRatio":1.6998158379373849},{"path":"\/sites\/v\/visitvesteralen.com\/files\/ash_suite-31.jpg?cropToFit=1200x706&quality=75","width":923,"height":543,"aspectRatio":1.6998158379373849}],"image":"\/sites\/v\/visitvesteralen.com\/files\/ash_suite-31.jpg","aspect":1.694915254237288,"type":"image","description":null},"additionalData":[]},{"classes":["outercol"],"isFavourite":false,"isExternalUrl":{"articleLink":false},"articleListButtonsData":{"buttonsList":[{"label":"Read more","url":"\/en\/hotels\/ringstad-resort","type":"readmore"},{"label":"Booking","url":"https:\/\/booking.visitvesteralen.com\/en\/stays\/hotel\/2177120\/ringstad-resort?gc-0-adults=2","type":"booking"}],"mode":"default"},"favouriteType":null,"mnu":null,"section":null,"displayId":true,"docId":212,"identifier":"212Article","docType":"Article","customDate":false,"teaserData":{"teaserText":"Apartments, seahouse & holiday homes","mode":"default"},"content":{"teaser":"Apartments, seahouse & holiday homes","intro":"Welcome to Ringstad Resort, a unique tourist destination idyllically located by the sea in Vester\u00e5len."},"titles":{"main":"Ringstad Resort \u2013 a natural paradise in Vester\u00e5len","readMoreButton":"Read more"},"urls":{"readMore":"\/en\/hotels\/ringstad-resort","booking":"https:\/\/booking.visitvesteralen.com\/en\/stays\/hotel\/2177120\/ringstad-resort?gc-0-adults=2"},"created":{"date":"23\/02\/2017","time":"13:01","timestamp":1487851260},"introAllowHtml":false,"hasTicket":false,"extra":{"cbis-activity-product-id":"","cbis-sync-id":"cbis:717689","cbis-show-in-slideshow":null},"hasReadMore":true,"media":{"imageData":{"path":"\/sites\/v\/visitvesteralen.com\/files\/2024\/11\/ringstad-resort-building.jpg","width":2500,"height":3125,"aspectRatio":0.8},"previewImageUrl":"\/sites\/v\/visitvesteralen.com\/files\/2024\/11\/ringstad-resort-building.jpg?cropToFit=100x59&quality=50","imageVariants":[{"path":"\/sites\/v\/visitvesteralen.com\/files\/2024\/11\/ringstad-resort-building.jpg?cropToFit=100x59&quality=75","width":100,"height":59,"aspectRatio":1.694915254237288},{"path":"\/sites\/v\/visitvesteralen.com\/files\/2024\/11\/ringstad-resort-building.jpg?cropToFit=200x118&quality=75","width":200,"height":118,"aspectRatio":1.694915254237288},{"path":"\/sites\/v\/visitvesteralen.com\/files\/2024\/11\/ringstad-resort-building.jpg?cropToFit=400x235&quality=75","width":400,"height":235,"aspectRatio":1.702127659574468},{"path":"\/sites\/v\/visitvesteralen.com\/files\/2024\/11\/ringstad-resort-building.jpg?cropToFit=600x353&quality=75","width":600,"height":353,"aspectRatio":1.6997167138810199},{"path":"\/sites\/v\/visitvesteralen.com\/files\/2024\/11\/ringstad-resort-building.jpg?cropToFit=800x471&quality=75","width":800,"height":471,"aspectRatio":1.6985138004246285},{"path":"\/sites\/v\/visitvesteralen.com\/files\/2024\/11\/ringstad-resort-building.jpg?cropToFit=1000x588&quality=75","width":1000,"height":588,"aspectRatio":1.7006802721088434},{"path":"\/sites\/v\/visitvesteralen.com\/files\/2024\/11\/ringstad-resort-building.jpg?cropToFit=1200x706&quality=75","width":1200,"height":706,"aspectRatio":1.6997167138810199}],"image":"\/sites\/v\/visitvesteralen.com\/files\/2024\/11\/ringstad-resort-building.jpg","aspect":1.694915254237288,"type":"image","description":"Ringstad Resort"},"additionalData":[]},{"classes":["outercol"],"isFavourite":false,"isExternalUrl":{"articleLink":false},"articleListButtonsData":{"buttonsList":[{"label":"Read more","url":"\/en\/hotels\/hotel-regine","type":"readmore"},{"label":"Booking","url":"https:\/\/booking.visitvesteralen.com\/en\/stays\/hotel\/2643456\/hotell-regine?gc-0-adults=2","type":"booking"}],"mode":"default"},"favouriteType":null,"mnu":null,"section":null,"displayId":true,"docId":1099,"identifier":"1099Article","docType":"Article","customDate":false,"teaserData":{"teaserText":"Hotel","mode":"default"},"content":{"teaser":"Hotel","intro":"Hotel Regine is a small boutique hotel in the heart of B\u00f8 in Vester\u00e5len. We have 18 rooms, a cozy lounge and dining room, a cafe and 2 conference rooms. Here you will be greeted with warm smiles, rural hospitality and a pleasant atmosphere. We are located in the heart of B\u00f8 and are the perfect location to start your adventure."},"titles":{"main":"Hotel Regine","readMoreButton":"Read more"},"urls":{"readMore":"\/en\/hotels\/hotel-regine","booking":"https:\/\/booking.visitvesteralen.com\/en\/stays\/hotel\/2643456\/hotell-regine?gc-0-adults=2"},"created":{"date":"26\/04\/2022","time":"11:00","timestamp":1650963600},"introAllowHtml":false,"hasTicket":false,"extra":{"cbis-activity-product-id":"","cbis-show-in-slideshow":null},"hasReadMore":true,"media":{"imageData":{"path":"\/sites\/v\/visitvesteralen.com\/files\/3_4.jpg","width":2407,"height":1605,"aspectRatio":1.4996884735202491},"previewImageUrl":"\/sites\/v\/visitvesteralen.com\/files\/3_4.jpg?cropToFit=100x59&quality=50","imageVariants":[{"path":"\/sites\/v\/visitvesteralen.com\/files\/3_4.jpg?cropToFit=100x59&quality=75","width":100,"height":59,"aspectRatio":1.694915254237288},{"path":"\/sites\/v\/visitvesteralen.com\/files\/3_4.jpg?cropToFit=200x118&quality=75","width":200,"height":118,"aspectRatio":1.694915254237288},{"path":"\/sites\/v\/visitvesteralen.com\/files\/3_4.jpg?cropToFit=400x235&quality=75","width":400,"height":235,"aspectRatio":1.702127659574468},{"path":"\/sites\/v\/visitvesteralen.com\/files\/3_4.jpg?cropToFit=600x353&quality=75","width":600,"height":353,"aspectRatio":1.6997167138810199},{"path":"\/sites\/v\/visitvesteralen.com\/files\/3_4.jpg?cropToFit=800x471&quality=75","width":800,"height":471,"aspectRatio":1.6985138004246285},{"path":"\/sites\/v\/visitvesteralen.com\/files\/3_4.jpg?cropToFit=1000x588&quality=75","width":1000,"height":588,"aspectRatio":1.7006802721088434},{"path":"\/sites\/v\/visitvesteralen.com\/files\/3_4.jpg?cropToFit=1200x706&quality=75","width":1200,"height":706,"aspectRatio":1.6997167138810199}],"image":"\/sites\/v\/visitvesteralen.com\/files\/3_4.jpg","aspect":1.694915254237288,"type":"image","description":null},"additionalData":[]},{"classes":["outercol"],"isFavourite":false,"isExternalUrl":{"articleLink":false},"articleListButtonsData":{"buttonsList":[{"label":"Read more","url":"\/en\/hotels\/scandic-sortland","type":"readmore"}],"mode":"default"},"favouriteType":null,"mnu":null,"section":null,"displayId":true,"docId":959,"identifier":"959Article","docType":"Article","customDate":false,"teaserData":{"teaserText":"Hotel","mode":"default"},"content":{"teaser":"Hotel","intro":"Our hotel\u2019s unique harbourside location right in the heart of Sortland offers panoramic views of the Sortlandsundet and scenic Vester\u00e5len mountains, with the majestic M\u00f8ysalen mountain at the helm."},"titles":{"main":"Scandic Sortland","readMoreButton":"Read more"},"urls":{"readMore":"\/en\/hotels\/scandic-sortland","booking":null},"created":{"date":"22\/01\/2021","time":"22:02","timestamp":1611349320},"introAllowHtml":false,"hasTicket":false,"extra":{"cbis-activity-product-id":"","cbis-show-in-slideshow":null},"hasReadMore":true,"media":{"imageData":{"path":"\/sites\/v\/visitvesteralen.com\/files\/scandicsortlandalacarterestaurant.jpg","width":2100,"height":1402,"aspectRatio":1.4978601997146932},"previewImageUrl":"\/sites\/v\/visitvesteralen.com\/files\/scandicsortlandalacarterestaurant.jpg?cropToFit=100x59&quality=50","imageVariants":[{"path":"\/sites\/v\/visitvesteralen.com\/files\/scandicsortlandalacarterestaurant.jpg?cropToFit=100x59&quality=75","width":100,"height":59,"aspectRatio":1.694915254237288},{"path":"\/sites\/v\/visitvesteralen.com\/files\/scandicsortlandalacarterestaurant.jpg?cropToFit=200x118&quality=75","width":200,"height":118,"aspectRatio":1.694915254237288},{"path":"\/sites\/v\/visitvesteralen.com\/files\/scandicsortlandalacarterestaurant.jpg?cropToFit=400x235&quality=75","width":400,"height":235,"aspectRatio":1.702127659574468},{"path":"\/sites\/v\/visitvesteralen.com\/files\/scandicsortlandalacarterestaurant.jpg?cropToFit=600x353&quality=75","width":600,"height":353,"aspectRatio":1.6997167138810199},{"path":"\/sites\/v\/visitvesteralen.com\/files\/scandicsortlandalacarterestaurant.jpg?cropToFit=800x471&quality=75","width":800,"height":471,"aspectRatio":1.6985138004246285},{"path":"\/sites\/v\/visitvesteralen.com\/files\/scandicsortlandalacarterestaurant.jpg?cropToFit=1000x588&quality=75","width":1000,"height":588,"aspectRatio":1.7006802721088434},{"path":"\/sites\/v\/visitvesteralen.com\/files\/scandicsortlandalacarterestaurant.jpg?cropToFit=1200x706&quality=75","width":1200,"height":706,"aspectRatio":1.6997167138810199}],"image":"\/sites\/v\/visitvesteralen.com\/files\/scandicsortlandalacarterestaurant.jpg","aspect":1.694915254237288,"type":"image","description":"Scandic Sortland restaurant"},"additionalData":[]},{"classes":["outercol"],"isFavourite":false,"isExternalUrl":{"articleLink":false},"articleListButtonsData":{"buttonsList":[{"label":"Read more","url":"\/en\/hotels\/littleisland-lighthouse","type":"readmore"}],"mode":"default"},"favouriteType":null,"mnu":null,"section":null,"displayId":true,"docId":801,"identifier":"801Article","docType":"Article","customDate":false,"teaserData":{"teaserText":"Lighthouse hotel & rooms","mode":"default"},"content":{"teaser":"Lighthouse hotel & rooms","intro":"On an island in the open ocean you find Littleisland Lighthouse. A perfect escape at the edge of the earth, with no cars, no shops and no pressures. Here you can stay for days and relax completely without stress. Simple. Comfortable. Eco-friendly. Exclusive."},"titles":{"main":"Alone on an island in the ocean - Littleisland Lighthouse","readMoreButton":"Read more"},"urls":{"readMore":"\/en\/hotels\/littleisland-lighthouse","booking":null},"created":{"date":"11\/05\/2020","time":"14:49","timestamp":1589201340},"introAllowHtml":false,"hasTicket":false,"extra":{"cbis-activity-product-id":"","cbis-show-in-slideshow":null},"hasReadMore":true,"media":{"imageData":{"path":"\/sites\/v\/visitvesteralen.com\/files\/2024\/06\/01_lil_tower.jpg","width":8000,"height":3172,"aspectRatio":2.5220680958385877},"previewImageUrl":"\/sites\/v\/visitvesteralen.com\/files\/2024\/06\/01_lil_tower.jpg?cropToFit=100x59&quality=50","imageVariants":[{"path":"\/sites\/v\/visitvesteralen.com\/files\/2024\/06\/01_lil_tower.jpg?cropToFit=100x59&quality=75","width":100,"height":59,"aspectRatio":1.694915254237288},{"path":"\/sites\/v\/visitvesteralen.com\/files\/2024\/06\/01_lil_tower.jpg?cropToFit=200x118&quality=75","width":200,"height":118,"aspectRatio":1.694915254237288},{"path":"\/sites\/v\/visitvesteralen.com\/files\/2024\/06\/01_lil_tower.jpg?cropToFit=400x235&quality=75","width":400,"height":235,"aspectRatio":1.702127659574468},{"path":"\/sites\/v\/visitvesteralen.com\/files\/2024\/06\/01_lil_tower.jpg?cropToFit=600x353&quality=75","width":600,"height":353,"aspectRatio":1.6997167138810199},{"path":"\/sites\/v\/visitvesteralen.com\/files\/2024\/06\/01_lil_tower.jpg?cropToFit=800x471&quality=75","width":800,"height":471,"aspectRatio":1.6985138004246285},{"path":"\/sites\/v\/visitvesteralen.com\/files\/2024\/06\/01_lil_tower.jpg?cropToFit=1000x588&quality=75","width":1000,"height":588,"aspectRatio":1.7006802721088434},{"path":"\/sites\/v\/visitvesteralen.com\/files\/2024\/06\/01_lil_tower.jpg?cropToFit=1200x706&quality=75","width":1200,"height":706,"aspectRatio":1.6997167138810199}],"image":"\/sites\/v\/visitvesteralen.com\/files\/2024\/06\/01_lil_tower.jpg","aspect":1.694915254237288,"type":"image","description":"Little Island Lighthouse"},"additionalData":[]},{"classes":["outercol"],"isFavourite":false,"isExternalUrl":{"articleLink":false},"articleListButtonsData":{"buttonsList":[{"label":"Read more","url":"\/en\/hotels\/thon-hotel-andrikken","type":"readmore"}],"mode":"default"},"favouriteType":null,"mnu":null,"section":null,"displayId":true,"docId":224,"identifier":"224Article","docType":"Article","customDate":false,"teaserData":{"teaserText":"Hotel","mode":"default"},"content":{"teaser":"Hotel","intro":"Experience And\u00f8ya\u2019s fantastic nature and the majestic whales in Andenes! Our staff is looking forward to welcoming you in the newly renovated Andrikken Hotell!"},"titles":{"main":"Thon Hotel Andrikken","readMoreButton":"Read more"},"urls":{"readMore":"\/en\/hotels\/thon-hotel-andrikken","booking":null},"created":{"date":"24\/02\/2017","time":"14:06","timestamp":1487941560},"introAllowHtml":false,"hasTicket":false,"extra":{"cbis-activity-product-id":"","cbis-sync-id":"cbis:723406","cbis-show-in-slideshow":null},"hasReadMore":true,"media":{"imageData":{"path":"\/sites\/v\/visitvesteralen.com\/files\/cbis\/9803b06ded73e2b6d34d3d9accd4f8e1.jpg","width":3009,"height":1925,"aspectRatio":1.5631168831168831},"previewImageUrl":"\/sites\/v\/visitvesteralen.com\/files\/cbis\/9803b06ded73e2b6d34d3d9accd4f8e1.jpg?cropToFit=100x59&quality=50","imageVariants":[{"path":"\/sites\/v\/visitvesteralen.com\/files\/cbis\/9803b06ded73e2b6d34d3d9accd4f8e1.jpg?cropToFit=100x59&quality=75","width":100,"height":59,"aspectRatio":1.694915254237288},{"path":"\/sites\/v\/visitvesteralen.com\/files\/cbis\/9803b06ded73e2b6d34d3d9accd4f8e1.jpg?cropToFit=200x118&quality=75","width":200,"height":118,"aspectRatio":1.694915254237288},{"path":"\/sites\/v\/visitvesteralen.com\/files\/cbis\/9803b06ded73e2b6d34d3d9accd4f8e1.jpg?cropToFit=400x235&quality=75","width":400,"height":235,"aspectRatio":1.702127659574468},{"path":"\/sites\/v\/visitvesteralen.com\/files\/cbis\/9803b06ded73e2b6d34d3d9accd4f8e1.jpg?cropToFit=600x353&quality=75","width":600,"height":353,"aspectRatio":1.6997167138810199},{"path":"\/sites\/v\/visitvesteralen.com\/files\/cbis\/9803b06ded73e2b6d34d3d9accd4f8e1.jpg?cropToFit=800x471&quality=75","width":800,"height":471,"aspectRatio":1.6985138004246285},{"path":"\/sites\/v\/visitvesteralen.com\/files\/cbis\/9803b06ded73e2b6d34d3d9accd4f8e1.jpg?cropToFit=1000x588&quality=75","width":1000,"height":588,"aspectRatio":1.7006802721088434},{"path":"\/sites\/v\/visitvesteralen.com\/files\/cbis\/9803b06ded73e2b6d34d3d9accd4f8e1.jpg?cropToFit=1200x706&quality=75","width":1200,"height":706,"aspectRatio":1.6997167138810199}],"image":"\/sites\/v\/visitvesteralen.com\/files\/cbis\/9803b06ded73e2b6d34d3d9accd4f8e1.jpg","aspect":1.694915254237288,"type":"image","description":null},"additionalData":[]},{"classes":["outercol"],"isFavourite":false,"isExternalUrl":{"articleLink":false},"articleListButtonsData":{"buttonsList":[{"label":"Read more","url":"\/en\/hotels\/melbu-hotel","type":"readmore"}],"mode":"default"},"favouriteType":null,"mnu":null,"section":null,"displayId":true,"docId":269,"identifier":"269Article","docType":"Article","customDate":false,"teaserData":{"teaserText":"Hotel","mode":"default"},"content":{"teaser":"Hotel","intro":"Melbu Hotell is located in the middle of Lofoten and Vester\u00e5len, and is a perfect place for those who wants to explore both of these magnificent archipelagos."},"titles":{"main":"Melbu Hotell","readMoreButton":"Read more"},"urls":{"readMore":"\/en\/hotels\/melbu-hotel","booking":null},"created":{"date":"27\/02\/2017","time":"19:07","timestamp":1488218820},"introAllowHtml":false,"hasTicket":false,"extra":{"cbis-sync-id":"cbis:725805","cbis-activity-product-id":"","cbis-show-in-slideshow":null},"hasReadMore":true,"media":{"imageData":{"path":"\/sites\/v\/visitvesteralen.com\/files\/melbuhotellresepsjon.jpg","width":2199,"height":810,"aspectRatio":2.714814814814815},"previewImageUrl":"\/sites\/v\/visitvesteralen.com\/files\/melbuhotellresepsjon.jpg?cropToFit=100x59&quality=50","imageVariants":[{"path":"\/sites\/v\/visitvesteralen.com\/files\/melbuhotellresepsjon.jpg?cropToFit=100x59&quality=75","width":100,"height":59,"aspectRatio":1.694915254237288},{"path":"\/sites\/v\/visitvesteralen.com\/files\/melbuhotellresepsjon.jpg?cropToFit=200x118&quality=75","width":200,"height":118,"aspectRatio":1.694915254237288},{"path":"\/sites\/v\/visitvesteralen.com\/files\/melbuhotellresepsjon.jpg?cropToFit=400x235&quality=75","width":400,"height":235,"aspectRatio":1.702127659574468},{"path":"\/sites\/v\/visitvesteralen.com\/files\/melbuhotellresepsjon.jpg?cropToFit=600x353&quality=75","width":600,"height":353,"aspectRatio":1.6997167138810199},{"path":"\/sites\/v\/visitvesteralen.com\/files\/melbuhotellresepsjon.jpg?cropToFit=800x471&quality=75","width":800,"height":471,"aspectRatio":1.6985138004246285},{"path":"\/sites\/v\/visitvesteralen.com\/files\/melbuhotellresepsjon.jpg?cropToFit=1000x588&quality=75","width":1000,"height":588,"aspectRatio":1.7006802721088434},{"path":"\/sites\/v\/visitvesteralen.com\/files\/melbuhotellresepsjon.jpg?cropToFit=1200x706&quality=75","width":1200,"height":706,"aspectRatio":1.6997167138810199}],"image":"\/sites\/v\/visitvesteralen.com\/files\/melbuhotellresepsjon.jpg","aspect":1.694915254237288,"type":"image","description":"Melbu Hotel reception and lobby"},"additionalData":[]},{"classes":["outercol"],"isFavourite":false,"isExternalUrl":{"articleLink":false},"articleListButtonsData":{"buttonsList":[{"label":"Read more","url":"\/en\/hotels\/thon-hotel-sortland","type":"readmore"}],"mode":"default"},"favouriteType":null,"mnu":null,"section":null,"displayId":true,"docId":267,"identifier":"267Article","docType":"Article","customDate":false,"teaserData":{"teaserText":"Hotel","mode":"default"},"content":{"teaser":"Hotel","intro":"Thon Hotel Sortland is centrally located in Vester\u00e5len and has a restaurant, library, free parking and conference facilities for up to 80 people."},"titles":{"main":"Thon Hotel Sortland","readMoreButton":"Read more"},"urls":{"readMore":"\/en\/hotels\/thon-hotel-sortland","booking":null},"created":{"date":"27\/02\/2017","time":"19:06","timestamp":1488218760},"introAllowHtml":false,"hasTicket":false,"extra":{"cbis-sync-id":"cbis:692600","cbis-activity-product-id":"","cbis-show-in-slideshow":null},"hasReadMore":true,"media":{"imageData":{"path":"\/sites\/v\/visitvesteralen.com\/files\/sortlandhotellfraluften.jpg","width":2400,"height":1123,"aspectRatio":2.13713268032057},"previewImageUrl":"\/sites\/v\/visitvesteralen.com\/files\/sortlandhotellfraluften.jpg?cropToFit=100x59&quality=50","imageVariants":[{"path":"\/sites\/v\/visitvesteralen.com\/files\/sortlandhotellfraluften.jpg?cropToFit=100x59&quality=75","width":100,"height":59,"aspectRatio":1.694915254237288},{"path":"\/sites\/v\/visitvesteralen.com\/files\/sortlandhotellfraluften.jpg?cropToFit=200x118&quality=75","width":200,"height":118,"aspectRatio":1.694915254237288},{"path":"\/sites\/v\/visitvesteralen.com\/files\/sortlandhotellfraluften.jpg?cropToFit=400x235&quality=75","width":400,"height":235,"aspectRatio":1.702127659574468},{"path":"\/sites\/v\/visitvesteralen.com\/files\/sortlandhotellfraluften.jpg?cropToFit=600x353&quality=75","width":600,"height":353,"aspectRatio":1.6997167138810199},{"path":"\/sites\/v\/visitvesteralen.com\/files\/sortlandhotellfraluften.jpg?cropToFit=800x471&quality=75","width":800,"height":471,"aspectRatio":1.6985138004246285},{"path":"\/sites\/v\/visitvesteralen.com\/files\/sortlandhotellfraluften.jpg?cropToFit=1000x588&quality=75","width":1000,"height":588,"aspectRatio":1.7006802721088434},{"path":"\/sites\/v\/visitvesteralen.com\/files\/sortlandhotellfraluften.jpg?cropToFit=1200x706&quality=75","width":1200,"height":706,"aspectRatio":1.6997167138810199}],"image":"\/sites\/v\/visitvesteralen.com\/files\/sortlandhotellfraluften.jpg","aspect":1.694915254237288,"type":"image","description":"Thon Hotel Sortland"},"additionalData":[]},{"classes":["outercol"],"isFavourite":false,"isExternalUrl":{"articleLink":false},"articleListButtonsData":{"buttonsList":[{"label":"Read more","url":"\/en\/hotels\/marmelkroken-accommodation","type":"readmore"},{"label":"Booking","url":"https:\/\/booking.visitvesteralen.com\/en\/stays\/hotel\/2797874\/marmelkroken?gc-0-adults=2","type":"booking"}],"mode":"default"},"favouriteType":null,"mnu":null,"section":null,"displayId":true,"docId":218,"identifier":"218Article","docType":"Article","customDate":false,"teaserData":{"teaserText":"Farm lodge & cabins","mode":"default"},"content":{"teaser":"Farm lodge & cabins","intro":"Marmelkroken is an agricultural-based tourism company that offers accommodation, food and the experience of nature, with ecotourism as the underlying philosophy of all our offerings."},"titles":{"main":"Marmelkroken","readMoreButton":"Read more"},"urls":{"readMore":"\/en\/hotels\/marmelkroken-accommodation","booking":"https:\/\/booking.visitvesteralen.com\/en\/stays\/hotel\/2797874\/marmelkroken?gc-0-adults=2"},"created":{"date":"23\/02\/2017","time":"13:01","timestamp":1487851260},"introAllowHtml":false,"hasTicket":false,"extra":{"cbis-activity-product-id":"","cbis-sync-id":"cbis:721253","cbis-show-in-slideshow":null},"hasReadMore":true,"media":{"imageData":{"path":"\/sites\/v\/visitvesteralen.com\/files\/marmelkrokenhovedbilde1.jpg","width":2501,"height":927,"aspectRatio":2.697950377562028},"previewImageUrl":"\/sites\/v\/visitvesteralen.com\/files\/marmelkrokenhovedbilde1.jpg?cropToFit=100x59&quality=50","imageVariants":[{"path":"\/sites\/v\/visitvesteralen.com\/files\/marmelkrokenhovedbilde1.jpg?cropToFit=100x59&quality=75","width":100,"height":59,"aspectRatio":1.694915254237288},{"path":"\/sites\/v\/visitvesteralen.com\/files\/marmelkrokenhovedbilde1.jpg?cropToFit=200x118&quality=75","width":200,"height":118,"aspectRatio":1.694915254237288},{"path":"\/sites\/v\/visitvesteralen.com\/files\/marmelkrokenhovedbilde1.jpg?cropToFit=400x235&quality=75","width":400,"height":235,"aspectRatio":1.702127659574468},{"path":"\/sites\/v\/visitvesteralen.com\/files\/marmelkrokenhovedbilde1.jpg?cropToFit=600x353&quality=75","width":600,"height":353,"aspectRatio":1.6997167138810199},{"path":"\/sites\/v\/visitvesteralen.com\/files\/marmelkrokenhovedbilde1.jpg?cropToFit=800x471&quality=75","width":800,"height":471,"aspectRatio":1.6985138004246285},{"path":"\/sites\/v\/visitvesteralen.com\/files\/marmelkrokenhovedbilde1.jpg?cropToFit=1000x588&quality=75","width":1000,"height":588,"aspectRatio":1.7006802721088434},{"path":"\/sites\/v\/visitvesteralen.com\/files\/marmelkrokenhovedbilde1.jpg?cropToFit=1200x706&quality=75","width":1200,"height":706,"aspectRatio":1.6997167138810199}],"image":"\/sites\/v\/visitvesteralen.com\/files\/marmelkrokenhovedbilde1.jpg","aspect":1.694915254237288,"type":"image","description":"Marmelkroken with view and mountains"},"additionalData":[]},{"classes":["outercol"],"isFavourite":false,"isExternalUrl":{"articleLink":false},"articleListButtonsData":{"buttonsList":[{"label":"Read more","url":"\/en\/hotels\/myre-kysthotell","type":"readmore"}],"mode":"default"},"favouriteType":null,"mnu":null,"section":null,"displayId":true,"docId":330,"identifier":"330Article","docType":"Article","customDate":false,"teaserData":{"teaserText":"Hotel","mode":"default"},"content":{"teaser":"Hotel","intro":"Welcome to Myre Kysthotel, a pleasant hotel in beautiful Vester\u00e5len.\r\nThe hotel has 29 rooms, accommodation in cozy rooms with free wireless network and a la carte restaurant. The dinner is based on local produce.\r\n"},"titles":{"main":"Myre Kysthotell","readMoreButton":"Read more"},"urls":{"readMore":"\/en\/hotels\/myre-kysthotell","booking":null},"created":{"date":"28\/02\/2017","time":"02:06","timestamp":1488243960},"introAllowHtml":false,"hasTicket":false,"extra":{"cbis-sync-id":"cbis:965460","cbis-activity-product-id":"","cbis-show-in-slideshow":null},"hasReadMore":true,"media":{"imageData":{"path":"\/sites\/v\/visitvesteralen.com\/files\/3_2.jpg","width":2369,"height":1590,"aspectRatio":1.489937106918239},"previewImageUrl":"\/sites\/v\/visitvesteralen.com\/files\/3_2.jpg?cropToFit=100x59&quality=50","imageVariants":[{"path":"\/sites\/v\/visitvesteralen.com\/files\/3_2.jpg?cropToFit=100x59&quality=75","width":100,"height":59,"aspectRatio":1.694915254237288},{"path":"\/sites\/v\/visitvesteralen.com\/files\/3_2.jpg?cropToFit=200x118&quality=75","width":200,"height":118,"aspectRatio":1.694915254237288},{"path":"\/sites\/v\/visitvesteralen.com\/files\/3_2.jpg?cropToFit=400x235&quality=75","width":400,"height":235,"aspectRatio":1.702127659574468},{"path":"\/sites\/v\/visitvesteralen.com\/files\/3_2.jpg?cropToFit=600x353&quality=75","width":600,"height":353,"aspectRatio":1.6997167138810199},{"path":"\/sites\/v\/visitvesteralen.com\/files\/3_2.jpg?cropToFit=800x471&quality=75","width":800,"height":471,"aspectRatio":1.6985138004246285},{"path":"\/sites\/v\/visitvesteralen.com\/files\/3_2.jpg?cropToFit=1000x588&quality=75","width":1000,"height":588,"aspectRatio":1.7006802721088434},{"path":"\/sites\/v\/visitvesteralen.com\/files\/3_2.jpg?cropToFit=1200x706&quality=75","width":1200,"height":706,"aspectRatio":1.6997167138810199}],"image":"\/sites\/v\/visitvesteralen.com\/files\/3_2.jpg","aspect":1.694915254237288,"type":"image","description":null},"additionalData":[]},{"classes":["outercol"],"isFavourite":false,"isExternalUrl":{"articleLink":false},"articleListButtonsData":{"buttonsList":[{"label":"Read more","url":"\/en\/hotels\/vesteralen-kysthotel","type":"readmore"}],"mode":"default"},"favouriteType":null,"mnu":null,"section":null,"displayId":true,"docId":298,"identifier":"298Article","docType":"Article","customDate":false,"teaserData":{"teaserText":"Hotel","mode":"default"},"content":{"teaser":"Hotel","intro":"The hotel is beautifully located on B\u00f8r\u00f8ya by Stokmarknes, only a seven minute walk from the center. "},"titles":{"main":"Vester\u00e5len Kysthotell","readMoreButton":"Read more"},"urls":{"readMore":"\/en\/hotels\/vesteralen-kysthotel","booking":null},"created":{"date":"27\/02\/2017","time":"22:07","timestamp":1488229620},"introAllowHtml":false,"hasTicket":false,"extra":{"cbis-sync-id":"cbis:696397","cbis-activity-product-id":"","cbis-show-in-slideshow":null},"hasReadMore":true,"media":{"imageData":{"path":"\/sites\/v\/visitvesteralen.com\/files\/hovedhus.jpg","width":1920,"height":1282,"aspectRatio":1.497659906396256},"previewImageUrl":"\/sites\/v\/visitvesteralen.com\/files\/hovedhus.jpg?cropToFit=100x59&quality=50","imageVariants":[{"path":"\/sites\/v\/visitvesteralen.com\/files\/hovedhus.jpg?cropToFit=100x59&quality=75","width":100,"height":59,"aspectRatio":1.694915254237288},{"path":"\/sites\/v\/visitvesteralen.com\/files\/hovedhus.jpg?cropToFit=200x118&quality=75","width":200,"height":118,"aspectRatio":1.694915254237288},{"path":"\/sites\/v\/visitvesteralen.com\/files\/hovedhus.jpg?cropToFit=400x235&quality=75","width":400,"height":235,"aspectRatio":1.702127659574468},{"path":"\/sites\/v\/visitvesteralen.com\/files\/hovedhus.jpg?cropToFit=600x353&quality=75","width":600,"height":353,"aspectRatio":1.6997167138810199},{"path":"\/sites\/v\/visitvesteralen.com\/files\/hovedhus.jpg?cropToFit=800x471&quality=75","width":800,"height":471,"aspectRatio":1.6985138004246285},{"path":"\/sites\/v\/visitvesteralen.com\/files\/hovedhus.jpg?cropToFit=1000x588&quality=75","width":1000,"height":588,"aspectRatio":1.7006802721088434},{"path":"\/sites\/v\/visitvesteralen.com\/files\/hovedhus.jpg?cropToFit=1200x706&quality=75","width":1200,"height":706,"aspectRatio":1.6997167138810199}],"image":"\/sites\/v\/visitvesteralen.com\/files\/hovedhus.jpg","aspect":1.694915254237288,"type":"image","description":null},"additionalData":[]},{"classes":["outercol"],"isFavourite":false,"isExternalUrl":{"articleLink":false},"articleListButtonsData":{"buttonsList":[{"label":"Read more","url":"\/en\/hotels\/gammelstua-sortland-hotel","type":"readmore"}],"mode":"default"},"favouriteType":null,"mnu":null,"section":null,"displayId":true,"docId":878,"identifier":"878Article","docType":"Article","customDate":false,"teaserData":{"teaserText":"Hotel","mode":"default"},"content":{"teaser":"Hotel","intro":"A fisherman farmers residence from 1850."},"titles":{"main":"Gammelstua - Sortland Hotel","readMoreButton":"Read more"},"urls":{"readMore":"\/en\/hotels\/gammelstua-sortland-hotel","booking":null},"created":{"date":"12\/08\/2020","time":"12:28","timestamp":1597228080},"introAllowHtml":false,"hasTicket":false,"extra":{"cbis-activity-product-id":"","cbis-show-in-slideshow":null},"hasReadMore":true,"media":{"imageData":{"path":"\/sites\/v\/visitvesteralen.com\/files\/sortland_hotell_gammelstua_alf_oxem_5.jpg","width":2500,"height":1667,"aspectRatio":1.4997000599880024},"previewImageUrl":"\/sites\/v\/visitvesteralen.com\/files\/sortland_hotell_gammelstua_alf_oxem_5.jpg?cropToFit=100x59&quality=50","imageVariants":[{"path":"\/sites\/v\/visitvesteralen.com\/files\/sortland_hotell_gammelstua_alf_oxem_5.jpg?cropToFit=100x59&quality=75","width":100,"height":59,"aspectRatio":1.694915254237288},{"path":"\/sites\/v\/visitvesteralen.com\/files\/sortland_hotell_gammelstua_alf_oxem_5.jpg?cropToFit=200x118&quality=75","width":200,"height":118,"aspectRatio":1.694915254237288},{"path":"\/sites\/v\/visitvesteralen.com\/files\/sortland_hotell_gammelstua_alf_oxem_5.jpg?cropToFit=400x235&quality=75","width":400,"height":235,"aspectRatio":1.702127659574468},{"path":"\/sites\/v\/visitvesteralen.com\/files\/sortland_hotell_gammelstua_alf_oxem_5.jpg?cropToFit=600x353&quality=75","width":600,"height":353,"aspectRatio":1.6997167138810199},{"path":"\/sites\/v\/visitvesteralen.com\/files\/sortland_hotell_gammelstua_alf_oxem_5.jpg?cropToFit=800x471&quality=75","width":800,"height":471,"aspectRatio":1.6985138004246285},{"path":"\/sites\/v\/visitvesteralen.com\/files\/sortland_hotell_gammelstua_alf_oxem_5.jpg?cropToFit=1000x588&quality=75","width":1000,"height":588,"aspectRatio":1.7006802721088434},{"path":"\/sites\/v\/visitvesteralen.com\/files\/sortland_hotell_gammelstua_alf_oxem_5.jpg?cropToFit=1200x706&quality=75","width":1200,"height":706,"aspectRatio":1.6997167138810199}],"image":"\/sites\/v\/visitvesteralen.com\/files\/sortland_hotell_gammelstua_alf_oxem_5.jpg","aspect":1.694915254237288,"type":"image","description":null},"additionalData":[]}],"pages":[1],"currentPage":1,"sections":[]}