{"articles":[{"classes":["outercol"],"isFavourite":false,"isExternalUrl":{"articleLink":false},"articleListButtonsData":{"buttonsList":[{"label":"Les mer","url":"\/fly\/direktefly","type":"readmore"}],"mode":"default"},"favouriteType":null,"mnu":null,"section":null,"displayId":true,"docId":535,"identifier":"535Article","docType":"Article","customDate":false,"teaserData":{"teaserText":"Reise","mode":"default"},"content":{"teaser":"Reise","intro":"Visste du at b\u00e5de Wider\u00f8e og Norwegian har direktefly fra Oslo til Vester\u00e5len?\r\nWider\u00f8e har direktefly mellom Oslo og Andenes hver l\u00f8rdag i perioden 23.juni til 11.august 2018.\r\nDu kan ogs\u00e5 reise direkte fra Oslo til Skagen med Wider\u00f8e i sommer.\r\nNorwegian flyr tur\/retur Andenes-Oslo hver torsdag og s\u00f8ndag frem til 9.august 2018.\r\n"},"titles":{"main":"Direktefly til Vester\u00e5len","readMoreButton":"Les mer"},"urls":{"readMore":"\/fly\/direktefly","booking":null},"created":{"date":"28.06.2018","time":"09:43","timestamp":1530171780},"introAllowHtml":false,"hasTicket":false,"extra":null,"hasReadMore":true,"media":{"imageData":{"path":"\/sites\/v\/visitvesteralen.com\/files\/img_0999.jpg","width":2500,"height":1667,"aspectRatio":1.4997000599880024},"previewImageUrl":"\/sites\/v\/visitvesteralen.com\/files\/img_0999.jpg?cropToFit=100x59&quality=50","imageVariants":[{"path":"\/sites\/v\/visitvesteralen.com\/files\/img_0999.jpg?cropToFit=100x59&quality=75","width":100,"height":59,"aspectRatio":1.694915254237288},{"path":"\/sites\/v\/visitvesteralen.com\/files\/img_0999.jpg?cropToFit=200x118&quality=75","width":200,"height":118,"aspectRatio":1.694915254237288},{"path":"\/sites\/v\/visitvesteralen.com\/files\/img_0999.jpg?cropToFit=400x235&quality=75","width":400,"height":235,"aspectRatio":1.702127659574468},{"path":"\/sites\/v\/visitvesteralen.com\/files\/img_0999.jpg?cropToFit=600x353&quality=75","width":600,"height":353,"aspectRatio":1.6997167138810199},{"path":"\/sites\/v\/visitvesteralen.com\/files\/img_0999.jpg?cropToFit=800x471&quality=75","width":800,"height":471,"aspectRatio":1.6985138004246285},{"path":"\/sites\/v\/visitvesteralen.com\/files\/img_0999.jpg?cropToFit=1000x588&quality=75","width":1000,"height":588,"aspectRatio":1.7006802721088434},{"path":"\/sites\/v\/visitvesteralen.com\/files\/img_0999.jpg?cropToFit=1200x706&quality=75","width":1200,"height":706,"aspectRatio":1.6997167138810199}],"image":"\/sites\/v\/visitvesteralen.com\/files\/img_0999.jpg","aspect":1.694915254237288,"type":"image","description":null},"additionalData":[]},{"classes":["outercol"],"isFavourite":false,"isExternalUrl":{"articleLink":false},"articleListButtonsData":{"buttonsList":[{"label":"Les mer","url":"\/fly\/flere-direktefly","type":"readmore"}],"mode":"default"},"favouriteType":null,"mnu":null,"section":null,"displayId":true,"docId":3820,"identifier":"3820Article","docType":"Article","customDate":false,"teaserData":{"teaserText":"Fly","mode":"default"},"content":{"teaser":"Fly","intro":"Reisen til Vester\u00e5len er n\u00e5 enda enklere!"},"titles":{"main":"Nyhet! Flere direktefly","readMoreButton":"Les mer"},"urls":{"readMore":"\/fly\/flere-direktefly","booking":null},"created":{"date":"22.01.2024","time":"08:58","timestamp":1705910280},"introAllowHtml":false,"hasTicket":false,"extra":{"cbis-activity-product-id":"","cbis-show-in-slideshow":null},"hasReadMore":true,"media":{"imageData":{"path":"\/sites\/v\/visitvesteralen.com\/files\/65562e605563d145b622c2edd94dec3a.jpg","width":3679,"height":1653,"aspectRatio":2.2256503327283728},"previewImageUrl":"\/sites\/v\/visitvesteralen.com\/files\/65562e605563d145b622c2edd94dec3a.jpg?cropToFit=100x59&quality=50","imageVariants":[{"path":"\/sites\/v\/visitvesteralen.com\/files\/65562e605563d145b622c2edd94dec3a.jpg?cropToFit=100x59&quality=75","width":100,"height":59,"aspectRatio":1.694915254237288},{"path":"\/sites\/v\/visitvesteralen.com\/files\/65562e605563d145b622c2edd94dec3a.jpg?cropToFit=200x118&quality=75","width":200,"height":118,"aspectRatio":1.694915254237288},{"path":"\/sites\/v\/visitvesteralen.com\/files\/65562e605563d145b622c2edd94dec3a.jpg?cropToFit=400x235&quality=75","width":400,"height":235,"aspectRatio":1.702127659574468},{"path":"\/sites\/v\/visitvesteralen.com\/files\/65562e605563d145b622c2edd94dec3a.jpg?cropToFit=600x353&quality=75","width":600,"height":353,"aspectRatio":1.6997167138810199},{"path":"\/sites\/v\/visitvesteralen.com\/files\/65562e605563d145b622c2edd94dec3a.jpg?cropToFit=800x471&quality=75","width":800,"height":471,"aspectRatio":1.6985138004246285},{"path":"\/sites\/v\/visitvesteralen.com\/files\/65562e605563d145b622c2edd94dec3a.jpg?cropToFit=1000x588&quality=75","width":1000,"height":588,"aspectRatio":1.7006802721088434},{"path":"\/sites\/v\/visitvesteralen.com\/files\/65562e605563d145b622c2edd94dec3a.jpg?cropToFit=1200x706&quality=75","width":1200,"height":706,"aspectRatio":1.6997167138810199}],"image":"\/sites\/v\/visitvesteralen.com\/files\/65562e605563d145b622c2edd94dec3a.jpg","aspect":1.694915254237288,"type":"image","description":null},"additionalData":[]},{"classes":["outercol"],"isFavourite":false,"isExternalUrl":{"articleLink":false},"articleListButtonsData":{"buttonsList":[{"label":"Les mer","url":"\/fly\/flyreise-til-vesteralen","type":"readmore"}],"mode":"default"},"favouriteType":null,"mnu":null,"section":null,"displayId":true,"docId":42,"identifier":"42Article","docType":"Article","customDate":false,"teaserData":{"teaserText":"Reise til Vester\u00e5len","mode":"default"},"content":{"teaser":"Reise til Vester\u00e5len","intro":"Mange av de som ferierer I Vester\u00e5len reiser til regionen med fly. Som oftest m\u00e5 man mellomlandet p\u00e5 Oslo Lufthavn Gardemoen (OSL) og fly videre derfra nordover hvis man kommer fra utlandet. Det g\u00e5r flere flyavganger om dagen fra b\u00e5de utland og Oslo.\r\n"},"titles":{"main":"Fly ","readMoreButton":"Les mer"},"urls":{"readMore":"\/fly\/flyreise-til-vesteralen","booking":null},"created":{"date":"13.10.2014","time":"18:36","timestamp":1413218160},"introAllowHtml":false,"hasTicket":false,"extra":{"cbis-activity-product-id":"","cbis-show-in-slideshow":null},"hasReadMore":true,"media":{"imageData":{"path":"\/sites\/v\/visitvesteralen.com\/files\/65562e605563d145b622c2edd94dec3a.jpg","width":3679,"height":1653,"aspectRatio":2.2256503327283728},"previewImageUrl":"\/sites\/v\/visitvesteralen.com\/files\/65562e605563d145b622c2edd94dec3a.jpg?cropToFit=100x59&quality=50","imageVariants":[{"path":"\/sites\/v\/visitvesteralen.com\/files\/65562e605563d145b622c2edd94dec3a.jpg?cropToFit=100x59&quality=75","width":100,"height":59,"aspectRatio":1.694915254237288},{"path":"\/sites\/v\/visitvesteralen.com\/files\/65562e605563d145b622c2edd94dec3a.jpg?cropToFit=200x118&quality=75","width":200,"height":118,"aspectRatio":1.694915254237288},{"path":"\/sites\/v\/visitvesteralen.com\/files\/65562e605563d145b622c2edd94dec3a.jpg?cropToFit=400x235&quality=75","width":400,"height":235,"aspectRatio":1.702127659574468},{"path":"\/sites\/v\/visitvesteralen.com\/files\/65562e605563d145b622c2edd94dec3a.jpg?cropToFit=600x353&quality=75","width":600,"height":353,"aspectRatio":1.6997167138810199},{"path":"\/sites\/v\/visitvesteralen.com\/files\/65562e605563d145b622c2edd94dec3a.jpg?cropToFit=800x471&quality=75","width":800,"height":471,"aspectRatio":1.6985138004246285},{"path":"\/sites\/v\/visitvesteralen.com\/files\/65562e605563d145b622c2edd94dec3a.jpg?cropToFit=1000x588&quality=75","width":1000,"height":588,"aspectRatio":1.7006802721088434},{"path":"\/sites\/v\/visitvesteralen.com\/files\/65562e605563d145b622c2edd94dec3a.jpg?cropToFit=1200x706&quality=75","width":1200,"height":706,"aspectRatio":1.6997167138810199}],"image":"\/sites\/v\/visitvesteralen.com\/files\/65562e605563d145b622c2edd94dec3a.jpg","aspect":1.694915254237288,"type":"image","description":null},"additionalData":[]}],"pages":[1],"currentPage":1,"sections":[]}