{"articles":[{"classes":["outercol"],"isFavourite":false,"isExternalUrl":{"articleLink":false},"articleListButtonsData":{"buttonsList":[{"label":"Les mer","url":"\/konseptutvikling\/?Article=1031","type":"readmore"}],"mode":"default"},"favouriteType":null,"mnu":null,"section":null,"displayId":true,"docId":1031,"identifier":"1031Article","docType":"Article","customDate":false,"teaserData":{"teaserText":"De fem konseptene og tanken bak","mode":"default"},"content":{"teaser":"De fem konseptene og tanken bak","intro":"Visit Vester\u00e5len har utarbeidet strategidokumentet \"B\u00e6rekraftig vekst mot 2025\" (masterplan\/reiselivsstrategi) som legger f\u00f8ringer for hvilke strategiske satsninger man skal gj\u00f8re p\u00e5 reisem\u00e5let, men ogs\u00e5 en helhetlig strategi som l\u00f8fter opp vekstpotensialet for hele Vester\u00e5len. "},"titles":{"main":"Konseptutvikling i Vester\u00e5len","readMoreButton":"Les mer"},"urls":{"readMore":"\/konseptutvikling\/?Article=1031","booking":null},"created":{"date":"21.09.2021","time":"21:21","timestamp":1632252060},"introAllowHtml":false,"hasTicket":false,"extra":{"cbis-activity-product-id":"","cbis-show-in-slideshow":null},"hasReadMore":true,"media":{"imageData":{"path":"\/sites\/v\/visitvesteralen.com\/files\/003483_ysteinlundeingvaldsen_www.nordnorge.com.jpg","width":1984,"height":1328,"aspectRatio":1.4939759036144578},"previewImageUrl":"\/sites\/v\/visitvesteralen.com\/files\/003483_ysteinlundeingvaldsen_www.nordnorge.com.jpg?cropToFit=100x59&quality=50","imageVariants":[{"path":"\/sites\/v\/visitvesteralen.com\/files\/003483_ysteinlundeingvaldsen_www.nordnorge.com.jpg?cropToFit=100x59&quality=75","width":100,"height":59,"aspectRatio":1.694915254237288},{"path":"\/sites\/v\/visitvesteralen.com\/files\/003483_ysteinlundeingvaldsen_www.nordnorge.com.jpg?cropToFit=200x118&quality=75","width":200,"height":118,"aspectRatio":1.694915254237288},{"path":"\/sites\/v\/visitvesteralen.com\/files\/003483_ysteinlundeingvaldsen_www.nordnorge.com.jpg?cropToFit=400x235&quality=75","width":400,"height":235,"aspectRatio":1.702127659574468},{"path":"\/sites\/v\/visitvesteralen.com\/files\/003483_ysteinlundeingvaldsen_www.nordnorge.com.jpg?cropToFit=600x353&quality=75","width":600,"height":353,"aspectRatio":1.6997167138810199},{"path":"\/sites\/v\/visitvesteralen.com\/files\/003483_ysteinlundeingvaldsen_www.nordnorge.com.jpg?cropToFit=800x471&quality=75","width":800,"height":471,"aspectRatio":1.6985138004246285},{"path":"\/sites\/v\/visitvesteralen.com\/files\/003483_ysteinlundeingvaldsen_www.nordnorge.com.jpg?cropToFit=1000x588&quality=75","width":1000,"height":588,"aspectRatio":1.7006802721088434},{"path":"\/sites\/v\/visitvesteralen.com\/files\/003483_ysteinlundeingvaldsen_www.nordnorge.com.jpg?cropToFit=1200x706&quality=75","width":1200,"height":706,"aspectRatio":1.6997167138810199}],"image":"\/sites\/v\/visitvesteralen.com\/files\/003483_ysteinlundeingvaldsen_www.nordnorge.com.jpg","aspect":1.694915254237288,"type":"image","description":null},"additionalData":[]},{"classes":["outercol"],"isFavourite":false,"isExternalUrl":{"articleLink":false},"articleListButtonsData":{"buttonsList":[{"label":"Les mer","url":"\/konseptutvikling\/?Article=907","type":"readmore"}],"mode":"default"},"favouriteType":null,"mnu":null,"section":null,"displayId":true,"docId":907,"identifier":"907Article","docType":"Article","customDate":false,"teaserData":{"teaserText":"Konseptutvikling","mode":"default"},"content":{"teaser":"Konseptutvikling","intro":"Stokmarknes var stedet hvor Richard With f\u00f8dte ideen om Hurtigruta for mer enn 120 \u00e5r siden. MS Finnmarken fra 1956 st\u00e5r som et monument over Norges kysthistorie midt i sentrum av Hurtigrutens f\u00f8dested, Stokmarknes. "},"titles":{"main":"Hurtigrutens f\u00f8dested","readMoreButton":"Les mer"},"urls":{"readMore":"\/konseptutvikling\/?Article=907","booking":null},"created":{"date":"07.10.2020","time":"13:38","timestamp":1602070680},"introAllowHtml":false,"hasTicket":false,"extra":{"cbis-activity-product-id":"","cbis-show-in-slideshow":null},"hasReadMore":true,"media":{"imageData":{"path":"\/sites\/v\/visitvesteralen.com\/files\/hurtigrutemuseetbjorneide.jpeg","width":2696,"height":1800,"aspectRatio":1.4977777777777779},"previewImageUrl":"\/sites\/v\/visitvesteralen.com\/files\/hurtigrutemuseetbjorneide.jpeg?cropToFit=100x59&quality=50","imageVariants":[{"path":"\/sites\/v\/visitvesteralen.com\/files\/hurtigrutemuseetbjorneide.jpeg?cropToFit=100x59&quality=75","width":100,"height":59,"aspectRatio":1.694915254237288},{"path":"\/sites\/v\/visitvesteralen.com\/files\/hurtigrutemuseetbjorneide.jpeg?cropToFit=200x118&quality=75","width":200,"height":118,"aspectRatio":1.694915254237288},{"path":"\/sites\/v\/visitvesteralen.com\/files\/hurtigrutemuseetbjorneide.jpeg?cropToFit=400x235&quality=75","width":400,"height":235,"aspectRatio":1.702127659574468},{"path":"\/sites\/v\/visitvesteralen.com\/files\/hurtigrutemuseetbjorneide.jpeg?cropToFit=600x353&quality=75","width":600,"height":353,"aspectRatio":1.6997167138810199},{"path":"\/sites\/v\/visitvesteralen.com\/files\/hurtigrutemuseetbjorneide.jpeg?cropToFit=800x471&quality=75","width":800,"height":471,"aspectRatio":1.6985138004246285},{"path":"\/sites\/v\/visitvesteralen.com\/files\/hurtigrutemuseetbjorneide.jpeg?cropToFit=1000x588&quality=75","width":1000,"height":588,"aspectRatio":1.7006802721088434},{"path":"\/sites\/v\/visitvesteralen.com\/files\/hurtigrutemuseetbjorneide.jpeg?cropToFit=1200x706&quality=75","width":1200,"height":706,"aspectRatio":1.6997167138810199}],"image":"\/sites\/v\/visitvesteralen.com\/files\/hurtigrutemuseetbjorneide.jpeg","aspect":1.694915254237288,"type":"image","description":null},"additionalData":[]},{"classes":["outercol"],"isFavourite":false,"isExternalUrl":{"articleLink":false},"articleListButtonsData":{"buttonsList":[{"label":"Les mer","url":"\/konseptutvikling\/?Article=910","type":"readmore"}],"mode":"default"},"favouriteType":null,"mnu":null,"section":null,"displayId":true,"docId":910,"identifier":"910Article","docType":"Article","customDate":false,"teaserData":{"teaserText":"Konsept","mode":"default"},"content":{"teaser":"Konsept","intro":"I l\u00f8pet av fase to av reisem\u00e5lsstrategi-arbeidet, ble det gjennomf\u00f8rt flere m\u00f8ter med n\u00e6ringen i B\u00f8. Her ble konseptet \"Vandring p\u00e5 Yttersiden\" valgt som konsept under den strategiske satsingen HIKERS PARADISE og skrevet inn i strategidokumentet som er vedtatt i kommunene."},"titles":{"main":"Vandring p\u00e5 yttersiden","readMoreButton":"Les mer"},"urls":{"readMore":"\/konseptutvikling\/?Article=910","booking":null},"created":{"date":"07.10.2020","time":"13:41","timestamp":1602070860},"introAllowHtml":false,"hasTicket":false,"extra":{"cbis-activity-product-id":"","cbis-show-in-slideshow":null},"hasReadMore":true,"media":{"imageData":{"path":"\/sites\/v\/visitvesteralen.com\/files\/003483_ysteinlundeingvaldsen_www.nordnorge.com.jpg","width":1984,"height":1328,"aspectRatio":1.4939759036144578},"previewImageUrl":"\/sites\/v\/visitvesteralen.com\/files\/003483_ysteinlundeingvaldsen_www.nordnorge.com.jpg?cropToFit=100x59&quality=50","imageVariants":[{"path":"\/sites\/v\/visitvesteralen.com\/files\/003483_ysteinlundeingvaldsen_www.nordnorge.com.jpg?cropToFit=100x59&quality=75","width":100,"height":59,"aspectRatio":1.694915254237288},{"path":"\/sites\/v\/visitvesteralen.com\/files\/003483_ysteinlundeingvaldsen_www.nordnorge.com.jpg?cropToFit=200x118&quality=75","width":200,"height":118,"aspectRatio":1.694915254237288},{"path":"\/sites\/v\/visitvesteralen.com\/files\/003483_ysteinlundeingvaldsen_www.nordnorge.com.jpg?cropToFit=400x235&quality=75","width":400,"height":235,"aspectRatio":1.702127659574468},{"path":"\/sites\/v\/visitvesteralen.com\/files\/003483_ysteinlundeingvaldsen_www.nordnorge.com.jpg?cropToFit=600x353&quality=75","width":600,"height":353,"aspectRatio":1.6997167138810199},{"path":"\/sites\/v\/visitvesteralen.com\/files\/003483_ysteinlundeingvaldsen_www.nordnorge.com.jpg?cropToFit=800x471&quality=75","width":800,"height":471,"aspectRatio":1.6985138004246285},{"path":"\/sites\/v\/visitvesteralen.com\/files\/003483_ysteinlundeingvaldsen_www.nordnorge.com.jpg?cropToFit=1000x588&quality=75","width":1000,"height":588,"aspectRatio":1.7006802721088434},{"path":"\/sites\/v\/visitvesteralen.com\/files\/003483_ysteinlundeingvaldsen_www.nordnorge.com.jpg?cropToFit=1200x706&quality=75","width":1200,"height":706,"aspectRatio":1.6997167138810199}],"image":"\/sites\/v\/visitvesteralen.com\/files\/003483_ysteinlundeingvaldsen_www.nordnorge.com.jpg","aspect":1.694915254237288,"type":"image","description":null},"additionalData":[]},{"classes":["outercol"],"isFavourite":false,"isExternalUrl":{"articleLink":false},"articleListButtonsData":{"buttonsList":[{"label":"Les mer","url":"\/konseptutvikling\/?Article=909","type":"readmore"}],"mode":"default"},"favouriteType":null,"mnu":null,"section":null,"displayId":true,"docId":909,"identifier":"909Article","docType":"Article","customDate":false,"teaserData":{"teaserText":"Konseptutvikling","mode":"default"},"content":{"teaser":"Konseptutvikling","intro":"Hver kommune ble oppfordret til \u00e5 velge ett prosjekt lokalt inn i reiselivsstrategien for \u00e5 utvikle en signatur som skal v\u00e6re med p\u00e5 \u00e5 l\u00f8fte Vester\u00e5len som reisem\u00e5l. Sortland valgte \"Den Bl\u00e5 Kulturbyen\"."},"titles":{"main":"Den bl\u00e5 kulturbyen","readMoreButton":"Les mer"},"urls":{"readMore":"\/konseptutvikling\/?Article=909","booking":null},"created":{"date":"07.10.2020","time":"13:40","timestamp":1602070800},"introAllowHtml":false,"hasTicket":false,"extra":{"cbis-activity-product-id":"","cbis-show-in-slideshow":null},"hasReadMore":true,"media":{"imageData":{"path":"\/sites\/v\/visitvesteralen.com\/files\/sortland20museumfotokjell20ove20storvik3471.jpg","width":1920,"height":1310,"aspectRatio":1.465648854961832},"previewImageUrl":"\/sites\/v\/visitvesteralen.com\/files\/sortland20museumfotokjell20ove20storvik3471.jpg?cropToFit=100x59&quality=50","imageVariants":[{"path":"\/sites\/v\/visitvesteralen.com\/files\/sortland20museumfotokjell20ove20storvik3471.jpg?cropToFit=100x59&quality=75","width":100,"height":59,"aspectRatio":1.694915254237288},{"path":"\/sites\/v\/visitvesteralen.com\/files\/sortland20museumfotokjell20ove20storvik3471.jpg?cropToFit=200x118&quality=75","width":200,"height":118,"aspectRatio":1.694915254237288},{"path":"\/sites\/v\/visitvesteralen.com\/files\/sortland20museumfotokjell20ove20storvik3471.jpg?cropToFit=400x235&quality=75","width":400,"height":235,"aspectRatio":1.702127659574468},{"path":"\/sites\/v\/visitvesteralen.com\/files\/sortland20museumfotokjell20ove20storvik3471.jpg?cropToFit=600x353&quality=75","width":600,"height":353,"aspectRatio":1.6997167138810199},{"path":"\/sites\/v\/visitvesteralen.com\/files\/sortland20museumfotokjell20ove20storvik3471.jpg?cropToFit=800x471&quality=75","width":800,"height":471,"aspectRatio":1.6985138004246285},{"path":"\/sites\/v\/visitvesteralen.com\/files\/sortland20museumfotokjell20ove20storvik3471.jpg?cropToFit=1000x588&quality=75","width":1000,"height":588,"aspectRatio":1.7006802721088434},{"path":"\/sites\/v\/visitvesteralen.com\/files\/sortland20museumfotokjell20ove20storvik3471.jpg?cropToFit=1200x706&quality=75","width":1200,"height":706,"aspectRatio":1.6997167138810199}],"image":"\/sites\/v\/visitvesteralen.com\/files\/sortland20museumfotokjell20ove20storvik3471.jpg","aspect":1.694915254237288,"type":"image","description":null},"additionalData":[]},{"classes":["outercol"],"isFavourite":false,"isExternalUrl":{"articleLink":false},"articleListButtonsData":{"buttonsList":[{"label":"Les mer","url":"\/konseptutvikling\/?Article=906","type":"readmore"}],"mode":"default"},"favouriteType":null,"mnu":null,"section":null,"displayId":true,"docId":906,"identifier":"906Article","docType":"Article","customDate":false,"teaserData":{"teaserText":"Konseptutvikling","mode":"default"},"content":{"teaser":"Konseptutvikling","intro":"Fem Fiskev\u00e6r er et kommende konsept hvor man skal l\u00f8fte opp reisen i tid og kultur mellom fiskev\u00e6rene St\u00f8, Nyksund, Myre, Skipnes og Handelsstedet Tinden."},"titles":{"main":"Fem Fiskev\u00e6r","readMoreButton":"Les mer"},"urls":{"readMore":"\/konseptutvikling\/?Article=906","booking":null},"created":{"date":"07.10.2020","time":"13:37","timestamp":1602070620},"introAllowHtml":false,"hasTicket":false,"extra":{"cbis-activity-product-id":"","cbis-show-in-slideshow":null},"hasReadMore":true,"media":{"imageData":{"path":"\/sites\/v\/visitvesteralen.com\/files\/dronningruta_sto_kjetilpaulsen.jpg","width":2500,"height":1663,"aspectRatio":1.503307276007216},"previewImageUrl":"\/sites\/v\/visitvesteralen.com\/files\/dronningruta_sto_kjetilpaulsen.jpg?cropToFit=100x59&quality=50","imageVariants":[{"path":"\/sites\/v\/visitvesteralen.com\/files\/dronningruta_sto_kjetilpaulsen.jpg?cropToFit=100x59&quality=75","width":100,"height":59,"aspectRatio":1.694915254237288},{"path":"\/sites\/v\/visitvesteralen.com\/files\/dronningruta_sto_kjetilpaulsen.jpg?cropToFit=200x118&quality=75","width":200,"height":118,"aspectRatio":1.694915254237288},{"path":"\/sites\/v\/visitvesteralen.com\/files\/dronningruta_sto_kjetilpaulsen.jpg?cropToFit=400x235&quality=75","width":400,"height":235,"aspectRatio":1.702127659574468},{"path":"\/sites\/v\/visitvesteralen.com\/files\/dronningruta_sto_kjetilpaulsen.jpg?cropToFit=600x353&quality=75","width":600,"height":353,"aspectRatio":1.6997167138810199},{"path":"\/sites\/v\/visitvesteralen.com\/files\/dronningruta_sto_kjetilpaulsen.jpg?cropToFit=800x471&quality=75","width":800,"height":471,"aspectRatio":1.6985138004246285},{"path":"\/sites\/v\/visitvesteralen.com\/files\/dronningruta_sto_kjetilpaulsen.jpg?cropToFit=1000x588&quality=75","width":1000,"height":588,"aspectRatio":1.7006802721088434},{"path":"\/sites\/v\/visitvesteralen.com\/files\/dronningruta_sto_kjetilpaulsen.jpg?cropToFit=1200x706&quality=75","width":1200,"height":706,"aspectRatio":1.6997167138810199}],"image":"\/sites\/v\/visitvesteralen.com\/files\/dronningruta_sto_kjetilpaulsen.jpg","aspect":1.694915254237288,"type":"image","description":null},"additionalData":[]},{"classes":["outercol"],"isFavourite":false,"isExternalUrl":{"articleLink":false},"articleListButtonsData":{"buttonsList":[{"label":"Les mer","url":"\/konseptutvikling\/konsept-hvalens-hovedstad","type":"readmore"}],"mode":"default"},"favouriteType":null,"mnu":null,"section":null,"displayId":true,"docId":911,"identifier":"911Article","docType":"Article","customDate":false,"teaserData":{"teaserText":"Konseptutvikling","mode":"default"},"content":{"teaser":"Konseptutvikling","intro":"I l\u00f8pet av fase to av reisem\u00e5lsstrategi-arbeidet ble konseptet Andenes som \"Hvalens hovedstad\" valgt som konsept under den strategiske satsingen WHALES AND WILDLIFE og skrevet inn i strategidokumentet som er vedtatt i kommunene. M\u00e5let er \u00e5 skape en tydelig signatur av Andenes som det stedet du skal reise til for \u00e5 oppleve hval og f\u00e5 kunnskap om dette fantastiske dyret."},"titles":{"main":"Hvalens hovedstad","readMoreButton":"Les mer"},"urls":{"readMore":"\/konseptutvikling\/konsept-hvalens-hovedstad","booking":null},"created":{"date":"07.10.2020","time":"13:42","timestamp":1602070920},"introAllowHtml":false,"hasTicket":false,"extra":{"cbis-activity-product-id":"","cbis-show-in-slideshow":null},"hasReadMore":true,"media":{"imageData":{"path":"\/sites\/v\/visitvesteralen.com\/files\/hval_hovedbilde_martenbril_1.jpg","width":2500,"height":1574,"aspectRatio":1.5883100381194408},"previewImageUrl":"\/sites\/v\/visitvesteralen.com\/files\/hval_hovedbilde_martenbril_1.jpg?cropToFit=100x59&quality=50","imageVariants":[{"path":"\/sites\/v\/visitvesteralen.com\/files\/hval_hovedbilde_martenbril_1.jpg?cropToFit=100x59&quality=75","width":100,"height":59,"aspectRatio":1.694915254237288},{"path":"\/sites\/v\/visitvesteralen.com\/files\/hval_hovedbilde_martenbril_1.jpg?cropToFit=200x118&quality=75","width":200,"height":118,"aspectRatio":1.694915254237288},{"path":"\/sites\/v\/visitvesteralen.com\/files\/hval_hovedbilde_martenbril_1.jpg?cropToFit=400x235&quality=75","width":400,"height":235,"aspectRatio":1.702127659574468},{"path":"\/sites\/v\/visitvesteralen.com\/files\/hval_hovedbilde_martenbril_1.jpg?cropToFit=600x353&quality=75","width":600,"height":353,"aspectRatio":1.6997167138810199},{"path":"\/sites\/v\/visitvesteralen.com\/files\/hval_hovedbilde_martenbril_1.jpg?cropToFit=800x471&quality=75","width":800,"height":471,"aspectRatio":1.6985138004246285},{"path":"\/sites\/v\/visitvesteralen.com\/files\/hval_hovedbilde_martenbril_1.jpg?cropToFit=1000x588&quality=75","width":1000,"height":588,"aspectRatio":1.7006802721088434},{"path":"\/sites\/v\/visitvesteralen.com\/files\/hval_hovedbilde_martenbril_1.jpg?cropToFit=1200x706&quality=75","width":1200,"height":706,"aspectRatio":1.6997167138810199}],"image":"\/sites\/v\/visitvesteralen.com\/files\/hval_hovedbilde_martenbril_1.jpg","aspect":1.694915254237288,"type":"image","description":null},"additionalData":[]}],"pages":[1],"currentPage":1,"sections":[]}