{"articles":[{"classes":["outercol"],"isFavourite":false,"isExternalUrl":{"articleLink":false},"articleListButtonsData":{"buttonsList":[{"label":"Les mer","url":"\/Barekraftigreisemalsutvikling\/?Article=946","type":"readmore"}],"mode":"default"},"favouriteType":null,"mnu":null,"section":null,"displayId":true,"docId":946,"identifier":"946Article","docType":"Article","customDate":false,"teaserData":{"teaserText":"Inkluderende reisem\u00e5l","mode":"default"},"content":{"teaser":"Inkluderende reisem\u00e5l","intro":"Vester\u00e5len skal v\u00e6re for alle. Vi \u00f8nsker \u00e5 v\u00e6re en inkluderende og tilgjengelig destinasjon. Vi har over lengre tid sett behov for tilrettelegging og tilgjengelighet for eldre, barnefamilier og personer med ulike funksjonshemminger og tilretteleggingsbehov, men har manglet kunnskap om hvordan dette best kan gj\u00f8res. Resultatet ble v\u00e5r deltagelse i prosjektet \"Inkluderende reiseliv\", som skal gjennomf\u00f8res i 2021 - 2024"},"titles":{"main":"Tilrettelagt reiseliv for alle","readMoreButton":"Les mer"},"urls":{"readMore":"\/Barekraftigreisemalsutvikling\/?Article=946","booking":null},"created":{"date":"10.12.2020","time":"09:03","timestamp":1607587380},"introAllowHtml":false,"hasTicket":false,"extra":{"cbis-activity-product-id":"","cbis-show-in-slideshow":null},"hasReadMore":true,"media":{"imageData":{"path":"\/sites\/v\/visitvesteralen.com\/files\/strandbilde_med_barn___barbro_erdahl_fri_bruk.jpg","width":5000,"height":3333,"aspectRatio":1.5001500150015001},"previewImageUrl":"\/sites\/v\/visitvesteralen.com\/files\/strandbilde_med_barn___barbro_erdahl_fri_bruk.jpg?cropToFit=100x59&quality=50","imageVariants":[{"path":"\/sites\/v\/visitvesteralen.com\/files\/strandbilde_med_barn___barbro_erdahl_fri_bruk.jpg?cropToFit=100x59&quality=75","width":100,"height":59,"aspectRatio":1.694915254237288},{"path":"\/sites\/v\/visitvesteralen.com\/files\/strandbilde_med_barn___barbro_erdahl_fri_bruk.jpg?cropToFit=200x118&quality=75","width":200,"height":118,"aspectRatio":1.694915254237288},{"path":"\/sites\/v\/visitvesteralen.com\/files\/strandbilde_med_barn___barbro_erdahl_fri_bruk.jpg?cropToFit=400x235&quality=75","width":400,"height":235,"aspectRatio":1.702127659574468},{"path":"\/sites\/v\/visitvesteralen.com\/files\/strandbilde_med_barn___barbro_erdahl_fri_bruk.jpg?cropToFit=600x353&quality=75","width":600,"height":353,"aspectRatio":1.6997167138810199},{"path":"\/sites\/v\/visitvesteralen.com\/files\/strandbilde_med_barn___barbro_erdahl_fri_bruk.jpg?cropToFit=800x471&quality=75","width":800,"height":471,"aspectRatio":1.6985138004246285},{"path":"\/sites\/v\/visitvesteralen.com\/files\/strandbilde_med_barn___barbro_erdahl_fri_bruk.jpg?cropToFit=1000x588&quality=75","width":1000,"height":588,"aspectRatio":1.7006802721088434},{"path":"\/sites\/v\/visitvesteralen.com\/files\/strandbilde_med_barn___barbro_erdahl_fri_bruk.jpg?cropToFit=1200x706&quality=75","width":1200,"height":706,"aspectRatio":1.6997167138810199}],"image":"\/sites\/v\/visitvesteralen.com\/files\/strandbilde_med_barn___barbro_erdahl_fri_bruk.jpg","aspect":1.694915254237288,"type":"image","description":null},"additionalData":[]},{"classes":["outercol"],"isFavourite":false,"isExternalUrl":{"articleLink":false},"articleListButtonsData":{"buttonsList":[{"label":"Les mer","url":"\/sites\/v\/visitvesteralen.com\/files\/handlingsplan_baerekraftig_reisemalsutvikling_visit_vesteralen.pdf","type":"readmore"}],"mode":"default"},"favouriteType":null,"mnu":null,"section":null,"displayId":true,"docId":718,"identifier":"718Article","docType":"Article","customDate":false,"teaserData":{"teaserText":"","mode":"default"},"content":{"teaser":"","intro":"Handlingsplan med tiltak som skal gjennomf\u00f8res i l\u00f8pet av siste fase av Innovasjon Norges 'Merkeordning for B\u00e6rekraftig reisem\u00e5lsutvikling'."},"titles":{"main":"Handlingsplan B\u00e6rekraftig reisem\u00e5lsutvikling","readMoreButton":"Les mer"},"urls":{"readMore":"\/sites\/v\/visitvesteralen.com\/files\/handlingsplan_baerekraftig_reisemalsutvikling_visit_vesteralen.pdf","booking":null},"created":{"date":"09.09.2019","time":"13:26","timestamp":1568028360},"introAllowHtml":false,"hasTicket":false,"extra":{"cbis-activity-product-id":"","cbis-show-in-slideshow":null},"hasReadMore":true,"media":{"imageData":{"path":"\/sites\/v\/visitvesteralen.com\/files\/handlingsplan_forside.jpg","width":1241,"height":1800,"aspectRatio":0.6894444444444444},"previewImageUrl":"\/sites\/v\/visitvesteralen.com\/files\/handlingsplan_forside.jpg?cropToFit=100x59&quality=50","imageVariants":[{"path":"\/sites\/v\/visitvesteralen.com\/files\/handlingsplan_forside.jpg?cropToFit=100x59&quality=75","width":100,"height":59,"aspectRatio":1.694915254237288},{"path":"\/sites\/v\/visitvesteralen.com\/files\/handlingsplan_forside.jpg?cropToFit=200x118&quality=75","width":200,"height":118,"aspectRatio":1.694915254237288},{"path":"\/sites\/v\/visitvesteralen.com\/files\/handlingsplan_forside.jpg?cropToFit=400x235&quality=75","width":400,"height":235,"aspectRatio":1.702127659574468},{"path":"\/sites\/v\/visitvesteralen.com\/files\/handlingsplan_forside.jpg?cropToFit=600x353&quality=75","width":600,"height":353,"aspectRatio":1.6997167138810199},{"path":"\/sites\/v\/visitvesteralen.com\/files\/handlingsplan_forside.jpg?cropToFit=800x471&quality=75","width":800,"height":471,"aspectRatio":1.6985138004246285},{"path":"\/sites\/v\/visitvesteralen.com\/files\/handlingsplan_forside.jpg?cropToFit=1000x588&quality=75","width":1000,"height":588,"aspectRatio":1.7006802721088434},{"path":"\/sites\/v\/visitvesteralen.com\/files\/handlingsplan_forside.jpg?cropToFit=1200x706&quality=75","width":1200,"height":706,"aspectRatio":1.6997167138810199}],"image":"\/sites\/v\/visitvesteralen.com\/files\/handlingsplan_forside.jpg","aspect":1.694915254237288,"type":"image","description":null},"additionalData":[]},{"classes":["outercol"],"isFavourite":false,"isExternalUrl":{"articleLink":false},"articleListButtonsData":{"buttonsList":[{"label":"Les mer","url":"\/Barekraftigreisemalsutvikling\/baerekraftigreisemal","type":"readmore"}],"mode":"default"},"favouriteType":null,"mnu":null,"section":null,"displayId":true,"docId":456,"identifier":"456Article","docType":"Article","customDate":false,"teaserData":{"teaserText":"","mode":"default"},"content":{"teaser":"","intro":"Med st\u00f8tte fra Innovasjon Norge, jobber Visit Vester\u00e5len med \u00e5 sertifisere Vester\u00e5len som et mer b\u00e6rekraftig reisem\u00e5l."},"titles":{"main":"Vester\u00e5len jobber for \u00e5 bli et mer b\u00e6rekraftig reisem\u00e5l","readMoreButton":"Les mer"},"urls":{"readMore":"\/Barekraftigreisemalsutvikling\/baerekraftigreisemal","booking":null},"created":{"date":"18.02.2018","time":"18:55","timestamp":1518976500},"introAllowHtml":false,"hasTicket":false,"extra":{"cbis-activity-product-id":"","cbis-show-in-slideshow":null},"hasReadMore":true,"media":{"imageData":{"path":"\/sites\/v\/visitvesteralen.com\/files\/c5e958457f59a813d44f27df59e72f62.jpg","width":960,"height":487,"aspectRatio":1.9712525667351128},"previewImageUrl":"\/sites\/v\/visitvesteralen.com\/files\/c5e958457f59a813d44f27df59e72f62.jpg?cropToFit=100x59&quality=50","imageVariants":[{"path":"\/sites\/v\/visitvesteralen.com\/files\/c5e958457f59a813d44f27df59e72f62.jpg?cropToFit=100x59&quality=75","width":100,"height":59,"aspectRatio":1.694915254237288},{"path":"\/sites\/v\/visitvesteralen.com\/files\/c5e958457f59a813d44f27df59e72f62.jpg?cropToFit=200x118&quality=75","width":200,"height":118,"aspectRatio":1.694915254237288},{"path":"\/sites\/v\/visitvesteralen.com\/files\/c5e958457f59a813d44f27df59e72f62.jpg?cropToFit=400x235&quality=75","width":400,"height":235,"aspectRatio":1.702127659574468},{"path":"\/sites\/v\/visitvesteralen.com\/files\/c5e958457f59a813d44f27df59e72f62.jpg?cropToFit=600x353&quality=75","width":600,"height":353,"aspectRatio":1.6997167138810199},{"path":"\/sites\/v\/visitvesteralen.com\/files\/c5e958457f59a813d44f27df59e72f62.jpg?cropToFit=800x471&quality=75","width":800,"height":471,"aspectRatio":1.6985138004246285},{"path":"\/sites\/v\/visitvesteralen.com\/files\/c5e958457f59a813d44f27df59e72f62.jpg?cropToFit=1000x588&quality=75","width":828,"height":487,"aspectRatio":1.700205338809035},{"path":"\/sites\/v\/visitvesteralen.com\/files\/c5e958457f59a813d44f27df59e72f62.jpg?cropToFit=1200x706&quality=75","width":828,"height":487,"aspectRatio":1.700205338809035}],"image":"\/sites\/v\/visitvesteralen.com\/files\/c5e958457f59a813d44f27df59e72f62.jpg","aspect":1.694915254237288,"type":"image","description":null},"additionalData":[]},{"classes":["outercol"],"isFavourite":false,"isExternalUrl":{"articleLink":false},"articleListButtonsData":{"buttonsList":[{"label":"Les mer","url":"\/Barekraftigreisemalsutvikling\/miljomerker","type":"readmore"}],"mode":"default"},"favouriteType":null,"mnu":null,"section":null,"displayId":true,"docId":455,"identifier":"455Article","docType":"Article","customDate":false,"teaserData":{"teaserText":"","mode":"default"},"content":{"teaser":"","intro":"Reiseliv skal v\u00e6re en b\u00e6rekraftig n\u00e6ring, og her kan du lese om de forskjellige milj\u00f8merkene i Norge. Du kan ogs\u00e5 lese om milj\u00f8merkingen Visit Vester\u00e5len ble en del av i juni 2018 - Milj\u00f8fyrt\u00e5rn."},"titles":{"main":"B\u00e6rekraftig turisme  - Milj\u00f8merking i Norge","readMoreButton":"Les mer"},"urls":{"readMore":"\/Barekraftigreisemalsutvikling\/miljomerker","booking":null},"created":{"date":"15.02.2018","time":"10:27","timestamp":1518686820},"introAllowHtml":false,"hasTicket":false,"extra":{"cbis-activity-product-id":"","cbis-show-in-slideshow":null},"hasReadMore":true,"media":{"imageData":{"path":"\/sites\/v\/visitvesteralen.com\/files\/miljomerking_visitnorway.png","width":1237,"height":877,"aspectRatio":1.4104903078677309},"previewImageUrl":"\/sites\/v\/visitvesteralen.com\/files\/miljomerking_visitnorway.png?cropToFit=100x59&quality=50","imageVariants":[{"path":"\/sites\/v\/visitvesteralen.com\/files\/miljomerking_visitnorway.png?cropToFit=100x59&quality=75","width":100,"height":59,"aspectRatio":1.694915254237288},{"path":"\/sites\/v\/visitvesteralen.com\/files\/miljomerking_visitnorway.png?cropToFit=200x118&quality=75","width":200,"height":118,"aspectRatio":1.694915254237288},{"path":"\/sites\/v\/visitvesteralen.com\/files\/miljomerking_visitnorway.png?cropToFit=400x235&quality=75","width":400,"height":235,"aspectRatio":1.702127659574468},{"path":"\/sites\/v\/visitvesteralen.com\/files\/miljomerking_visitnorway.png?cropToFit=600x353&quality=75","width":600,"height":353,"aspectRatio":1.6997167138810199},{"path":"\/sites\/v\/visitvesteralen.com\/files\/miljomerking_visitnorway.png?cropToFit=800x471&quality=75","width":800,"height":471,"aspectRatio":1.6985138004246285},{"path":"\/sites\/v\/visitvesteralen.com\/files\/miljomerking_visitnorway.png?cropToFit=1000x588&quality=75","width":1000,"height":588,"aspectRatio":1.7006802721088434},{"path":"\/sites\/v\/visitvesteralen.com\/files\/miljomerking_visitnorway.png?cropToFit=1200x706&quality=75","width":1200,"height":706,"aspectRatio":1.6997167138810199}],"image":"\/sites\/v\/visitvesteralen.com\/files\/miljomerking_visitnorway.png","aspect":1.694915254237288,"type":"image","description":null},"additionalData":[]},{"classes":["outercol"],"isFavourite":false,"isExternalUrl":{"articleLink":false},"articleListButtonsData":{"buttonsList":[{"label":"Les mer","url":"\/?id=2116292277","type":"readmore"}],"mode":"default"},"favouriteType":null,"mnu":null,"section":null,"displayId":true,"docId":610,"identifier":"610Article","docType":"Article","customDate":false,"teaserData":{"teaserText":"Milj\u00f8merking","mode":"default"},"content":{"teaser":"Milj\u00f8merking","intro":"Her ser du en oversikt over medlemsbedriftene i Visit Vester\u00e5len som er milj\u00f8sertifiserte. "},"titles":{"main":"Sertifiserte bedrifter","readMoreButton":"Les mer"},"urls":{"readMore":"\/?id=2116292277","booking":null},"created":{"date":"22.02.2019","time":"08:52","timestamp":1550821920},"introAllowHtml":false,"hasTicket":false,"extra":{"cbis-activity-product-id":"","cbis-show-in-slideshow":null},"hasReadMore":true,"media":{"imageData":{"path":"\/sites\/v\/visitvesteralen.com\/files\/milj__fyrta__rn__utdeling_av_diplom.jpg","width":1572,"height":1572,"aspectRatio":1},"previewImageUrl":"\/sites\/v\/visitvesteralen.com\/files\/milj__fyrta__rn__utdeling_av_diplom.jpg?cropToFit=100x59&quality=50","imageVariants":[{"path":"\/sites\/v\/visitvesteralen.com\/files\/milj__fyrta__rn__utdeling_av_diplom.jpg?cropToFit=100x59&quality=75","width":100,"height":59,"aspectRatio":1.694915254237288},{"path":"\/sites\/v\/visitvesteralen.com\/files\/milj__fyrta__rn__utdeling_av_diplom.jpg?cropToFit=200x118&quality=75","width":200,"height":118,"aspectRatio":1.694915254237288},{"path":"\/sites\/v\/visitvesteralen.com\/files\/milj__fyrta__rn__utdeling_av_diplom.jpg?cropToFit=400x235&quality=75","width":400,"height":235,"aspectRatio":1.702127659574468},{"path":"\/sites\/v\/visitvesteralen.com\/files\/milj__fyrta__rn__utdeling_av_diplom.jpg?cropToFit=600x353&quality=75","width":600,"height":353,"aspectRatio":1.6997167138810199},{"path":"\/sites\/v\/visitvesteralen.com\/files\/milj__fyrta__rn__utdeling_av_diplom.jpg?cropToFit=800x471&quality=75","width":800,"height":471,"aspectRatio":1.6985138004246285},{"path":"\/sites\/v\/visitvesteralen.com\/files\/milj__fyrta__rn__utdeling_av_diplom.jpg?cropToFit=1000x588&quality=75","width":1000,"height":588,"aspectRatio":1.7006802721088434},{"path":"\/sites\/v\/visitvesteralen.com\/files\/milj__fyrta__rn__utdeling_av_diplom.jpg?cropToFit=1200x706&quality=75","width":1200,"height":706,"aspectRatio":1.6997167138810199}],"image":"\/sites\/v\/visitvesteralen.com\/files\/milj__fyrta__rn__utdeling_av_diplom.jpg","aspect":1.694915254237288,"type":"image","description":null},"additionalData":[]}],"pages":[1],"currentPage":1,"sections":[]}