{"articles":[{"classes":["outercol"],"isFavourite":false,"isExternalUrl":{"articleLink":false},"articleListButtonsData":{"buttonsList":[{"label":"Read more","url":"\/en\/camping\/camping-etiquette","type":"readmore"}],"mode":"default"},"favouriteType":null,"mnu":null,"section":null,"displayId":true,"docId":4370,"identifier":"4370Article","docType":"Article","customDate":false,"teaserData":{"teaserText":"Camping etiquette","mode":"default"},"content":{"teaser":"Camping etiquette","intro":"Good advice for campers."},"titles":{"main":"Camping etiquette in Norway and Vester\u00e5len","readMoreButton":"Read more"},"urls":{"readMore":"\/en\/camping\/camping-etiquette","booking":null},"created":{"date":"09\/08\/2024","time":"14:43","timestamp":1723207380},"introAllowHtml":false,"hasTicket":false,"extra":{"cbis-activity-product-id":"","cbis-show-in-slideshow":null},"hasReadMore":true,"media":{"imageData":{"path":"\/sites\/v\/visitvesteralen.com\/files\/2024\/08\/bobil-stave-camping-1-1.jpg","width":1998,"height":1998,"aspectRatio":1},"previewImageUrl":"\/sites\/v\/visitvesteralen.com\/files\/2024\/08\/bobil-stave-camping-1-1.jpg?cropToFit=100x59&quality=50","imageVariants":[{"path":"\/sites\/v\/visitvesteralen.com\/files\/2024\/08\/bobil-stave-camping-1-1.jpg?cropToFit=100x59&quality=75","width":100,"height":59,"aspectRatio":1.694915254237288},{"path":"\/sites\/v\/visitvesteralen.com\/files\/2024\/08\/bobil-stave-camping-1-1.jpg?cropToFit=200x118&quality=75","width":200,"height":118,"aspectRatio":1.694915254237288},{"path":"\/sites\/v\/visitvesteralen.com\/files\/2024\/08\/bobil-stave-camping-1-1.jpg?cropToFit=400x235&quality=75","width":400,"height":235,"aspectRatio":1.702127659574468},{"path":"\/sites\/v\/visitvesteralen.com\/files\/2024\/08\/bobil-stave-camping-1-1.jpg?cropToFit=600x353&quality=75","width":600,"height":353,"aspectRatio":1.6997167138810199},{"path":"\/sites\/v\/visitvesteralen.com\/files\/2024\/08\/bobil-stave-camping-1-1.jpg?cropToFit=800x471&quality=75","width":800,"height":471,"aspectRatio":1.6985138004246285},{"path":"\/sites\/v\/visitvesteralen.com\/files\/2024\/08\/bobil-stave-camping-1-1.jpg?cropToFit=1000x588&quality=75","width":1000,"height":588,"aspectRatio":1.7006802721088434},{"path":"\/sites\/v\/visitvesteralen.com\/files\/2024\/08\/bobil-stave-camping-1-1.jpg?cropToFit=1200x706&quality=75","width":1200,"height":706,"aspectRatio":1.6997167138810199}],"image":"\/sites\/v\/visitvesteralen.com\/files\/2024\/08\/bobil-stave-camping-1-1.jpg","aspect":1.694915254237288,"type":"image","description":"Caravan standing at Stave Camping"},"additionalData":[]},{"classes":["outercol"],"isFavourite":false,"isExternalUrl":{"articleLink":false},"articleListButtonsData":{"buttonsList":[{"label":"Read more","url":"\/en\/camping\/moysalen-nasjonalparksenter-camping","type":"readmore"}],"mode":"default"},"favouriteType":null,"mnu":null,"section":null,"displayId":true,"docId":1207,"identifier":"1207Article","docType":"Article","customDate":false,"teaserData":{"teaserText":"Camping","mode":"default"},"content":{"teaser":"Camping","intro":"Do you wish to camp in calm surroundings at the countryside, with beautiful sceneries to fjords and mountains \u2013 then our camping site is perfect for you! "},"titles":{"main":"M\u00f8ysalen Camping","readMoreButton":"Read more"},"urls":{"readMore":"\/en\/camping\/moysalen-nasjonalparksenter-camping","booking":null},"created":{"date":"11\/07\/2022","time":"11:27","timestamp":1657531620},"introAllowHtml":false,"hasTicket":false,"extra":{"cbis-activity-product-id":"","cbis-show-in-slideshow":null},"hasReadMore":true,"media":{"imageData":{"path":"\/sites\/v\/visitvesteralen.com\/files\/campingplass___vera_remen.jpg","width":3948,"height":2431,"aspectRatio":1.6240230357877417},"previewImageUrl":"\/sites\/v\/visitvesteralen.com\/files\/campingplass___vera_remen.jpg?cropToFit=100x59&quality=50","imageVariants":[{"path":"\/sites\/v\/visitvesteralen.com\/files\/campingplass___vera_remen.jpg?cropToFit=100x59&quality=75","width":100,"height":59,"aspectRatio":1.694915254237288},{"path":"\/sites\/v\/visitvesteralen.com\/files\/campingplass___vera_remen.jpg?cropToFit=200x118&quality=75","width":200,"height":118,"aspectRatio":1.694915254237288},{"path":"\/sites\/v\/visitvesteralen.com\/files\/campingplass___vera_remen.jpg?cropToFit=400x235&quality=75","width":400,"height":235,"aspectRatio":1.702127659574468},{"path":"\/sites\/v\/visitvesteralen.com\/files\/campingplass___vera_remen.jpg?cropToFit=600x353&quality=75","width":600,"height":353,"aspectRatio":1.6997167138810199},{"path":"\/sites\/v\/visitvesteralen.com\/files\/campingplass___vera_remen.jpg?cropToFit=800x471&quality=75","width":800,"height":471,"aspectRatio":1.6985138004246285},{"path":"\/sites\/v\/visitvesteralen.com\/files\/campingplass___vera_remen.jpg?cropToFit=1000x588&quality=75","width":1000,"height":588,"aspectRatio":1.7006802721088434},{"path":"\/sites\/v\/visitvesteralen.com\/files\/campingplass___vera_remen.jpg?cropToFit=1200x706&quality=75","width":1200,"height":706,"aspectRatio":1.6997167138810199}],"image":"\/sites\/v\/visitvesteralen.com\/files\/campingplass___vera_remen.jpg","aspect":1.694915254237288,"type":"image","description":null},"additionalData":[]},{"classes":["outercol"],"isFavourite":false,"isExternalUrl":{"articleLink":false},"articleListButtonsData":{"buttonsList":[{"label":"Read more","url":"\/en\/camping\/oppmyre-camping","type":"readmore"}],"mode":"default"},"favouriteType":null,"mnu":null,"section":null,"displayId":true,"docId":3635,"identifier":"3635Article","docType":"Article","customDate":false,"teaserData":{"teaserText":"Camping","mode":"default"},"content":{"teaser":"Camping","intro":"Idyllic location by the sea, with stunning views over the mountains and the fjord."},"titles":{"main":"Oppmyre Camping","readMoreButton":"Read more"},"urls":{"readMore":"\/en\/camping\/oppmyre-camping","booking":null},"created":{"date":"22\/11\/2023","time":"19:19","timestamp":1700677140},"introAllowHtml":false,"hasTicket":false,"extra":{"cbis-activity-product-id":"","cbis-show-in-slideshow":null},"hasReadMore":true,"media":{"imageData":{"path":"\/sites\/v\/visitvesteralen.com\/files\/2023\/11\/1.jpg","width":2553,"height":1559,"aspectRatio":1.6375881975625401},"previewImageUrl":"\/sites\/v\/visitvesteralen.com\/files\/2023\/11\/1.jpg?cropToFit=100x59&quality=50","imageVariants":[{"path":"\/sites\/v\/visitvesteralen.com\/files\/2023\/11\/1.jpg?cropToFit=100x59&quality=75","width":100,"height":59,"aspectRatio":1.694915254237288},{"path":"\/sites\/v\/visitvesteralen.com\/files\/2023\/11\/1.jpg?cropToFit=200x118&quality=75","width":200,"height":118,"aspectRatio":1.694915254237288},{"path":"\/sites\/v\/visitvesteralen.com\/files\/2023\/11\/1.jpg?cropToFit=400x235&quality=75","width":400,"height":235,"aspectRatio":1.702127659574468},{"path":"\/sites\/v\/visitvesteralen.com\/files\/2023\/11\/1.jpg?cropToFit=600x353&quality=75","width":600,"height":353,"aspectRatio":1.6997167138810199},{"path":"\/sites\/v\/visitvesteralen.com\/files\/2023\/11\/1.jpg?cropToFit=800x471&quality=75","width":800,"height":471,"aspectRatio":1.6985138004246285},{"path":"\/sites\/v\/visitvesteralen.com\/files\/2023\/11\/1.jpg?cropToFit=1000x588&quality=75","width":1000,"height":588,"aspectRatio":1.7006802721088434},{"path":"\/sites\/v\/visitvesteralen.com\/files\/2023\/11\/1.jpg?cropToFit=1200x706&quality=75","width":1200,"height":706,"aspectRatio":1.6997167138810199}],"image":"\/sites\/v\/visitvesteralen.com\/files\/2023\/11\/1.jpg","aspect":1.694915254237288,"type":"image","description":"Oppmyre Camping"},"additionalData":[]},{"classes":["outercol"],"isFavourite":false,"isExternalUrl":{"articleLink":false},"articleListButtonsData":{"buttonsList":[{"label":"Read more","url":"\/en\/camping\/lofotporten-glass-dome","type":"readmore"}],"mode":"default"},"favouriteType":null,"mnu":null,"section":null,"displayId":true,"docId":3336,"identifier":"3336Article","docType":"Article","customDate":false,"teaserData":{"teaserText":"Glamping","mode":"default"},"content":{"teaser":"Glamping","intro":"Sleeping in a dome gives you the feeling of being in one with nature. Raftsundet, in between Lofoten and Vester\u00e5len, gives you an unique nature experience and beautiful views."},"titles":{"main":"Glass dome in Raftsundet","readMoreButton":"Read more"},"urls":{"readMore":"\/en\/camping\/lofotporten-glass-dome","booking":null},"created":{"date":"21\/07\/2023","time":"10:01","timestamp":1689926466},"introAllowHtml":false,"hasTicket":false,"extra":{"cbis-activity-product-id":"","cbis-show-in-slideshow":null},"hasReadMore":true,"media":{"imageData":{"path":"\/sites\/v\/visitvesteralen.com\/files\/2024\/03\/glassdome-hovedbilde-nordlys.jpg","width":4032,"height":3024,"aspectRatio":1.3333333333333333},"previewImageUrl":"\/sites\/v\/visitvesteralen.com\/files\/2024\/03\/glassdome-hovedbilde-nordlys.jpg?cropToFit=100x59&quality=50","imageVariants":[{"path":"\/sites\/v\/visitvesteralen.com\/files\/2024\/03\/glassdome-hovedbilde-nordlys.jpg?cropToFit=100x59&quality=75","width":100,"height":59,"aspectRatio":1.694915254237288},{"path":"\/sites\/v\/visitvesteralen.com\/files\/2024\/03\/glassdome-hovedbilde-nordlys.jpg?cropToFit=200x118&quality=75","width":200,"height":118,"aspectRatio":1.694915254237288},{"path":"\/sites\/v\/visitvesteralen.com\/files\/2024\/03\/glassdome-hovedbilde-nordlys.jpg?cropToFit=400x235&quality=75","width":400,"height":235,"aspectRatio":1.702127659574468},{"path":"\/sites\/v\/visitvesteralen.com\/files\/2024\/03\/glassdome-hovedbilde-nordlys.jpg?cropToFit=600x353&quality=75","width":600,"height":353,"aspectRatio":1.6997167138810199},{"path":"\/sites\/v\/visitvesteralen.com\/files\/2024\/03\/glassdome-hovedbilde-nordlys.jpg?cropToFit=800x471&quality=75","width":800,"height":471,"aspectRatio":1.6985138004246285},{"path":"\/sites\/v\/visitvesteralen.com\/files\/2024\/03\/glassdome-hovedbilde-nordlys.jpg?cropToFit=1000x588&quality=75","width":1000,"height":588,"aspectRatio":1.7006802721088434},{"path":"\/sites\/v\/visitvesteralen.com\/files\/2024\/03\/glassdome-hovedbilde-nordlys.jpg?cropToFit=1200x706&quality=75","width":1200,"height":706,"aspectRatio":1.6997167138810199}],"image":"\/sites\/v\/visitvesteralen.com\/files\/2024\/03\/glassdome-hovedbilde-nordlys.jpg","aspect":1.694915254237288,"type":"image","description":"Glass dome with internal lighting seen from the outside."},"additionalData":[]},{"classes":["outercol"],"isFavourite":false,"isExternalUrl":{"articleLink":false},"articleListButtonsData":{"buttonsList":[{"label":"Read more","url":"\/en\/camping\/risoyhamn-seahouse-camping","type":"readmore"}],"mode":"default"},"favouriteType":null,"mnu":null,"section":null,"displayId":true,"docId":853,"identifier":"853Article","docType":"Article","customDate":false,"teaserData":{"teaserText":"Camping","mode":"default"},"content":{"teaser":"Camping","intro":"Motorhome and caravan pitches idyllically located by the sea in the village of Ris\u00f8yhamn."},"titles":{"main":"Ris\u00f8yhamn Sj\u00f8hus - Camping","readMoreButton":"Read more"},"urls":{"readMore":"\/en\/camping\/risoyhamn-seahouse-camping","booking":null},"created":{"date":"02\/06\/2020","time":"14:34","timestamp":1591101240},"introAllowHtml":false,"hasTicket":false,"extra":{"cbis-activity-product-id":"","cbis-show-in-slideshow":null},"hasReadMore":true,"media":{"imageData":{"path":"\/sites\/v\/visitvesteralen.com\/files\/risoyhamnsjohushovedbilde.jpg","width":2100,"height":1399,"aspectRatio":1.501072194424589},"previewImageUrl":"\/sites\/v\/visitvesteralen.com\/files\/risoyhamnsjohushovedbilde.jpg?cropToFit=100x59&quality=50","imageVariants":[{"path":"\/sites\/v\/visitvesteralen.com\/files\/risoyhamnsjohushovedbilde.jpg?cropToFit=100x59&quality=75","width":100,"height":59,"aspectRatio":1.694915254237288},{"path":"\/sites\/v\/visitvesteralen.com\/files\/risoyhamnsjohushovedbilde.jpg?cropToFit=200x118&quality=75","width":200,"height":118,"aspectRatio":1.694915254237288},{"path":"\/sites\/v\/visitvesteralen.com\/files\/risoyhamnsjohushovedbilde.jpg?cropToFit=400x235&quality=75","width":400,"height":235,"aspectRatio":1.702127659574468},{"path":"\/sites\/v\/visitvesteralen.com\/files\/risoyhamnsjohushovedbilde.jpg?cropToFit=600x353&quality=75","width":600,"height":353,"aspectRatio":1.6997167138810199},{"path":"\/sites\/v\/visitvesteralen.com\/files\/risoyhamnsjohushovedbilde.jpg?cropToFit=800x471&quality=75","width":800,"height":471,"aspectRatio":1.6985138004246285},{"path":"\/sites\/v\/visitvesteralen.com\/files\/risoyhamnsjohushovedbilde.jpg?cropToFit=1000x588&quality=75","width":1000,"height":588,"aspectRatio":1.7006802721088434},{"path":"\/sites\/v\/visitvesteralen.com\/files\/risoyhamnsjohushovedbilde.jpg?cropToFit=1200x706&quality=75","width":1200,"height":706,"aspectRatio":1.6997167138810199}],"image":"\/sites\/v\/visitvesteralen.com\/files\/risoyhamnsjohushovedbilde.jpg","aspect":1.694915254237288,"type":"image","description":"Ris\u00f8yhamn Sea house with floating jetty in front."},"additionalData":[]},{"classes":["outercol"],"isFavourite":false,"isExternalUrl":{"articleLink":false},"articleListButtonsData":{"buttonsList":[{"label":"Read more","url":"\/en\/camping\/midnattsol-camping","type":"readmore"}],"mode":"default"},"favouriteType":null,"mnu":null,"section":null,"displayId":true,"docId":601,"identifier":"601Article","docType":"Article","customDate":false,"teaserData":{"teaserText":"Camping","mode":"default"},"content":{"teaser":"Camping","intro":"The camsite is located in scenic surroundings close to the beach, at one of Norways longest and most beautiful sandy beaches on Bleik -  the outer side ofAnd\u00f8ya."},"titles":{"main":"Midnattsol Camping","readMoreButton":"Read more"},"urls":{"readMore":"\/en\/camping\/midnattsol-camping","booking":null},"created":{"date":"15\/02\/2019","time":"23:11","timestamp":1550268660},"introAllowHtml":false,"hasTicket":false,"extra":{"cbis-sync-id":"cbis:1735194","cbis-activity-product-id":"","cbis-show-in-slideshow":null},"hasReadMore":true,"media":{"imageData":{"path":"\/sites\/v\/visitvesteralen.com\/files\/cbis\/9cca7ea275eb039401a226c40f50c033.jpg","width":3913,"height":2807,"aspectRatio":1.3940149625935163},"previewImageUrl":"\/sites\/v\/visitvesteralen.com\/files\/cbis\/9cca7ea275eb039401a226c40f50c033.jpg?cropToFit=100x59&quality=50","imageVariants":[{"path":"\/sites\/v\/visitvesteralen.com\/files\/cbis\/9cca7ea275eb039401a226c40f50c033.jpg?cropToFit=100x59&quality=75","width":100,"height":59,"aspectRatio":1.694915254237288},{"path":"\/sites\/v\/visitvesteralen.com\/files\/cbis\/9cca7ea275eb039401a226c40f50c033.jpg?cropToFit=200x118&quality=75","width":200,"height":118,"aspectRatio":1.694915254237288},{"path":"\/sites\/v\/visitvesteralen.com\/files\/cbis\/9cca7ea275eb039401a226c40f50c033.jpg?cropToFit=400x235&quality=75","width":400,"height":235,"aspectRatio":1.702127659574468},{"path":"\/sites\/v\/visitvesteralen.com\/files\/cbis\/9cca7ea275eb039401a226c40f50c033.jpg?cropToFit=600x353&quality=75","width":600,"height":353,"aspectRatio":1.6997167138810199},{"path":"\/sites\/v\/visitvesteralen.com\/files\/cbis\/9cca7ea275eb039401a226c40f50c033.jpg?cropToFit=800x471&quality=75","width":800,"height":471,"aspectRatio":1.6985138004246285},{"path":"\/sites\/v\/visitvesteralen.com\/files\/cbis\/9cca7ea275eb039401a226c40f50c033.jpg?cropToFit=1000x588&quality=75","width":1000,"height":588,"aspectRatio":1.7006802721088434},{"path":"\/sites\/v\/visitvesteralen.com\/files\/cbis\/9cca7ea275eb039401a226c40f50c033.jpg?cropToFit=1200x706&quality=75","width":1200,"height":706,"aspectRatio":1.6997167138810199}],"image":"\/sites\/v\/visitvesteralen.com\/files\/cbis\/9cca7ea275eb039401a226c40f50c033.jpg","aspect":1.694915254237288,"type":"image","description":"Midnights sun at a Campsite with mobile homes."},"additionalData":[]},{"classes":["outercol"],"isFavourite":false,"isExternalUrl":{"articleLink":false},"articleListButtonsData":{"buttonsList":[{"label":"Read more","url":"\/en\/camping\/sortland-camping-motell","type":"readmore"}],"mode":"default"},"favouriteType":null,"mnu":null,"section":null,"displayId":true,"docId":266,"identifier":"266Article","docType":"Article","customDate":false,"teaserData":{"teaserText":"Camping & cabins","mode":"default"},"content":{"teaser":"Camping & cabins","intro":"Sortland Camping og Motell is situated very central in Sortland, a short distance to the city centre and with a beautiful view towards the fjord and the mountains. "},"titles":{"main":"Sortland Camping og Motell","readMoreButton":"Read more"},"urls":{"readMore":"\/en\/camping\/sortland-camping-motell","booking":null},"created":{"date":"27\/02\/2017","time":"19:06","timestamp":1488218760},"introAllowHtml":false,"hasTicket":false,"extra":{"cbis-sync-id":"cbis:692498","cbis-activity-product-id":"","cbis-show-in-slideshow":null},"hasReadMore":true,"media":{"imageData":{"path":"\/sites\/v\/visitvesteralen.com\/files\/2025\/10\/sc-nordlys.jpg","width":3201,"height":3201,"aspectRatio":1},"previewImageUrl":"\/sites\/v\/visitvesteralen.com\/files\/2025\/10\/sc-nordlys.jpg?cropToFit=100x59&quality=50","imageVariants":[{"path":"\/sites\/v\/visitvesteralen.com\/files\/2025\/10\/sc-nordlys.jpg?cropToFit=100x59&quality=75","width":100,"height":59,"aspectRatio":1.694915254237288},{"path":"\/sites\/v\/visitvesteralen.com\/files\/2025\/10\/sc-nordlys.jpg?cropToFit=200x118&quality=75","width":200,"height":118,"aspectRatio":1.694915254237288},{"path":"\/sites\/v\/visitvesteralen.com\/files\/2025\/10\/sc-nordlys.jpg?cropToFit=400x235&quality=75","width":400,"height":235,"aspectRatio":1.702127659574468},{"path":"\/sites\/v\/visitvesteralen.com\/files\/2025\/10\/sc-nordlys.jpg?cropToFit=600x353&quality=75","width":600,"height":353,"aspectRatio":1.6997167138810199},{"path":"\/sites\/v\/visitvesteralen.com\/files\/2025\/10\/sc-nordlys.jpg?cropToFit=800x471&quality=75","width":800,"height":471,"aspectRatio":1.6985138004246285},{"path":"\/sites\/v\/visitvesteralen.com\/files\/2025\/10\/sc-nordlys.jpg?cropToFit=1000x588&quality=75","width":1000,"height":588,"aspectRatio":1.7006802721088434},{"path":"\/sites\/v\/visitvesteralen.com\/files\/2025\/10\/sc-nordlys.jpg?cropToFit=1200x706&quality=75","width":1200,"height":706,"aspectRatio":1.6997167138810199}],"image":"\/sites\/v\/visitvesteralen.com\/files\/2025\/10\/sc-nordlys.jpg","aspect":1.694915254237288,"type":"image","description":"The Northern Lights above Sortland Camping and Motell"},"additionalData":[]},{"classes":["outercol"],"isFavourite":false,"isExternalUrl":{"articleLink":false},"articleListButtonsData":{"buttonsList":[{"label":"Read more","url":"\/en\/camping\/andenes-camping","type":"readmore"}],"mode":"default"},"favouriteType":null,"mnu":null,"section":null,"displayId":true,"docId":328,"identifier":"328Article","docType":"Article","customDate":false,"teaserData":{"teaserText":"Camping","mode":"default"},"content":{"teaser":"Camping","intro":"Andenes camping is located near town center on a fantastic spot by the sea and with a view of spectacular mountain peak formations. Enjoy the peaceful atmosphere."},"titles":{"main":"Andenes Camping","readMoreButton":"Read more"},"urls":{"readMore":"\/en\/camping\/andenes-camping","booking":null},"created":{"date":"28\/02\/2017","time":"02:06","timestamp":1488243960},"introAllowHtml":false,"hasTicket":false,"extra":{"cbis-sync-id":"cbis:859460","cbis-activity-product-id":"","cbis-show-in-slideshow":null},"hasReadMore":true,"media":{"imageData":{"path":"\/sites\/v\/visitvesteralen.com\/files\/andenes_camping.jpg","width":2500,"height":1110,"aspectRatio":2.2522522522522523},"previewImageUrl":"\/sites\/v\/visitvesteralen.com\/files\/andenes_camping.jpg?cropToFit=100x59&quality=50","imageVariants":[{"path":"\/sites\/v\/visitvesteralen.com\/files\/andenes_camping.jpg?cropToFit=100x59&quality=75","width":100,"height":59,"aspectRatio":1.694915254237288},{"path":"\/sites\/v\/visitvesteralen.com\/files\/andenes_camping.jpg?cropToFit=200x118&quality=75","width":200,"height":118,"aspectRatio":1.694915254237288},{"path":"\/sites\/v\/visitvesteralen.com\/files\/andenes_camping.jpg?cropToFit=400x235&quality=75","width":400,"height":235,"aspectRatio":1.702127659574468},{"path":"\/sites\/v\/visitvesteralen.com\/files\/andenes_camping.jpg?cropToFit=600x353&quality=75","width":600,"height":353,"aspectRatio":1.6997167138810199},{"path":"\/sites\/v\/visitvesteralen.com\/files\/andenes_camping.jpg?cropToFit=800x471&quality=75","width":800,"height":471,"aspectRatio":1.6985138004246285},{"path":"\/sites\/v\/visitvesteralen.com\/files\/andenes_camping.jpg?cropToFit=1000x588&quality=75","width":1000,"height":588,"aspectRatio":1.7006802721088434},{"path":"\/sites\/v\/visitvesteralen.com\/files\/andenes_camping.jpg?cropToFit=1200x706&quality=75","width":1200,"height":706,"aspectRatio":1.6997167138810199}],"image":"\/sites\/v\/visitvesteralen.com\/files\/andenes_camping.jpg","aspect":1.694915254237288,"type":"image","description":"Service building and mobile homes on a field with mountains in the background."},"additionalData":[]},{"classes":["outercol"],"isFavourite":false,"isExternalUrl":{"articleLink":false},"articleListButtonsData":{"buttonsList":[{"label":"Read more","url":"\/en\/camping\/toftenes-sjohus-camping","type":"readmore"}],"mode":"default"},"favouriteType":null,"mnu":null,"section":null,"displayId":true,"docId":256,"identifier":"256Article","docType":"Article","customDate":false,"teaserData":{"teaserText":"Camping","mode":"default"},"content":{"teaser":"Camping","intro":"As a starting point for trips in the district, fishing in the sea and lakes, hunting and hiking both in summer and winter, the place is ideal.  Rooms and camping. "},"titles":{"main":"Toftenes Sj\u00f8huscamping","readMoreButton":"Read more"},"urls":{"readMore":"\/en\/camping\/toftenes-sjohus-camping","booking":null},"created":{"date":"27\/02\/2017","time":"15:52","timestamp":1488207120},"introAllowHtml":false,"hasTicket":false,"extra":{"cbis-sync-id":"cbis:718262","cbis-activity-product-id":"","cbis-show-in-slideshow":null},"hasReadMore":true,"media":{"imageData":{"path":"\/sites\/v\/visitvesteralen.com\/files\/cbis\/8df0457aab5dedd8b848b6dd6ab28f64.jpg","width":800,"height":533,"aspectRatio":1.5009380863039399},"previewImageUrl":"\/sites\/v\/visitvesteralen.com\/files\/cbis\/8df0457aab5dedd8b848b6dd6ab28f64.jpg?cropToFit=100x59&quality=50","imageVariants":[{"path":"\/sites\/v\/visitvesteralen.com\/files\/cbis\/8df0457aab5dedd8b848b6dd6ab28f64.jpg?cropToFit=100x59&quality=75","width":100,"height":59,"aspectRatio":1.694915254237288},{"path":"\/sites\/v\/visitvesteralen.com\/files\/cbis\/8df0457aab5dedd8b848b6dd6ab28f64.jpg?cropToFit=200x118&quality=75","width":200,"height":118,"aspectRatio":1.694915254237288},{"path":"\/sites\/v\/visitvesteralen.com\/files\/cbis\/8df0457aab5dedd8b848b6dd6ab28f64.jpg?cropToFit=400x235&quality=75","width":400,"height":235,"aspectRatio":1.702127659574468},{"path":"\/sites\/v\/visitvesteralen.com\/files\/cbis\/8df0457aab5dedd8b848b6dd6ab28f64.jpg?cropToFit=600x353&quality=75","width":600,"height":353,"aspectRatio":1.6997167138810199},{"path":"\/sites\/v\/visitvesteralen.com\/files\/cbis\/8df0457aab5dedd8b848b6dd6ab28f64.jpg?cropToFit=800x471&quality=75","width":800,"height":471,"aspectRatio":1.6985138004246285},{"path":"\/sites\/v\/visitvesteralen.com\/files\/cbis\/8df0457aab5dedd8b848b6dd6ab28f64.jpg?cropToFit=1000x588&quality=75","width":800,"height":470,"aspectRatio":1.702127659574468},{"path":"\/sites\/v\/visitvesteralen.com\/files\/cbis\/8df0457aab5dedd8b848b6dd6ab28f64.jpg?cropToFit=1200x706&quality=75","width":800,"height":471,"aspectRatio":1.6985138004246285}],"image":"\/sites\/v\/visitvesteralen.com\/files\/cbis\/8df0457aab5dedd8b848b6dd6ab28f64.jpg","aspect":1.694915254237288,"type":"image","description":null},"additionalData":[]},{"classes":["outercol"],"isFavourite":false,"isExternalUrl":{"articleLink":false},"articleListButtonsData":{"buttonsList":[{"label":"Read more","url":"\/en\/camping\/stave-camping-cabins","type":"readmore"}],"mode":"default"},"favouriteType":null,"mnu":null,"section":null,"displayId":true,"docId":230,"identifier":"230Article","docType":"Article","customDate":false,"teaserData":{"teaserText":"Camping and cabins","mode":"default"},"content":{"teaser":"Camping and cabins","intro":"Camping, cabins, budget apartments overlooking the ocean on the west coast of And\u00f8ya, just 20 minutes from the Whale Safari, and 10 minutes from the Puffin Safari."},"titles":{"main":"Stave Camping - Beach Camping & Cabins ","readMoreButton":"Read more"},"urls":{"readMore":"\/en\/camping\/stave-camping-cabins","booking":null},"created":{"date":"24\/02\/2017","time":"14:06","timestamp":1487941560},"introAllowHtml":false,"hasTicket":false,"extra":{"cbis-activity-product-id":"","cbis-sync-id":"cbis:690306","cbis-show-in-slideshow":null},"hasReadMore":true,"media":{"imageData":{"path":"\/sites\/v\/visitvesteralen.com\/files\/stavecampingoversiktsbildetoppbilde.jpg","width":2200,"height":1235,"aspectRatio":1.7813765182186234},"previewImageUrl":"\/sites\/v\/visitvesteralen.com\/files\/stavecampingoversiktsbildetoppbilde.jpg?cropToFit=100x59&quality=50","imageVariants":[{"path":"\/sites\/v\/visitvesteralen.com\/files\/stavecampingoversiktsbildetoppbilde.jpg?cropToFit=100x59&quality=75","width":100,"height":59,"aspectRatio":1.694915254237288},{"path":"\/sites\/v\/visitvesteralen.com\/files\/stavecampingoversiktsbildetoppbilde.jpg?cropToFit=200x118&quality=75","width":200,"height":118,"aspectRatio":1.694915254237288},{"path":"\/sites\/v\/visitvesteralen.com\/files\/stavecampingoversiktsbildetoppbilde.jpg?cropToFit=400x235&quality=75","width":400,"height":235,"aspectRatio":1.702127659574468},{"path":"\/sites\/v\/visitvesteralen.com\/files\/stavecampingoversiktsbildetoppbilde.jpg?cropToFit=600x353&quality=75","width":600,"height":353,"aspectRatio":1.6997167138810199},{"path":"\/sites\/v\/visitvesteralen.com\/files\/stavecampingoversiktsbildetoppbilde.jpg?cropToFit=800x471&quality=75","width":800,"height":471,"aspectRatio":1.6985138004246285},{"path":"\/sites\/v\/visitvesteralen.com\/files\/stavecampingoversiktsbildetoppbilde.jpg?cropToFit=1000x588&quality=75","width":1000,"height":588,"aspectRatio":1.7006802721088434},{"path":"\/sites\/v\/visitvesteralen.com\/files\/stavecampingoversiktsbildetoppbilde.jpg?cropToFit=1200x706&quality=75","width":1200,"height":706,"aspectRatio":1.6997167138810199}],"image":"\/sites\/v\/visitvesteralen.com\/files\/stavecampingoversiktsbildetoppbilde.jpg","aspect":1.694915254237288,"type":"image","description":"Overview picture of Stave Camping from the air"},"additionalData":[]},{"classes":["outercol"],"isFavourite":false,"isExternalUrl":{"articleLink":false},"articleListButtonsData":{"buttonsList":[{"label":"Read more","url":"\/en\/camping\/stave-hot-pools","type":"readmore"}],"mode":"default"},"favouriteType":null,"mnu":null,"section":null,"displayId":true,"docId":244,"identifier":"244Article","docType":"Article","customDate":false,"teaserData":{"teaserText":"Hot pools & beach sauna","mode":"default"},"content":{"teaser":"Hot pools & beach sauna","intro":"Stave Hot Pools is surrounded by the wild and spectaular beauty of And\u00f8ya's west coast and offers visitors the unforgettable adventure of soaking in 38\u00b0 heated outdoor hot pools overlooking the ocean.\r\n"},"titles":{"main":"Stave Hot Pools","readMoreButton":"Read more"},"urls":{"readMore":"\/en\/camping\/stave-hot-pools","booking":null},"created":{"date":"24\/02\/2017","time":"15:06","timestamp":1487945160},"introAllowHtml":false,"hasTicket":false,"extra":{"cbis-activity-product-id":"","cbis-sync-id":"cbis:687398","cbis-show-in-slideshow":null},"hasReadMore":true,"media":{"imageData":{"path":"\/sites\/v\/visitvesteralen.com\/files\/img17.jpg","width":1500,"height":688,"aspectRatio":2.1802325581395348},"previewImageUrl":"\/sites\/v\/visitvesteralen.com\/files\/img17.jpg?cropToFit=100x59&quality=50","imageVariants":[{"path":"\/sites\/v\/visitvesteralen.com\/files\/img17.jpg?cropToFit=100x59&quality=75","width":100,"height":59,"aspectRatio":1.694915254237288},{"path":"\/sites\/v\/visitvesteralen.com\/files\/img17.jpg?cropToFit=200x118&quality=75","width":200,"height":118,"aspectRatio":1.694915254237288},{"path":"\/sites\/v\/visitvesteralen.com\/files\/img17.jpg?cropToFit=400x235&quality=75","width":400,"height":235,"aspectRatio":1.702127659574468},{"path":"\/sites\/v\/visitvesteralen.com\/files\/img17.jpg?cropToFit=600x353&quality=75","width":600,"height":353,"aspectRatio":1.6997167138810199},{"path":"\/sites\/v\/visitvesteralen.com\/files\/img17.jpg?cropToFit=800x471&quality=75","width":800,"height":471,"aspectRatio":1.6985138004246285},{"path":"\/sites\/v\/visitvesteralen.com\/files\/img17.jpg?cropToFit=1000x588&quality=75","width":1000,"height":588,"aspectRatio":1.7006802721088434},{"path":"\/sites\/v\/visitvesteralen.com\/files\/img17.jpg?cropToFit=1200x706&quality=75","width":1169,"height":688,"aspectRatio":1.6991279069767442}],"image":"\/sites\/v\/visitvesteralen.com\/files\/img17.jpg","aspect":1.694915254237288,"type":"image","description":null},"additionalData":[]},{"classes":["outercol"],"isFavourite":false,"isExternalUrl":{"articleLink":false},"articleListButtonsData":{"buttonsList":[{"label":"Read more","url":"\/en\/camping\/vesteralen-kysthotell-camping","type":"readmore"}],"mode":"default"},"favouriteType":null,"mnu":null,"section":null,"displayId":true,"docId":254,"identifier":"254Article","docType":"Article","customDate":false,"teaserData":{"teaserText":"Camping","mode":"default"},"content":{"teaser":"Camping","intro":""},"titles":{"main":"Camping - Vester\u00e5len Kysthotell","readMoreButton":"Read more"},"urls":{"readMore":"\/en\/camping\/vesteralen-kysthotell-camping","booking":null},"created":{"date":"24\/02\/2017","time":"16:06","timestamp":1487948760},"introAllowHtml":false,"hasTicket":false,"extra":{"cbis-activity-product-id":"","cbis-sync-id":"cbis:1355878","cbis-show-in-slideshow":null},"hasReadMore":true,"media":{"imageData":{"path":"\/sites\/v\/visitvesteralen.com\/files\/20130923hwk_8823.jpg","width":2080,"height":1378,"aspectRatio":1.509433962264151},"previewImageUrl":"\/sites\/v\/visitvesteralen.com\/files\/20130923hwk_8823.jpg?cropToFit=100x59&quality=50","imageVariants":[{"path":"\/sites\/v\/visitvesteralen.com\/files\/20130923hwk_8823.jpg?cropToFit=100x59&quality=75","width":100,"height":59,"aspectRatio":1.694915254237288},{"path":"\/sites\/v\/visitvesteralen.com\/files\/20130923hwk_8823.jpg?cropToFit=200x118&quality=75","width":200,"height":118,"aspectRatio":1.694915254237288},{"path":"\/sites\/v\/visitvesteralen.com\/files\/20130923hwk_8823.jpg?cropToFit=400x235&quality=75","width":400,"height":235,"aspectRatio":1.702127659574468},{"path":"\/sites\/v\/visitvesteralen.com\/files\/20130923hwk_8823.jpg?cropToFit=600x353&quality=75","width":600,"height":353,"aspectRatio":1.6997167138810199},{"path":"\/sites\/v\/visitvesteralen.com\/files\/20130923hwk_8823.jpg?cropToFit=800x471&quality=75","width":800,"height":471,"aspectRatio":1.6985138004246285},{"path":"\/sites\/v\/visitvesteralen.com\/files\/20130923hwk_8823.jpg?cropToFit=1000x588&quality=75","width":1000,"height":588,"aspectRatio":1.7006802721088434},{"path":"\/sites\/v\/visitvesteralen.com\/files\/20130923hwk_8823.jpg?cropToFit=1200x706&quality=75","width":1200,"height":706,"aspectRatio":1.6997167138810199}],"image":"\/sites\/v\/visitvesteralen.com\/files\/20130923hwk_8823.jpg","aspect":1.694915254237288,"type":"image","description":null},"additionalData":[]}],"pages":[1],"currentPage":1,"sections":[]}