{"articles":[{"classes":["outercol"],"isFavourite":false,"isExternalUrl":{"articleLink":false},"articleListButtonsData":{"buttonsList":[{"label":"Les mer","url":"\/bil\/trafikksikkerhet","type":"readmore"}],"mode":"default"},"favouriteType":null,"mnu":null,"section":null,"displayId":true,"docId":427,"identifier":"427Article","docType":"Article","customDate":false,"teaserData":{"teaserText":"Trafikksikkerhet","mode":"default"},"content":{"teaser":"Trafikksikkerhet","intro":"Det er vakkert i Vester\u00e5len, og i Nord-Norge for \u00f8vrig. S\u00e5 vakkert at du nesten kj\u00f8rer av veien. Men nettopp det syns vi du b\u00f8r unng\u00e5 \u00e5 gj\u00f8re, s\u00e5 her f\u00f8lger noen enkle r\u00e5d for \u00e5 nyte turen trygt langs de nordnorske veiene om sommeren. "},"titles":{"main":"Veivett i sommertrafikken","readMoreButton":"Les mer"},"urls":{"readMore":"\/bil\/trafikksikkerhet","booking":null},"created":{"date":"23.10.2017","time":"14:26","timestamp":1508761560},"introAllowHtml":false,"hasTicket":false,"extra":{"cbis-activity-product-id":"","cbis-show-in-slideshow":null},"hasReadMore":true,"media":{"imageData":{"path":"\/sites\/v\/visitvesteralen.com\/files\/boervagen_steinar_skaar_statens_vegvesen.jpg","width":1422,"height":945,"aspectRatio":1.5047619047619047},"previewImageUrl":"\/sites\/v\/visitvesteralen.com\/files\/boervagen_steinar_skaar_statens_vegvesen.jpg?cropToFit=100x59&quality=50","imageVariants":[{"path":"\/sites\/v\/visitvesteralen.com\/files\/boervagen_steinar_skaar_statens_vegvesen.jpg?cropToFit=100x59&quality=75","width":100,"height":59,"aspectRatio":1.694915254237288},{"path":"\/sites\/v\/visitvesteralen.com\/files\/boervagen_steinar_skaar_statens_vegvesen.jpg?cropToFit=200x118&quality=75","width":200,"height":118,"aspectRatio":1.694915254237288},{"path":"\/sites\/v\/visitvesteralen.com\/files\/boervagen_steinar_skaar_statens_vegvesen.jpg?cropToFit=400x235&quality=75","width":400,"height":235,"aspectRatio":1.702127659574468},{"path":"\/sites\/v\/visitvesteralen.com\/files\/boervagen_steinar_skaar_statens_vegvesen.jpg?cropToFit=600x353&quality=75","width":600,"height":353,"aspectRatio":1.6997167138810199},{"path":"\/sites\/v\/visitvesteralen.com\/files\/boervagen_steinar_skaar_statens_vegvesen.jpg?cropToFit=800x471&quality=75","width":800,"height":471,"aspectRatio":1.6985138004246285},{"path":"\/sites\/v\/visitvesteralen.com\/files\/boervagen_steinar_skaar_statens_vegvesen.jpg?cropToFit=1000x588&quality=75","width":1000,"height":588,"aspectRatio":1.7006802721088434},{"path":"\/sites\/v\/visitvesteralen.com\/files\/boervagen_steinar_skaar_statens_vegvesen.jpg?cropToFit=1200x706&quality=75","width":1200,"height":706,"aspectRatio":1.6997167138810199}],"image":"\/sites\/v\/visitvesteralen.com\/files\/boervagen_steinar_skaar_statens_vegvesen.jpg","aspect":1.694915254237288,"type":"image","description":"Boervagen"},"additionalData":[]},{"classes":["outercol"],"isFavourite":false,"isExternalUrl":{"articleLink":false},"articleListButtonsData":{"buttonsList":[{"label":"Les mer","url":"\/bil\/bil-leiebil-parkering","type":"readmore"}],"mode":"default"},"favouriteType":null,"mnu":null,"section":null,"displayId":true,"docId":45,"identifier":"45Article","docType":"Article","customDate":false,"teaserData":{"teaserText":"Bil, leiebil og parkering","mode":"default"},"content":{"teaser":"Bil, leiebil og parkering","intro":"\u00c5 reise med bil eller bobil i Vester\u00e5len er popu\u00e6rt blant mange. Med bil kan man kj\u00f8re langs majestetiske fjorder og  vakre fjell, bes\u00f8ke det historiske fiskev\u00e6ret Nyksund og oppleve Nasjonal Turistveg And\u00f8ya."},"titles":{"main":"Bil ","readMoreButton":"Les mer"},"urls":{"readMore":"\/bil\/bil-leiebil-parkering","booking":null},"created":{"date":"16.10.2014","time":"01:08","timestamp":1413414480},"introAllowHtml":false,"hasTicket":false,"extra":{"cbis-activity-product-id":"","cbis-show-in-slideshow":null},"hasReadMore":true,"media":{"imageData":{"path":"\/sites\/v\/visitvesteralen.com\/files\/99c9a9a507fe430fccefad946ba33efb.jpg","width":1200,"height":797,"aspectRatio":1.5056461731493098},"previewImageUrl":"\/sites\/v\/visitvesteralen.com\/files\/99c9a9a507fe430fccefad946ba33efb.jpg?cropToFit=100x59&quality=50","imageVariants":[{"path":"\/sites\/v\/visitvesteralen.com\/files\/99c9a9a507fe430fccefad946ba33efb.jpg?cropToFit=100x59&quality=75","width":100,"height":59,"aspectRatio":1.694915254237288},{"path":"\/sites\/v\/visitvesteralen.com\/files\/99c9a9a507fe430fccefad946ba33efb.jpg?cropToFit=200x118&quality=75","width":200,"height":118,"aspectRatio":1.694915254237288},{"path":"\/sites\/v\/visitvesteralen.com\/files\/99c9a9a507fe430fccefad946ba33efb.jpg?cropToFit=400x235&quality=75","width":400,"height":235,"aspectRatio":1.702127659574468},{"path":"\/sites\/v\/visitvesteralen.com\/files\/99c9a9a507fe430fccefad946ba33efb.jpg?cropToFit=600x353&quality=75","width":600,"height":353,"aspectRatio":1.6997167138810199},{"path":"\/sites\/v\/visitvesteralen.com\/files\/99c9a9a507fe430fccefad946ba33efb.jpg?cropToFit=800x471&quality=75","width":800,"height":471,"aspectRatio":1.6985138004246285},{"path":"\/sites\/v\/visitvesteralen.com\/files\/99c9a9a507fe430fccefad946ba33efb.jpg?cropToFit=1000x588&quality=75","width":1000,"height":588,"aspectRatio":1.7006802721088434},{"path":"\/sites\/v\/visitvesteralen.com\/files\/99c9a9a507fe430fccefad946ba33efb.jpg?cropToFit=1200x706&quality=75","width":1200,"height":706,"aspectRatio":1.6997167138810199}],"image":"\/sites\/v\/visitvesteralen.com\/files\/99c9a9a507fe430fccefad946ba33efb.jpg","aspect":1.694915254237288,"type":"image","description":"Trym Ivar Bergsmo"},"additionalData":[]}],"pages":[1],"currentPage":1,"sections":[]}